{"id":802,"date":"2020-12-21T07:38:58","date_gmt":"2020-12-21T07:38:58","guid":{"rendered":"https:\/\/projetoimpar.eu\/home\/"},"modified":"2026-01-22T10:45:32","modified_gmt":"2026-01-22T08:45:32","slug":"home","status":"publish","type":"page","link":"https:\/\/projetoimpar.eu\/en\/","title":{"rendered":"Home"},"content":{"rendered":"\t\t<div data-elementor-type=\"wp-page\" data-elementor-id=\"802\" class=\"elementor elementor-802\">\n\t\t\t\t\t\t<section class=\"elementor-section elementor-top-section elementor-element elementor-element-53328ed elementor-section-full_width elementor-section-height-default elementor-section-height-default wpr-particle-no wpr-jarallax-no wpr-parallax-no wpr-sticky-section-no wpr-equal-height-no\" data-id=\"53328ed\" data-element_type=\"section\" data-e-type=\"section\" data-settings=\"{&quot;background_background&quot;:&quot;classic&quot;}\">\n\t\t\t\t\t\t\t<div class=\"elementor-background-overlay\"><\/div>\n\t\t\t\t\t\t\t<div class=\"elementor-container elementor-column-gap-no\">\n\t\t\t\t\t<div class=\"elementor-column elementor-col-100 elementor-top-column elementor-element elementor-element-91f89e0\" data-id=\"91f89e0\" data-element_type=\"column\" data-e-type=\"column\" data-settings=\"{&quot;background_background&quot;:&quot;classic&quot;}\">\n\t\t\t<div class=\"elementor-widget-wrap elementor-element-populated\">\n\t\t\t\t\t<div class=\"elementor-background-overlay\"><\/div>\n\t\t\t\t\t\t<section class=\"elementor-section elementor-inner-section elementor-element elementor-element-e3115b3 elementor-section-boxed elementor-section-height-default elementor-section-height-default wpr-particle-no wpr-jarallax-no wpr-parallax-no wpr-sticky-section-no wpr-equal-height-no\" data-id=\"e3115b3\" data-element_type=\"section\" data-e-type=\"section\">\n\t\t\t\t\t\t<div class=\"elementor-container elementor-column-gap-default\">\n\t\t\t\t\t<div class=\"elementor-column elementor-col-33 elementor-inner-column elementor-element elementor-element-fa21df1\" data-id=\"fa21df1\" data-element_type=\"column\" data-e-type=\"column\">\n\t\t\t<div class=\"elementor-widget-wrap\">\n\t\t\t\t\t\t\t<\/div>\n\t\t<\/div>\n\t\t\t\t<div class=\"elementor-column elementor-col-33 elementor-inner-column elementor-element elementor-element-7844987\" data-id=\"7844987\" data-element_type=\"column\" data-e-type=\"column\">\n\t\t\t<div class=\"elementor-widget-wrap elementor-element-populated\">\n\t\t\t\t\t\t<div class=\"elementor-element elementor-element-52e99cc elementor-widget__width-initial elementor-widget elementor-widget-image\" data-id=\"52e99cc\" data-element_type=\"widget\" data-e-type=\"widget\" data-widget_type=\"image.default\">\n\t\t\t\t<div class=\"elementor-widget-container\">\n\t\t\t\t\t\t\t\t\t\t\t\t\t\t\t<img fetchpriority=\"high\" decoding=\"async\" width=\"710\" height=\"810\" src=\"https:\/\/projetoimpar.eu\/wp-content\/uploads\/2024\/05\/IMPAR_LOGO.svg\" class=\"attachment-full size-full wp-image-3094\" alt=\"O log\u00f3tipo da IMPAR \u00e9 inspirado no conceito de Ubuntu: \u00abUmuntu, nigumuntu, nagumuntu\u00bb: \u00abuma pessoa \u00e9 uma pessoa gra\u00e7as aos outros\u00bb. \u00c9 uma abstra\u00e7\u00e3o de tr\u00eas m\u00e1scaras femininas provenientes da \u00c1frica Subsaariana unidas em c\u00edrculo, cada uma delas abrindo um pouco mais os olhos: processo, sustentabilidade e interdepend\u00eancia.\" \/>\t\t\t\t\t\t\t\t\t\t\t\t\t\t\t<\/div>\n\t\t\t\t<\/div>\n\t\t\t\t\t<\/div>\n\t\t<\/div>\n\t\t\t\t<div class=\"elementor-column elementor-col-33 elementor-inner-column elementor-element elementor-element-c25239f\" data-id=\"c25239f\" data-element_type=\"column\" data-e-type=\"column\">\n\t\t\t<div class=\"elementor-widget-wrap\">\n\t\t\t\t\t\t\t<\/div>\n\t\t<\/div>\n\t\t\t\t\t<\/div>\n\t\t<\/section>\n\t\t\t\t<section class=\"elementor-section elementor-inner-section elementor-element elementor-element-7fbe2af elementor-section-boxed elementor-section-height-default elementor-section-height-default wpr-particle-no wpr-jarallax-no wpr-parallax-no wpr-sticky-section-no wpr-equal-height-no\" data-id=\"7fbe2af\" data-element_type=\"section\" data-e-type=\"section\">\n\t\t\t\t\t\t<div class=\"elementor-container elementor-column-gap-default\">\n\t\t\t\t\t<div class=\"elementor-column elementor-col-100 elementor-inner-column elementor-element elementor-element-4997ee0\" data-id=\"4997ee0\" data-element_type=\"column\" data-e-type=\"column\">\n\t\t\t<div class=\"elementor-widget-wrap elementor-element-populated\">\n\t\t\t\t\t\t<div class=\"elementor-element elementor-element-7b51569 elementor-widget__width-initial elementor-widget elementor-widget-heading\" data-id=\"7b51569\" data-element_type=\"widget\" data-e-type=\"widget\" data-widget_type=\"heading.default\">\n\t\t\t\t<div class=\"elementor-widget-container\">\n\t\t\t\t\t<h1 class=\"elementor-heading-title elementor-size-default\">Empoderar as Mulheres como Promotoras da Economia Social Subsaariana<\/h1>\t\t\t\t<\/div>\n\t\t\t\t<\/div>\n\t\t\t\t\t<\/div>\n\t\t<\/div>\n\t\t\t\t\t<\/div>\n\t\t<\/section>\n\t\t\t\t\t<\/div>\n\t\t<\/div>\n\t\t\t\t\t<\/div>\n\t\t<\/section>\n\t\t\t\t<section class=\"elementor-section elementor-top-section elementor-element elementor-element-85aecfa elementor-section-boxed elementor-section-height-default elementor-section-height-default wpr-particle-no wpr-jarallax-no wpr-parallax-no wpr-sticky-section-no wpr-equal-height-no\" data-id=\"85aecfa\" data-element_type=\"section\" data-e-type=\"section\" id=\"about\" data-settings=\"{&quot;background_background&quot;:&quot;classic&quot;}\">\n\t\t\t\t\t\t\t<div class=\"elementor-background-overlay\"><\/div>\n\t\t\t\t\t\t\t<div class=\"elementor-container elementor-column-gap-no\">\n\t\t\t\t\t<div class=\"elementor-column elementor-col-100 elementor-top-column elementor-element elementor-element-502cccf\" data-id=\"502cccf\" data-element_type=\"column\" data-e-type=\"column\" data-settings=\"{&quot;background_background&quot;:&quot;classic&quot;}\">\n\t\t\t<div class=\"elementor-widget-wrap elementor-element-populated\">\n\t\t\t\t\t<div class=\"elementor-background-overlay\"><\/div>\n\t\t\t\t\t\t<div class=\"elementor-element elementor-element-8ca423b elementor-widget elementor-widget-video\" data-id=\"8ca423b\" data-element_type=\"widget\" data-e-type=\"widget\" data-settings=\"{&quot;youtube_url&quot;:&quot;https:\\\/\\\/youtu.be\\\/Ep6KlhcS5-w&quot;,&quot;video_type&quot;:&quot;youtube&quot;,&quot;controls&quot;:&quot;yes&quot;}\" data-widget_type=\"video.default\">\n\t\t\t\t<div class=\"elementor-widget-container\">\n\t\t\t\t\t\t\t<div class=\"elementor-wrapper elementor-open-inline\">\n\t\t\t<div class=\"elementor-video\"><\/div>\t\t<\/div>\n\t\t\t\t\t\t<\/div>\n\t\t\t\t<\/div>\n\t\t\t\t<div class=\"elementor-element elementor-element-97486c8 elementor-widget elementor-widget-heading\" data-id=\"97486c8\" data-element_type=\"widget\" data-e-type=\"widget\" data-widget_type=\"heading.default\">\n\t\t\t\t<div class=\"elementor-widget-container\">\n\t\t\t\t\t<h2 class=\"elementor-heading-title elementor-size-default\">Contexto<\/h2>\t\t\t\t<\/div>\n\t\t\t\t<\/div>\n\t\t\t\t<section class=\"elementor-section elementor-inner-section elementor-element elementor-element-c6fa653 elementor-section-boxed elementor-section-height-default elementor-section-height-default wpr-particle-no wpr-jarallax-no wpr-parallax-no wpr-sticky-section-no wpr-equal-height-no\" data-id=\"c6fa653\" data-element_type=\"section\" data-e-type=\"section\" data-settings=\"{&quot;background_background&quot;:&quot;classic&quot;}\">\n\t\t\t\t\t\t<div class=\"elementor-container elementor-column-gap-no\">\n\t\t\t\t\t<div class=\"elementor-column elementor-col-66 elementor-inner-column elementor-element elementor-element-7348188\" data-id=\"7348188\" data-element_type=\"column\" data-e-type=\"column\" data-settings=\"{&quot;background_background&quot;:&quot;classic&quot;}\">\n\t\t\t<div class=\"elementor-widget-wrap elementor-element-populated\">\n\t\t\t\t\t<div class=\"elementor-background-overlay\"><\/div>\n\t\t\t\t\t\t<div class=\"elementor-element elementor-element-34d24b7 elementor-widget elementor-widget-text-editor\" data-id=\"34d24b7\" data-element_type=\"widget\" data-e-type=\"widget\" data-widget_type=\"text-editor.default\">\n\t\t\t\t<div class=\"elementor-widget-container\">\n\t\t\t\t\t\t\t\t\t<p><span data-contrast=\"auto\">Para muitas mulheres e jovens, o empreendedorismo \u00e9 a sa\u00edda. Efetivamente, quando confrontadas com maiores dificuldades de acesso ao mercado de trabalho e com poucas oportunidades profissionais, as mulheres e as jovens subsaarianas frequentemente escolhem tornar-se empreendedoras como forma de assegurar a sua subsist\u00eancia.<\/span><span data-ccp-props=\"{&quot;201341983&quot;:0,&quot;335559739&quot;:160,&quot;335559740&quot;:279}\">\u00a0<\/span><\/p>\t\t\t\t\t\t\t\t<\/div>\n\t\t\t\t<\/div>\n\t\t\t\t\t<\/div>\n\t\t<\/div>\n\t\t\t\t<div class=\"elementor-column elementor-col-33 elementor-inner-column elementor-element elementor-element-6f6a85b\" data-id=\"6f6a85b\" data-element_type=\"column\" data-e-type=\"column\" data-settings=\"{&quot;background_background&quot;:&quot;classic&quot;}\">\n\t\t\t<div class=\"elementor-widget-wrap elementor-element-populated\">\n\t\t\t\t\t\t<div class=\"elementor-element elementor-element-5dd1e2c elementor-widget elementor-widget-heading\" data-id=\"5dd1e2c\" data-element_type=\"widget\" data-e-type=\"widget\" data-widget_type=\"heading.default\">\n\t\t\t\t<div class=\"elementor-widget-container\">\n\t\t\t\t\t<h4 class=\"elementor-heading-title elementor-size-default\">Siga-nos<\/h4>\t\t\t\t<\/div>\n\t\t\t\t<\/div>\n\t\t\t\t<div class=\"elementor-element elementor-element-1327fef elementor-mobile-align-center elementor-icon-list--layout-traditional elementor-list-item-link-full_width elementor-widget elementor-widget-icon-list\" data-id=\"1327fef\" data-element_type=\"widget\" data-e-type=\"widget\" data-widget_type=\"icon-list.default\">\n\t\t\t\t<div class=\"elementor-widget-container\">\n\t\t\t\t\t\t\t<ul class=\"elementor-icon-list-items\">\n\t\t\t\t\t\t\t<li class=\"elementor-icon-list-item\">\n\t\t\t\t\t\t\t\t\t\t\t<a href=\"https:\/\/www.instagram.com\/impar.comunidade\/\" target=\"_blank\">\n\n\t\t\t\t\t\t\t\t\t\t\t\t<span class=\"elementor-icon-list-icon\">\n\t\t\t\t\t\t\t<svg aria-hidden=\"true\" class=\"e-font-icon-svg e-fab-instagram\" viewBox=\"0 0 448 512\" xmlns=\"http:\/\/www.w3.org\/2000\/svg\"><path d=\"M224.1 141c-63.6 0-114.9 51.3-114.9 114.9s51.3 114.9 114.9 114.9S339 319.5 339 255.9 287.7 141 224.1 141zm0 189.6c-41.1 0-74.7-33.5-74.7-74.7s33.5-74.7 74.7-74.7 74.7 33.5 74.7 74.7-33.6 74.7-74.7 74.7zm146.4-194.3c0 14.9-12 26.8-26.8 26.8-14.9 0-26.8-12-26.8-26.8s12-26.8 26.8-26.8 26.8 12 26.8 26.8zm76.1 27.2c-1.7-35.9-9.9-67.7-36.2-93.9-26.2-26.2-58-34.4-93.9-36.2-37-2.1-147.9-2.1-184.9 0-35.8 1.7-67.6 9.9-93.9 36.1s-34.4 58-36.2 93.9c-2.1 37-2.1 147.9 0 184.9 1.7 35.9 9.9 67.7 36.2 93.9s58 34.4 93.9 36.2c37 2.1 147.9 2.1 184.9 0 35.9-1.7 67.7-9.9 93.9-36.2 26.2-26.2 34.4-58 36.2-93.9 2.1-37 2.1-147.8 0-184.8zM398.8 388c-7.8 19.6-22.9 34.7-42.6 42.6-29.5 11.7-99.5 9-132.1 9s-102.7 2.6-132.1-9c-19.6-7.8-34.7-22.9-42.6-42.6-11.7-29.5-9-99.5-9-132.1s-2.6-102.7 9-132.1c7.8-19.6 22.9-34.7 42.6-42.6 29.5-11.7 99.5-9 132.1-9s102.7-2.6 132.1 9c19.6 7.8 34.7 22.9 42.6 42.6 11.7 29.5 9 99.5 9 132.1s2.7 102.7-9 132.1z\"><\/path><\/svg>\t\t\t\t\t\t<\/span>\n\t\t\t\t\t\t\t\t\t\t<span class=\"elementor-icon-list-text\">Instagram<\/span>\n\t\t\t\t\t\t\t\t\t\t\t<\/a>\n\t\t\t\t\t\t\t\t\t<\/li>\n\t\t\t\t\t\t\t\t<li class=\"elementor-icon-list-item\">\n\t\t\t\t\t\t\t\t\t\t\t<a href=\"https:\/\/www.facebook.com\/people\/Projeto-IMPAR\/61560407693153\/\" target=\"_blank\">\n\n\t\t\t\t\t\t\t\t\t\t\t\t<span class=\"elementor-icon-list-icon\">\n\t\t\t\t\t\t\t<svg aria-hidden=\"true\" class=\"e-font-icon-svg e-fab-facebook-square\" viewBox=\"0 0 448 512\" xmlns=\"http:\/\/www.w3.org\/2000\/svg\"><path d=\"M400 32H48A48 48 0 0 0 0 80v352a48 48 0 0 0 48 48h137.25V327.69h-63V256h63v-54.64c0-62.15 37-96.48 93.67-96.48 27.14 0 55.52 4.84 55.52 4.84v61h-31.27c-30.81 0-40.42 19.12-40.42 38.73V256h68.78l-11 71.69h-57.78V480H400a48 48 0 0 0 48-48V80a48 48 0 0 0-48-48z\"><\/path><\/svg>\t\t\t\t\t\t<\/span>\n\t\t\t\t\t\t\t\t\t\t<span class=\"elementor-icon-list-text\">Facebook<\/span>\n\t\t\t\t\t\t\t\t\t\t\t<\/a>\n\t\t\t\t\t\t\t\t\t<\/li>\n\t\t\t\t\t\t\t\t<li class=\"elementor-icon-list-item\">\n\t\t\t\t\t\t\t\t\t\t\t<a href=\"https:\/\/www.linkedin.com\/company\/103986425\/admin\/feed\/posts\/\" target=\"_blank\">\n\n\t\t\t\t\t\t\t\t\t\t\t\t<span class=\"elementor-icon-list-icon\">\n\t\t\t\t\t\t\t<svg aria-hidden=\"true\" class=\"e-font-icon-svg e-fab-linkedin\" viewBox=\"0 0 448 512\" xmlns=\"http:\/\/www.w3.org\/2000\/svg\"><path d=\"M416 32H31.9C14.3 32 0 46.5 0 64.3v383.4C0 465.5 14.3 480 31.9 480H416c17.6 0 32-14.5 32-32.3V64.3c0-17.8-14.4-32.3-32-32.3zM135.4 416H69V202.2h66.5V416zm-33.2-243c-21.3 0-38.5-17.3-38.5-38.5S80.9 96 102.2 96c21.2 0 38.5 17.3 38.5 38.5 0 21.3-17.2 38.5-38.5 38.5zm282.1 243h-66.4V312c0-24.8-.5-56.7-34.5-56.7-34.6 0-39.9 27-39.9 54.9V416h-66.4V202.2h63.7v29.2h.9c8.9-16.8 30.6-34.5 62.9-34.5 67.2 0 79.7 44.3 79.7 101.9V416z\"><\/path><\/svg>\t\t\t\t\t\t<\/span>\n\t\t\t\t\t\t\t\t\t\t<span class=\"elementor-icon-list-text\">Linkedin<\/span>\n\t\t\t\t\t\t\t\t\t\t\t<\/a>\n\t\t\t\t\t\t\t\t\t<\/li>\n\t\t\t\t\t\t<\/ul>\n\t\t\t\t\t\t<\/div>\n\t\t\t\t<\/div>\n\t\t\t\t\t<\/div>\n\t\t<\/div>\n\t\t\t\t\t<\/div>\n\t\t<\/section>\n\t\t\t\t<div class=\"elementor-element elementor-element-78238c2 elementor-widget elementor-widget-heading\" data-id=\"78238c2\" data-element_type=\"widget\" data-e-type=\"widget\" data-widget_type=\"heading.default\">\n\t\t\t\t<div class=\"elementor-widget-container\">\n\t\t\t\t\t<h2 class=\"elementor-heading-title elementor-size-default\">Objetivos<\/h2>\t\t\t\t<\/div>\n\t\t\t\t<\/div>\n\t\t\t\t<section class=\"elementor-section elementor-inner-section elementor-element elementor-element-bea5cee elementor-section-boxed elementor-section-height-default elementor-section-height-default wpr-particle-no wpr-jarallax-no wpr-parallax-no wpr-sticky-section-no wpr-equal-height-no\" data-id=\"bea5cee\" data-element_type=\"section\" data-e-type=\"section\" data-settings=\"{&quot;background_background&quot;:&quot;classic&quot;}\">\n\t\t\t\t\t\t<div class=\"elementor-container elementor-column-gap-no\">\n\t\t\t\t\t<div class=\"elementor-column elementor-col-100 elementor-inner-column elementor-element elementor-element-b117ec1\" data-id=\"b117ec1\" data-element_type=\"column\" data-e-type=\"column\" data-settings=\"{&quot;background_background&quot;:&quot;classic&quot;}\">\n\t\t\t<div class=\"elementor-widget-wrap elementor-element-populated\">\n\t\t\t\t\t<div class=\"elementor-background-overlay\"><\/div>\n\t\t\t\t\t\t<div class=\"elementor-element elementor-element-e63f9c6 elementor-widget elementor-widget-toggle\" data-id=\"e63f9c6\" data-element_type=\"widget\" data-e-type=\"widget\" data-widget_type=\"toggle.default\">\n\t\t\t\t<div class=\"elementor-widget-container\">\n\t\t\t\t\t\t\t<div class=\"elementor-toggle\">\n\t\t\t\t\t\t\t<div class=\"elementor-toggle-item\">\n\t\t\t\t\t<div id=\"elementor-tab-title-2411\" class=\"elementor-tab-title\" data-tab=\"1\" role=\"button\" aria-controls=\"elementor-tab-content-2411\" aria-expanded=\"false\">\n\t\t\t\t\t\t\t\t\t\t\t\t<span class=\"elementor-toggle-icon elementor-toggle-icon-right\" aria-hidden=\"true\">\n\t\t\t\t\t\t\t\t\t\t\t\t\t\t\t<span class=\"elementor-toggle-icon-closed\"><svg class=\"e-font-icon-svg e-fas-plus\" viewBox=\"0 0 448 512\" xmlns=\"http:\/\/www.w3.org\/2000\/svg\"><path d=\"M416 208H272V64c0-17.67-14.33-32-32-32h-32c-17.67 0-32 14.33-32 32v144H32c-17.67 0-32 14.33-32 32v32c0 17.67 14.33 32 32 32h144v144c0 17.67 14.33 32 32 32h32c17.67 0 32-14.33 32-32V304h144c17.67 0 32-14.33 32-32v-32c0-17.67-14.33-32-32-32z\"><\/path><\/svg><\/span>\n\t\t\t\t\t\t\t\t<span class=\"elementor-toggle-icon-opened\"><svg class=\"elementor-toggle-icon-opened e-font-icon-svg e-fas-chevron-up\" viewBox=\"0 0 448 512\" xmlns=\"http:\/\/www.w3.org\/2000\/svg\"><path d=\"M240.971 130.524l194.343 194.343c9.373 9.373 9.373 24.569 0 33.941l-22.667 22.667c-9.357 9.357-24.522 9.375-33.901.04L224 227.495 69.255 381.516c-9.379 9.335-24.544 9.317-33.901-.04l-22.667-22.667c-9.373-9.373-9.373-24.569 0-33.941L207.03 130.525c9.372-9.373 24.568-9.373 33.941-.001z\"><\/path><\/svg><\/span>\n\t\t\t\t\t\t\t\t\t\t\t\t\t<\/span>\n\t\t\t\t\t\t\t\t\t\t\t\t<a class=\"elementor-toggle-title\" tabindex=\"0\">1\/\/ Promover o Empreendedorismo Social nos Pa\u00edses de L\u00edngua Oficial Portuguesa na \u00c1frica Subsaariana:<\/a>\n\t\t\t\t\t<\/div>\n\n\t\t\t\t\t<div id=\"elementor-tab-content-2411\" class=\"elementor-tab-content elementor-clearfix\" data-tab=\"1\" role=\"region\" aria-labelledby=\"elementor-tab-title-2411\"><p><span data-contrast=\"none\">Este objetivo visa aumentar a import\u00e2ncia da educa\u00e7\u00e3o para o empreendedorismo social, alinhando-se com a Agenda 2030. Pretende-se impulsionar o crescimento econ\u00f4mico e o emprego digno, enquanto se respeita o meio ambiente e se promove o desenvolvimento sustent\u00e1vel.<\/span><span data-ccp-props=\"{&quot;201341983&quot;:0,&quot;335559739&quot;:160,&quot;335559740&quot;:279}\">\u00a0<\/span><\/p><\/div>\n\t\t\t\t<\/div>\n\t\t\t\t\t\t\t<div class=\"elementor-toggle-item\">\n\t\t\t\t\t<div id=\"elementor-tab-title-2412\" class=\"elementor-tab-title\" data-tab=\"2\" role=\"button\" aria-controls=\"elementor-tab-content-2412\" aria-expanded=\"false\">\n\t\t\t\t\t\t\t\t\t\t\t\t<span class=\"elementor-toggle-icon elementor-toggle-icon-right\" aria-hidden=\"true\">\n\t\t\t\t\t\t\t\t\t\t\t\t\t\t\t<span class=\"elementor-toggle-icon-closed\"><svg class=\"e-font-icon-svg e-fas-plus\" viewBox=\"0 0 448 512\" xmlns=\"http:\/\/www.w3.org\/2000\/svg\"><path d=\"M416 208H272V64c0-17.67-14.33-32-32-32h-32c-17.67 0-32 14.33-32 32v144H32c-17.67 0-32 14.33-32 32v32c0 17.67 14.33 32 32 32h144v144c0 17.67 14.33 32 32 32h32c17.67 0 32-14.33 32-32V304h144c17.67 0 32-14.33 32-32v-32c0-17.67-14.33-32-32-32z\"><\/path><\/svg><\/span>\n\t\t\t\t\t\t\t\t<span class=\"elementor-toggle-icon-opened\"><svg class=\"elementor-toggle-icon-opened e-font-icon-svg e-fas-chevron-up\" viewBox=\"0 0 448 512\" xmlns=\"http:\/\/www.w3.org\/2000\/svg\"><path d=\"M240.971 130.524l194.343 194.343c9.373 9.373 9.373 24.569 0 33.941l-22.667 22.667c-9.357 9.357-24.522 9.375-33.901.04L224 227.495 69.255 381.516c-9.379 9.335-24.544 9.317-33.901-.04l-22.667-22.667c-9.373-9.373-9.373-24.569 0-33.941L207.03 130.525c9.372-9.373 24.568-9.373 33.941-.001z\"><\/path><\/svg><\/span>\n\t\t\t\t\t\t\t\t\t\t\t\t\t<\/span>\n\t\t\t\t\t\t\t\t\t\t\t\t<a class=\"elementor-toggle-title\" tabindex=\"0\">2\/\/ Fortalecer o Papel das Universidades como Centros de Empreendedorismo Social Eco-Inclusivo:<\/a>\n\t\t\t\t\t<\/div>\n\n\t\t\t\t\t<div id=\"elementor-tab-content-2412\" class=\"elementor-tab-content elementor-clearfix\" data-tab=\"2\" role=\"region\" aria-labelledby=\"elementor-tab-title-2412\"><p><span data-contrast=\"none\">Este objetivo busca estabelecer as universidades como centros para o empreendedorismo social, especialmente para as mulheres, nos pa\u00edses subsaarianos de l\u00edngua oficial portuguesa. Isso ser\u00e1 facilitado pela cria\u00e7\u00e3o de um espa\u00e7o online para colabora\u00e7\u00e3o, interc\u00e2mbio de experi\u00eancias, debate de desafios e solu\u00e7\u00f5es relacionadas ao ecossistema de inova\u00e7\u00e3o social.<\/span><span data-ccp-props=\"{&quot;201341983&quot;:0,&quot;335559739&quot;:160,&quot;335559740&quot;:279}\">\u00a0<\/span><\/p><\/div>\n\t\t\t\t<\/div>\n\t\t\t\t\t\t\t<div class=\"elementor-toggle-item\">\n\t\t\t\t\t<div id=\"elementor-tab-title-2413\" class=\"elementor-tab-title\" data-tab=\"3\" role=\"button\" aria-controls=\"elementor-tab-content-2413\" aria-expanded=\"false\">\n\t\t\t\t\t\t\t\t\t\t\t\t<span class=\"elementor-toggle-icon elementor-toggle-icon-right\" aria-hidden=\"true\">\n\t\t\t\t\t\t\t\t\t\t\t\t\t\t\t<span class=\"elementor-toggle-icon-closed\"><svg class=\"e-font-icon-svg e-fas-plus\" viewBox=\"0 0 448 512\" xmlns=\"http:\/\/www.w3.org\/2000\/svg\"><path d=\"M416 208H272V64c0-17.67-14.33-32-32-32h-32c-17.67 0-32 14.33-32 32v144H32c-17.67 0-32 14.33-32 32v32c0 17.67 14.33 32 32 32h144v144c0 17.67 14.33 32 32 32h32c17.67 0 32-14.33 32-32V304h144c17.67 0 32-14.33 32-32v-32c0-17.67-14.33-32-32-32z\"><\/path><\/svg><\/span>\n\t\t\t\t\t\t\t\t<span class=\"elementor-toggle-icon-opened\"><svg class=\"elementor-toggle-icon-opened e-font-icon-svg e-fas-chevron-up\" viewBox=\"0 0 448 512\" xmlns=\"http:\/\/www.w3.org\/2000\/svg\"><path d=\"M240.971 130.524l194.343 194.343c9.373 9.373 9.373 24.569 0 33.941l-22.667 22.667c-9.357 9.357-24.522 9.375-33.901.04L224 227.495 69.255 381.516c-9.379 9.335-24.544 9.317-33.901-.04l-22.667-22.667c-9.373-9.373-9.373-24.569 0-33.941L207.03 130.525c9.372-9.373 24.568-9.373 33.941-.001z\"><\/path><\/svg><\/span>\n\t\t\t\t\t\t\t\t\t\t\t\t\t<\/span>\n\t\t\t\t\t\t\t\t\t\t\t\t<a class=\"elementor-toggle-title\" tabindex=\"0\">3\/\/ Capacitar Docentes Universit\u00e1rios para Apoiar Jovens Mulheres no Empreendedorismo Social:<\/a>\n\t\t\t\t\t<\/div>\n\n\t\t\t\t\t<div id=\"elementor-tab-content-2413\" class=\"elementor-tab-content elementor-clearfix\" data-tab=\"3\" role=\"region\" aria-labelledby=\"elementor-tab-title-2413\"><p><span data-contrast=\"none\">\u00a0Este objetivo concentra-se em capacitar os docentes universit\u00e1rios com estrat\u00e9gias inovadoras e atualiza\u00e7\u00e3o de conhecimentos para formar, aconselhar e apoiar jovens mulheres que desejam explorar oportunidades de empreendedorismo social eco-inclusivo.<\/span><span data-ccp-props=\"{&quot;201341983&quot;:0,&quot;335559739&quot;:160,&quot;335559740&quot;:279}\">\u00a0<\/span><\/p><\/div>\n\t\t\t\t<\/div>\n\t\t\t\t\t\t\t<div class=\"elementor-toggle-item\">\n\t\t\t\t\t<div id=\"elementor-tab-title-2414\" class=\"elementor-tab-title\" data-tab=\"4\" role=\"button\" aria-controls=\"elementor-tab-content-2414\" aria-expanded=\"false\">\n\t\t\t\t\t\t\t\t\t\t\t\t<span class=\"elementor-toggle-icon elementor-toggle-icon-right\" aria-hidden=\"true\">\n\t\t\t\t\t\t\t\t\t\t\t\t\t\t\t<span class=\"elementor-toggle-icon-closed\"><svg class=\"e-font-icon-svg e-fas-plus\" viewBox=\"0 0 448 512\" xmlns=\"http:\/\/www.w3.org\/2000\/svg\"><path d=\"M416 208H272V64c0-17.67-14.33-32-32-32h-32c-17.67 0-32 14.33-32 32v144H32c-17.67 0-32 14.33-32 32v32c0 17.67 14.33 32 32 32h144v144c0 17.67 14.33 32 32 32h32c17.67 0 32-14.33 32-32V304h144c17.67 0 32-14.33 32-32v-32c0-17.67-14.33-32-32-32z\"><\/path><\/svg><\/span>\n\t\t\t\t\t\t\t\t<span class=\"elementor-toggle-icon-opened\"><svg class=\"elementor-toggle-icon-opened e-font-icon-svg e-fas-chevron-up\" viewBox=\"0 0 448 512\" xmlns=\"http:\/\/www.w3.org\/2000\/svg\"><path d=\"M240.971 130.524l194.343 194.343c9.373 9.373 9.373 24.569 0 33.941l-22.667 22.667c-9.357 9.357-24.522 9.375-33.901.04L224 227.495 69.255 381.516c-9.379 9.335-24.544 9.317-33.901-.04l-22.667-22.667c-9.373-9.373-9.373-24.569 0-33.941L207.03 130.525c9.372-9.373 24.568-9.373 33.941-.001z\"><\/path><\/svg><\/span>\n\t\t\t\t\t\t\t\t\t\t\t\t\t<\/span>\n\t\t\t\t\t\t\t\t\t\t\t\t<a class=\"elementor-toggle-title\" tabindex=\"0\">4\/\/ Empoderar jovens mulheres nos pa\u00edses subsaarianos<\/a>\n\t\t\t\t\t<\/div>\n\n\t\t\t\t\t<div id=\"elementor-tab-content-2414\" class=\"elementor-tab-content elementor-clearfix\" data-tab=\"4\" role=\"region\" aria-labelledby=\"elementor-tab-title-2414\"><p>Empoderar jovens mulheres nos pa\u00edses subsaarianos<span data-contrast=\"none\"> de l\u00edngua oficial portuguesa, fornecendo-lhes um conjunto abrangente de compet\u00eancias interpessoais, de gest\u00e3o e de colabora\u00e7\u00e3o. Isso lhes permitir\u00e1 criar, gerir e expandir empresas sociais que promovam a sustentabilidade ambiental e o desenvolvimento inclusivo de suas comunidades<\/span><span data-ccp-props=\"{&quot;201341983&quot;:0,&quot;335559739&quot;:160,&quot;335559740&quot;:279}\">\u00a0<\/span><\/p><\/div>\n\t\t\t\t<\/div>\n\t\t\t\t\t\t\t\t<\/div>\n\t\t\t\t\t\t<\/div>\n\t\t\t\t<\/div>\n\t\t\t\t\t<\/div>\n\t\t<\/div>\n\t\t\t\t\t<\/div>\n\t\t<\/section>\n\t\t\t\t<section class=\"elementor-section elementor-inner-section elementor-element elementor-element-f29efa9 elementor-section-boxed elementor-section-height-default elementor-section-height-default wpr-particle-no wpr-jarallax-no wpr-parallax-no wpr-sticky-section-no wpr-equal-height-no\" data-id=\"f29efa9\" data-element_type=\"section\" data-e-type=\"section\" data-settings=\"{&quot;background_background&quot;:&quot;classic&quot;}\">\n\t\t\t\t\t\t<div class=\"elementor-container elementor-column-gap-no\">\n\t\t\t\t\t<div class=\"elementor-column elementor-col-100 elementor-inner-column elementor-element elementor-element-edf3028\" data-id=\"edf3028\" data-element_type=\"column\" data-e-type=\"column\" data-settings=\"{&quot;background_background&quot;:&quot;classic&quot;}\">\n\t\t\t<div class=\"elementor-widget-wrap elementor-element-populated\">\n\t\t\t\t\t<div class=\"elementor-background-overlay\"><\/div>\n\t\t\t\t\t\t<div class=\"elementor-element elementor-element-9692bc2 elementor-widget elementor-widget-heading\" data-id=\"9692bc2\" data-element_type=\"widget\" data-e-type=\"widget\" data-widget_type=\"heading.default\">\n\t\t\t\t<div class=\"elementor-widget-container\">\n\t\t\t\t\t<h2 class=\"elementor-heading-title elementor-size-default\">  Impacto esperado:  <\/h2>\t\t\t\t<\/div>\n\t\t\t\t<\/div>\n\t\t\t\t<div class=\"elementor-element elementor-element-135af43 elementor-tabs-view-vertical elementor-widget elementor-widget-tabs\" data-id=\"135af43\" data-element_type=\"widget\" data-e-type=\"widget\" data-widget_type=\"tabs.default\">\n\t\t\t\t<div class=\"elementor-widget-container\">\n\t\t\t\t\t\t\t<div class=\"elementor-tabs\">\n\t\t\t<div class=\"elementor-tabs-wrapper\" role=\"tablist\" >\n\t\t\t\t\t\t\t\t\t<div id=\"elementor-tab-title-2021\" class=\"elementor-tab-title elementor-tab-desktop-title\" aria-selected=\"true\" data-tab=\"1\" role=\"tab\" tabindex=\"0\" aria-controls=\"elementor-tab-content-2021\" aria-expanded=\"false\">Impacto Esperado do Objetivo 1<\/div>\n\t\t\t\t\t\t\t\t\t<div id=\"elementor-tab-title-2022\" class=\"elementor-tab-title elementor-tab-desktop-title\" aria-selected=\"false\" data-tab=\"2\" role=\"tab\" tabindex=\"-1\" aria-controls=\"elementor-tab-content-2022\" aria-expanded=\"false\">Impacto Esperado do Objetivo 2<\/div>\n\t\t\t\t\t\t\t\t\t<div id=\"elementor-tab-title-2023\" class=\"elementor-tab-title elementor-tab-desktop-title\" aria-selected=\"false\" data-tab=\"3\" role=\"tab\" tabindex=\"-1\" aria-controls=\"elementor-tab-content-2023\" aria-expanded=\"false\">Impacto Esperado do Objetivo 3<\/div>\n\t\t\t\t\t\t\t\t\t<div id=\"elementor-tab-title-2024\" class=\"elementor-tab-title elementor-tab-desktop-title\" aria-selected=\"false\" data-tab=\"4\" role=\"tab\" tabindex=\"-1\" aria-controls=\"elementor-tab-content-2024\" aria-expanded=\"false\">Impacto Esperado do Objetivo 4<\/div>\n\t\t\t\t\t\t\t<\/div>\n\t\t\t<div class=\"elementor-tabs-content-wrapper\" role=\"tablist\" aria-orientation=\"vertical\">\n\t\t\t\t\t\t\t\t\t<div class=\"elementor-tab-title elementor-tab-mobile-title\" aria-selected=\"true\" data-tab=\"1\" role=\"tab\" tabindex=\"0\" aria-controls=\"elementor-tab-content-2021\" aria-expanded=\"false\">Impacto Esperado do Objetivo 1<\/div>\n\t\t\t\t\t<div id=\"elementor-tab-content-2021\" class=\"elementor-tab-content elementor-clearfix\" data-tab=\"1\" role=\"tabpanel\" aria-labelledby=\"elementor-tab-title-2021\" tabindex=\"0\" hidden=\"false\"><ul><li data-leveltext=\"\uf0b7\" data-font=\"Symbol\" data-listid=\"6\" data-list-defn-props=\"{&quot;335552541&quot;:1,&quot;335559685&quot;:1440,&quot;335559991&quot;:360,&quot;469769226&quot;:&quot;Symbol&quot;,&quot;469769242&quot;:[8226],&quot;469777803&quot;:&quot;left&quot;,&quot;469777804&quot;:&quot;\uf0b7&quot;,&quot;469777815&quot;:&quot;hybridMultilevel&quot;}\" aria-setsize=\"-1\" data-aria-posinset=\"4\" data-aria-level=\"2\"><span data-contrast=\"auto\">Acesso a refer\u00eancias de promo\u00e7\u00e3o do empreendedorismo a n\u00edvel europeu e compet\u00eancias para o empreendedorismo social eco-inclusivo.<\/span><span data-ccp-props=\"{&quot;201341983&quot;:0,&quot;335559739&quot;:160,&quot;335559740&quot;:279}\">\u00a0<\/span><\/li><li data-leveltext=\"\uf0b7\" data-font=\"Symbol\" data-listid=\"6\" data-list-defn-props=\"{&quot;335552541&quot;:1,&quot;335559685&quot;:1440,&quot;335559991&quot;:360,&quot;469769226&quot;:&quot;Symbol&quot;,&quot;469769242&quot;:[8226],&quot;469777803&quot;:&quot;left&quot;,&quot;469777804&quot;:&quot;\uf0b7&quot;,&quot;469777815&quot;:&quot;hybridMultilevel&quot;}\" aria-setsize=\"-1\" data-aria-posinset=\"5\" data-aria-level=\"2\"><span data-contrast=\"auto\">Desenvolvimento de novas estrat\u00e9gias para promover o empreendedorismo social e feminino.<\/span><span data-ccp-props=\"{&quot;201341983&quot;:0,&quot;335559739&quot;:160,&quot;335559740&quot;:279}\">\u00a0<\/span><\/li><li data-leveltext=\"\uf0b7\" data-font=\"Symbol\" data-listid=\"6\" data-list-defn-props=\"{&quot;335552541&quot;:1,&quot;335559685&quot;:1440,&quot;335559991&quot;:360,&quot;469769226&quot;:&quot;Symbol&quot;,&quot;469769242&quot;:[8226],&quot;469777803&quot;:&quot;left&quot;,&quot;469777804&quot;:&quot;\uf0b7&quot;,&quot;469777815&quot;:&quot;hybridMultilevel&quot;}\" aria-setsize=\"-1\" data-aria-posinset=\"6\" data-aria-level=\"2\"><span data-contrast=\"auto\">Refor\u00e7o dos conhecimentos te\u00f3ricos e experi\u00eancia pr\u00e1tica para formar, aconselhar e apoiar jovens empreendedoras.<\/span><span data-ccp-props=\"{&quot;201341983&quot;:0,&quot;335559739&quot;:160,&quot;335559740&quot;:279}\">\u00a0<\/span><\/li><li data-leveltext=\"\uf0b7\" data-font=\"Symbol\" data-listid=\"6\" data-list-defn-props=\"{&quot;335552541&quot;:1,&quot;335559685&quot;:1440,&quot;335559991&quot;:360,&quot;469769226&quot;:&quot;Symbol&quot;,&quot;469769242&quot;:[8226],&quot;469777803&quot;:&quot;left&quot;,&quot;469777804&quot;:&quot;\uf0b7&quot;,&quot;469777815&quot;:&quot;hybridMultilevel&quot;}\" aria-setsize=\"-1\" data-aria-posinset=\"7\" data-aria-level=\"2\"><span data-contrast=\"auto\">Valoriza\u00e7\u00e3o profissional e oportunidade de reconvers\u00e3o\/especializa\u00e7\u00e3o de professores, pesquisadores e t\u00e9cnicos.<\/span><span data-ccp-props=\"{&quot;201341983&quot;:0,&quot;335559739&quot;:160,&quot;335559740&quot;:279}\">\u00a0<\/span><\/li><li data-leveltext=\"\uf0b7\" data-font=\"Symbol\" data-listid=\"6\" data-list-defn-props=\"{&quot;335552541&quot;:1,&quot;335559685&quot;:1440,&quot;335559991&quot;:360,&quot;469769226&quot;:&quot;Symbol&quot;,&quot;469769242&quot;:[8226],&quot;469777803&quot;:&quot;left&quot;,&quot;469777804&quot;:&quot;\uf0b7&quot;,&quot;469777815&quot;:&quot;hybridMultilevel&quot;}\" aria-setsize=\"-1\" data-aria-posinset=\"8\" data-aria-level=\"2\"><span data-contrast=\"auto\">Melhoria das redes de contato e colabora\u00e7\u00e3o a n\u00edvel regional e internacional.<\/span><span data-ccp-props=\"{&quot;201341983&quot;:0,&quot;335559739&quot;:160,&quot;335559740&quot;:279}\">\u00a0<\/span><\/li><\/ul><\/div>\n\t\t\t\t\t\t\t\t\t<div class=\"elementor-tab-title elementor-tab-mobile-title\" aria-selected=\"false\" data-tab=\"2\" role=\"tab\" tabindex=\"-1\" aria-controls=\"elementor-tab-content-2022\" aria-expanded=\"false\">Impacto Esperado do Objetivo 2<\/div>\n\t\t\t\t\t<div id=\"elementor-tab-content-2022\" class=\"elementor-tab-content elementor-clearfix\" data-tab=\"2\" role=\"tabpanel\" aria-labelledby=\"elementor-tab-title-2022\" tabindex=\"0\" hidden=\"hidden\"><ul><li data-leveltext=\"\uf0b7\" data-font=\"Symbol\" data-listid=\"7\" data-list-defn-props=\"{&quot;335552541&quot;:1,&quot;335559685&quot;:1440,&quot;335559991&quot;:360,&quot;469769226&quot;:&quot;Symbol&quot;,&quot;469769242&quot;:[8226],&quot;469777803&quot;:&quot;left&quot;,&quot;469777804&quot;:&quot;\uf0b7&quot;,&quot;469777815&quot;:&quot;hybridMultilevel&quot;}\" aria-setsize=\"-1\" data-aria-posinset=\"1\" data-aria-level=\"2\"><span data-contrast=\"auto\">Oferta de novas oportunidades para o desenvolvimento e aplica\u00e7\u00e3o pr\u00e1tica das habilidades de empreendedorismo social.<\/span><span data-ccp-props=\"{&quot;201341983&quot;:0,&quot;335559739&quot;:160,&quot;335559740&quot;:279}\">\u00a0<\/span><\/li><li data-leveltext=\"\uf0b7\" data-font=\"Symbol\" data-listid=\"7\" data-list-defn-props=\"{&quot;335552541&quot;:1,&quot;335559685&quot;:1440,&quot;335559991&quot;:360,&quot;469769226&quot;:&quot;Symbol&quot;,&quot;469769242&quot;:[8226],&quot;469777803&quot;:&quot;left&quot;,&quot;469777804&quot;:&quot;\uf0b7&quot;,&quot;469777815&quot;:&quot;hybridMultilevel&quot;}\" aria-setsize=\"-1\" data-aria-posinset=\"2\" data-aria-level=\"2\"><span data-contrast=\"auto\">Intensifica\u00e7\u00e3o das a\u00e7\u00f5es para ajudar a moldar a vis\u00e3o empreendedora.<\/span><span data-ccp-props=\"{&quot;201341983&quot;:0,&quot;335559739&quot;:160,&quot;335559740&quot;:279}\">\u00a0<\/span><\/li><li data-leveltext=\"\uf0b7\" data-font=\"Symbol\" data-listid=\"7\" data-list-defn-props=\"{&quot;335552541&quot;:1,&quot;335559685&quot;:1440,&quot;335559991&quot;:360,&quot;469769226&quot;:&quot;Symbol&quot;,&quot;469769242&quot;:[8226],&quot;469777803&quot;:&quot;left&quot;,&quot;469777804&quot;:&quot;\uf0b7&quot;,&quot;469777815&quot;:&quot;hybridMultilevel&quot;}\" aria-setsize=\"-1\" data-aria-posinset=\"3\" data-aria-level=\"2\"><span data-contrast=\"auto\">Refor\u00e7o da transfer\u00eancia de pr\u00e1ticas, experi\u00eancias, conhecimento e processos de inova\u00e7\u00e3o em prol das comunidades locais.<\/span><span data-ccp-props=\"{&quot;201341983&quot;:0,&quot;335559739&quot;:160,&quot;335559740&quot;:279}\">\u00a0<\/span><\/li><li data-leveltext=\"\uf0b7\" data-font=\"Symbol\" data-listid=\"7\" data-list-defn-props=\"{&quot;335552541&quot;:1,&quot;335559685&quot;:1440,&quot;335559991&quot;:360,&quot;469769226&quot;:&quot;Symbol&quot;,&quot;469769242&quot;:[8226],&quot;469777803&quot;:&quot;left&quot;,&quot;469777804&quot;:&quot;\uf0b7&quot;,&quot;469777815&quot;:&quot;hybridMultilevel&quot;}\" aria-setsize=\"-1\" data-aria-posinset=\"4\" data-aria-level=\"2\"><span data-contrast=\"auto\">Consolida\u00e7\u00e3o das Universidades como centros promotores de empreendedorismo (social e feminino).<\/span><span data-ccp-props=\"{&quot;201341983&quot;:0,&quot;335559739&quot;:160,&quot;335559740&quot;:279}\">\u00a0<\/span><\/li><li data-leveltext=\"\uf0b7\" data-font=\"Symbol\" data-listid=\"7\" data-list-defn-props=\"{&quot;335552541&quot;:1,&quot;335559685&quot;:1440,&quot;335559991&quot;:360,&quot;469769226&quot;:&quot;Symbol&quot;,&quot;469769242&quot;:[8226],&quot;469777803&quot;:&quot;left&quot;,&quot;469777804&quot;:&quot;\uf0b7&quot;,&quot;469777815&quot;:&quot;hybridMultilevel&quot;}\" aria-setsize=\"-1\" data-aria-posinset=\"5\" data-aria-level=\"2\"><span data-contrast=\"auto\">Promo\u00e7\u00e3o do empreendedorismo social como carreira para estudantes e diplomadas.<\/span><span data-ccp-props=\"{&quot;201341983&quot;:0,&quot;335559739&quot;:160,&quot;335559740&quot;:279}\">\u00a0<\/span><\/li><li data-leveltext=\"\uf0b7\" data-font=\"Symbol\" data-listid=\"7\" data-list-defn-props=\"{&quot;335552541&quot;:1,&quot;335559685&quot;:1440,&quot;335559991&quot;:360,&quot;469769226&quot;:&quot;Symbol&quot;,&quot;469769242&quot;:[8226],&quot;469777803&quot;:&quot;left&quot;,&quot;469777804&quot;:&quot;\uf0b7&quot;,&quot;469777815&quot;:&quot;hybridMultilevel&quot;}\" aria-setsize=\"-1\" data-aria-posinset=\"6\" data-aria-level=\"2\"><span data-contrast=\"auto\">Aumento da colabora\u00e7\u00e3o com entidades do ecossistema da economia social e empreendedorismo.<\/span><span data-ccp-props=\"{&quot;201341983&quot;:0,&quot;335559739&quot;:160,&quot;335559740&quot;:279}\">\u00a0<\/span><\/li><li data-leveltext=\"\uf0b7\" data-font=\"Symbol\" data-listid=\"7\" data-list-defn-props=\"{&quot;335552541&quot;:1,&quot;335559685&quot;:1440,&quot;335559991&quot;:360,&quot;469769226&quot;:&quot;Symbol&quot;,&quot;469769242&quot;:[8226],&quot;469777803&quot;:&quot;left&quot;,&quot;469777804&quot;:&quot;\uf0b7&quot;,&quot;469777815&quot;:&quot;hybridMultilevel&quot;}\" aria-setsize=\"-1\" data-aria-posinset=\"7\" data-aria-level=\"2\"><span data-contrast=\"auto\">Refor\u00e7o da educa\u00e7\u00e3o para o empreendedorismo social e melhoria das condi\u00e7\u00f5es estruturais para o empreendedorismo social e feminino.<\/span><span data-ccp-props=\"{&quot;201341983&quot;:0,&quot;335559739&quot;:160,&quot;335559740&quot;:279}\">\u00a0<\/span><\/li><\/ul><\/div>\n\t\t\t\t\t\t\t\t\t<div class=\"elementor-tab-title elementor-tab-mobile-title\" aria-selected=\"false\" data-tab=\"3\" role=\"tab\" tabindex=\"-1\" aria-controls=\"elementor-tab-content-2023\" aria-expanded=\"false\">Impacto Esperado do Objetivo 3<\/div>\n\t\t\t\t\t<div id=\"elementor-tab-content-2023\" class=\"elementor-tab-content elementor-clearfix\" data-tab=\"3\" role=\"tabpanel\" aria-labelledby=\"elementor-tab-title-2023\" tabindex=\"0\" hidden=\"hidden\"><ul><li data-leveltext=\"\uf0b7\" data-font=\"Symbol\" data-listid=\"8\" data-list-defn-props=\"{&quot;335552541&quot;:1,&quot;335559685&quot;:1440,&quot;335559991&quot;:360,&quot;469769226&quot;:&quot;Symbol&quot;,&quot;469769242&quot;:[8226],&quot;469777803&quot;:&quot;left&quot;,&quot;469777804&quot;:&quot;\uf0b7&quot;,&quot;469777815&quot;:&quot;hybridMultilevel&quot;}\" aria-setsize=\"-1\" data-aria-posinset=\"8\" data-aria-level=\"2\"><span data-contrast=\"auto\">Acesso a refer\u00eancias de promo\u00e7\u00e3o do empreendedorismo a n\u00edvel europeu e compet\u00eancias para o empreendedorismo social eco-inclusivo.<\/span><span data-ccp-props=\"{&quot;201341983&quot;:0,&quot;335559739&quot;:160,&quot;335559740&quot;:279}\">\u00a0<\/span><\/li><li data-leveltext=\"\uf0b7\" data-font=\"Symbol\" data-listid=\"8\" data-list-defn-props=\"{&quot;335552541&quot;:1,&quot;335559685&quot;:1440,&quot;335559991&quot;:360,&quot;469769226&quot;:&quot;Symbol&quot;,&quot;469769242&quot;:[8226],&quot;469777803&quot;:&quot;left&quot;,&quot;469777804&quot;:&quot;\uf0b7&quot;,&quot;469777815&quot;:&quot;hybridMultilevel&quot;}\" aria-setsize=\"-1\" data-aria-posinset=\"9\" data-aria-level=\"2\"><span data-contrast=\"auto\">Desenvolvimento de novas estrat\u00e9gias para promover o empreendedorismo social e feminino.<\/span><span data-ccp-props=\"{&quot;201341983&quot;:0,&quot;335559739&quot;:160,&quot;335559740&quot;:279}\">\u00a0<\/span><\/li><li data-leveltext=\"\uf0b7\" data-font=\"Symbol\" data-listid=\"8\" data-list-defn-props=\"{&quot;335552541&quot;:1,&quot;335559685&quot;:1440,&quot;335559991&quot;:360,&quot;469769226&quot;:&quot;Symbol&quot;,&quot;469769242&quot;:[8226],&quot;469777803&quot;:&quot;left&quot;,&quot;469777804&quot;:&quot;\uf0b7&quot;,&quot;469777815&quot;:&quot;hybridMultilevel&quot;}\" aria-setsize=\"-1\" data-aria-posinset=\"10\" data-aria-level=\"2\"><span data-contrast=\"auto\">Refor\u00e7o dos conhecimentos te\u00f3ricos e experi\u00eancia pr\u00e1tica para formar, aconselhar e apoiar jovens empreendedoras.<\/span><span data-ccp-props=\"{&quot;201341983&quot;:0,&quot;335559739&quot;:160,&quot;335559740&quot;:279}\">\u00a0<\/span><\/li><li data-leveltext=\"\uf0b7\" data-font=\"Symbol\" data-listid=\"8\" data-list-defn-props=\"{&quot;335552541&quot;:1,&quot;335559685&quot;:1440,&quot;335559991&quot;:360,&quot;469769226&quot;:&quot;Symbol&quot;,&quot;469769242&quot;:[8226],&quot;469777803&quot;:&quot;left&quot;,&quot;469777804&quot;:&quot;\uf0b7&quot;,&quot;469777815&quot;:&quot;hybridMultilevel&quot;}\" aria-setsize=\"-1\" data-aria-posinset=\"11\" data-aria-level=\"2\"><span data-contrast=\"auto\">Atualiza\u00e7\u00e3o de conhecimentos relacionados com o empreendedorismo social e o ecossistema de inova\u00e7\u00e3o social.<\/span><span data-ccp-props=\"{&quot;201341983&quot;:0,&quot;335559739&quot;:160,&quot;335559740&quot;:279}\">\u00a0<\/span><\/li><li data-leveltext=\"\uf0b7\" data-font=\"Symbol\" data-listid=\"8\" data-list-defn-props=\"{&quot;335552541&quot;:1,&quot;335559685&quot;:1440,&quot;335559991&quot;:360,&quot;469769226&quot;:&quot;Symbol&quot;,&quot;469769242&quot;:[8226],&quot;469777803&quot;:&quot;left&quot;,&quot;469777804&quot;:&quot;\uf0b7&quot;,&quot;469777815&quot;:&quot;hybridMultilevel&quot;}\" aria-setsize=\"-1\" data-aria-posinset=\"12\" data-aria-level=\"2\"><span data-contrast=\"auto\">Valoriza\u00e7\u00e3o profissional e oportunidade de reconvers\u00e3o\/especializa\u00e7\u00e3o de professores, pesquisadores e t\u00e9cnicos.<\/span><span data-ccp-props=\"{&quot;201341983&quot;:0,&quot;335559739&quot;:160,&quot;335559740&quot;:279}\">\u00a0<\/span><\/li><li data-leveltext=\"\uf0b7\" data-font=\"Symbol\" data-listid=\"8\" data-list-defn-props=\"{&quot;335552541&quot;:1,&quot;335559685&quot;:1440,&quot;335559991&quot;:360,&quot;469769226&quot;:&quot;Symbol&quot;,&quot;469769242&quot;:[8226],&quot;469777803&quot;:&quot;left&quot;,&quot;469777804&quot;:&quot;\uf0b7&quot;,&quot;469777815&quot;:&quot;hybridMultilevel&quot;}\" aria-setsize=\"-1\" data-aria-posinset=\"13\" data-aria-level=\"2\"><span data-contrast=\"auto\">Melhoria das redes de contato e colabora\u00e7\u00e3o a n\u00edvel regional e internacional.<\/span><span data-ccp-props=\"{&quot;201341983&quot;:0,&quot;335559739&quot;:160,&quot;335559740&quot;:279}\">\u00a0<\/span><\/li><\/ul><\/div>\n\t\t\t\t\t\t\t\t\t<div class=\"elementor-tab-title elementor-tab-mobile-title\" aria-selected=\"false\" data-tab=\"4\" role=\"tab\" tabindex=\"-1\" aria-controls=\"elementor-tab-content-2024\" aria-expanded=\"false\">Impacto Esperado do Objetivo 4<\/div>\n\t\t\t\t\t<div id=\"elementor-tab-content-2024\" class=\"elementor-tab-content elementor-clearfix\" data-tab=\"4\" role=\"tabpanel\" aria-labelledby=\"elementor-tab-title-2024\" tabindex=\"0\" hidden=\"hidden\"><ul><li data-leveltext=\"\uf0b7\" data-font=\"Symbol\" data-listid=\"8\" data-list-defn-props=\"{&quot;335552541&quot;:1,&quot;335559685&quot;:1440,&quot;335559991&quot;:360,&quot;469769226&quot;:&quot;Symbol&quot;,&quot;469769242&quot;:[8226],&quot;469777803&quot;:&quot;left&quot;,&quot;469777804&quot;:&quot;\uf0b7&quot;,&quot;469777815&quot;:&quot;hybridMultilevel&quot;}\" aria-setsize=\"-1\" data-aria-posinset=\"14\" data-aria-level=\"2\"><span data-contrast=\"auto\">Fomento da mentalidade e inten\u00e7\u00e3o empreendedoras.<\/span><span data-ccp-props=\"{&quot;201341983&quot;:0,&quot;335559739&quot;:160,&quot;335559740&quot;:279}\">\u00a0<\/span><\/li><li data-leveltext=\"\uf0b7\" data-font=\"Symbol\" data-listid=\"8\" data-list-defn-props=\"{&quot;335552541&quot;:1,&quot;335559685&quot;:1440,&quot;335559991&quot;:360,&quot;469769226&quot;:&quot;Symbol&quot;,&quot;469769242&quot;:[8226],&quot;469777803&quot;:&quot;left&quot;,&quot;469777804&quot;:&quot;\uf0b7&quot;,&quot;469777815&quot;:&quot;hybridMultilevel&quot;}\" aria-setsize=\"-1\" data-aria-posinset=\"15\" data-aria-level=\"2\"><span data-contrast=\"auto\">Aumento da capacidade para identificar oportunidades de empreendedorismo social.<\/span><span data-ccp-props=\"{&quot;201341983&quot;:0,&quot;335559739&quot;:160,&quot;335559740&quot;:279}\">\u00a0<\/span><\/li><li data-leveltext=\"\uf0b7\" data-font=\"Symbol\" data-listid=\"8\" data-list-defn-props=\"{&quot;335552541&quot;:1,&quot;335559685&quot;:1440,&quot;335559991&quot;:360,&quot;469769226&quot;:&quot;Symbol&quot;,&quot;469769242&quot;:[8226],&quot;469777803&quot;:&quot;left&quot;,&quot;469777804&quot;:&quot;\uf0b7&quot;,&quot;469777815&quot;:&quot;hybridMultilevel&quot;}\" aria-setsize=\"-1\" data-aria-posinset=\"16\" data-aria-level=\"2\"><span data-contrast=\"auto\">Refor\u00e7o de habilidades como autoconfian\u00e7a, iniciativa, resolu\u00e7\u00e3o de problemas, motiva\u00e7\u00e3o e trabalho colaborativo.<\/span><\/li><li data-leveltext=\"\uf0b7\" data-font=\"Symbol\" data-listid=\"8\" data-list-defn-props=\"{&quot;335552541&quot;:1,&quot;335559685&quot;:1440,&quot;335559991&quot;:360,&quot;469769226&quot;:&quot;Symbol&quot;,&quot;469769242&quot;:[8226],&quot;469777803&quot;:&quot;left&quot;,&quot;469777804&quot;:&quot;\uf0b7&quot;,&quot;469777815&quot;:&quot;hybridMultilevel&quot;}\" aria-setsize=\"-1\" data-aria-posinset=\"16\" data-aria-level=\"2\"><span data-contrast=\"auto\">Desenvolvimento da criatividade, inova\u00e7\u00e3o, esp\u00edrito cr\u00edtico, autorregula\u00e7\u00e3o, adaptabilidade e flexibilidade.<\/span><span data-ccp-props=\"{&quot;201341983&quot;:0,&quot;335559739&quot;:160,&quot;335559740&quot;:279}\">\u00a0<\/span><\/li><\/ul><ul><li data-leveltext=\"\uf0b7\" data-font=\"Symbol\" data-listid=\"8\" data-list-defn-props=\"{&quot;335552541&quot;:1,&quot;335559685&quot;:1440,&quot;335559991&quot;:360,&quot;469769226&quot;:&quot;Symbol&quot;,&quot;469769242&quot;:[8226],&quot;469777803&quot;:&quot;left&quot;,&quot;469777804&quot;:&quot;\uf0b7&quot;,&quot;469777815&quot;:&quot;hybridMultilevel&quot;}\" aria-setsize=\"-1\" data-aria-posinset=\"2\" data-aria-level=\"2\"><span data-contrast=\"auto\">Aprofundamento da capacidade para mobilizar recursos, lidar com riscos, planejar e gerir projetos.<\/span><span data-ccp-props=\"{&quot;201341983&quot;:0,&quot;335559739&quot;:160,&quot;335559740&quot;:279}\">\u00a0<\/span><\/li><li data-leveltext=\"\uf0b7\" data-font=\"Symbol\" data-listid=\"8\" data-list-defn-props=\"{&quot;335552541&quot;:1,&quot;335559685&quot;:1440,&quot;335559991&quot;:360,&quot;469769226&quot;:&quot;Symbol&quot;,&quot;469769242&quot;:[8226],&quot;469777803&quot;:&quot;left&quot;,&quot;469777804&quot;:&quot;\uf0b7&quot;,&quot;469777815&quot;:&quot;hybridMultilevel&quot;}\" aria-setsize=\"-1\" data-aria-posinset=\"3\" data-aria-level=\"2\"><span data-contrast=\"auto\">Melhoria das compet\u00eancias de literacia digital, colabora\u00e7\u00e3o digital e etiqueta na internet.<\/span><span data-ccp-props=\"{&quot;201341983&quot;:0,&quot;335559739&quot;:160,&quot;335559740&quot;:279}\">\u00a0<\/span><\/li><li data-leveltext=\"\uf0b7\" data-font=\"Symbol\" data-listid=\"8\" data-list-defn-props=\"{&quot;335552541&quot;:1,&quot;335559685&quot;:1440,&quot;335559991&quot;:360,&quot;469769226&quot;:&quot;Symbol&quot;,&quot;469769242&quot;:[8226],&quot;469777803&quot;:&quot;left&quot;,&quot;469777804&quot;:&quot;\uf0b7&quot;,&quot;469777815&quot;:&quot;hybridMultilevel&quot;}\" aria-setsize=\"-1\" data-aria-posinset=\"4\" data-aria-level=\"2\"><span data-contrast=\"auto\">Aquisi\u00e7\u00e3o de novos conhecimentos e capacidade para decidir e agir de maneira respons\u00e1vel e com integridade ambiental.<\/span><span data-ccp-props=\"{&quot;201341983&quot;:0,&quot;335559739&quot;:160,&quot;335559740&quot;:279}\">\u00a0<\/span><\/li><li data-leveltext=\"\uf0b7\" data-font=\"Symbol\" data-listid=\"8\" data-list-defn-props=\"{&quot;335552541&quot;:1,&quot;335559685&quot;:1440,&quot;335559991&quot;:360,&quot;469769226&quot;:&quot;Symbol&quot;,&quot;469769242&quot;:[8226],&quot;469777803&quot;:&quot;left&quot;,&quot;469777804&quot;:&quot;\uf0b7&quot;,&quot;469777815&quot;:&quot;hybridMultilevel&quot;}\" aria-setsize=\"-1\" data-aria-posinset=\"5\" data-aria-level=\"2\"><span data-contrast=\"auto\">Aumento da capacidade para identificar, avaliar e explorar oportunidades de cria\u00e7\u00e3o de valor social.<\/span><span data-ccp-props=\"{&quot;201341983&quot;:0,&quot;335559739&quot;:160,&quot;335559740&quot;:279}\">\u00a0<\/span><\/li><li data-leveltext=\"\uf0b7\" data-font=\"Symbol\" data-listid=\"8\" data-list-defn-props=\"{&quot;335552541&quot;:1,&quot;335559685&quot;:1440,&quot;335559991&quot;:360,&quot;469769226&quot;:&quot;Symbol&quot;,&quot;469769242&quot;:[8226],&quot;469777803&quot;:&quot;left&quot;,&quot;469777804&quot;:&quot;\uf0b7&quot;,&quot;469777815&quot;:&quot;hybridMultilevel&quot;}\" aria-setsize=\"-1\" data-aria-posinset=\"6\" data-aria-level=\"2\"><span data-contrast=\"auto\">Refor\u00e7o da literacia econ\u00f4mica e financeira e das habilidades para selecionar modelos de neg\u00f3cio sustent\u00e1veis.<\/span><span data-ccp-props=\"{&quot;201341983&quot;:0,&quot;335559739&quot;:160,&quot;335559740&quot;:279}\">\u00a0<\/span><\/li><\/ul><\/div>\n\t\t\t\t\t\t\t<\/div>\n\t\t<\/div>\n\t\t\t\t\t\t<\/div>\n\t\t\t\t<\/div>\n\t\t\t\t\t<\/div>\n\t\t<\/div>\n\t\t\t\t\t<\/div>\n\t\t<\/section>\n\t\t\t\t\t<\/div>\n\t\t<\/div>\n\t\t\t\t\t<\/div>\n\t\t<\/section>\n\t\t\t\t<section class=\"elementor-section elementor-top-section elementor-element elementor-element-3d8c419d elementor-section-boxed elementor-section-height-default elementor-section-height-default wpr-particle-no wpr-jarallax-no wpr-parallax-no wpr-sticky-section-no wpr-equal-height-no\" data-id=\"3d8c419d\" data-element_type=\"section\" data-e-type=\"section\" id=\"news\" data-settings=\"{&quot;background_background&quot;:&quot;classic&quot;,&quot;shape_divider_top&quot;:&quot;zigzag&quot;}\">\n\t\t\t\t\t\t\t<div class=\"elementor-background-overlay\"><\/div>\n\t\t\t\t\t\t<div class=\"elementor-shape elementor-shape-top\" aria-hidden=\"true\" data-negative=\"false\">\n\t\t\t<svg xmlns=\"http:\/\/www.w3.org\/2000\/svg\" viewBox=\"0 0 1800 5.8\" preserveAspectRatio=\"none\">\n  <path class=\"elementor-shape-fill\" d=\"M5.4.4l5.4 5.3L16.5.4l5.4 5.3L27.5.4 33 5.7 38.6.4l5.5 5.4h.1L49.9.4l5.4 5.3L60.9.4l5.5 5.3L72 .4l5.5 5.3L83.1.4l5.4 5.3L94.1.4l5.5 5.4h.2l5.6-5.4 5.5 5.3 5.6-5.3 5.4 5.3 5.6-5.3 5.5 5.3 5.6-5.3 5.5 5.4h.2l5.6-5.4 5.4 5.3L161 .4l5.4 5.3L172 .4l5.5 5.3 5.6-5.3 5.4 5.3 5.7-5.3 5.4 5.4h.2l5.6-5.4 5.5 5.3 5.6-5.3 5.5 5.3 5.6-5.3 5.4 5.3 5.6-5.3 5.5 5.4h.2l5.6-5.4 5.5 5.3L261 .4l5.4 5.3L272 .4l5.5 5.3 5.6-5.3 5.5 5.3 5.6-5.3 5.5 5.4h.1l5.7-5.4 5.4 5.3 5.6-5.3 5.5 5.3 5.6-5.3 5.4 5.3 5.7-5.3 5.4 5.4h.2l5.6-5.4 5.5 5.3L361 .4l5.5 5.3 5.6-5.3 5.4 5.3 5.6-5.3 5.5 5.3 5.6-5.3 5.5 5.4h.1l5.7-5.4 5.4 5.3 5.6-5.3 5.5 5.3 5.6-5.3 5.5 5.3 5.6-5.3 5.5 5.4h.1l5.6-5.4 5.5 5.3L461 .4l5.5 5.3 5.6-5.3 5.4 5.3 5.7-5.3 5.4 5.3 5.6-5.3 5.5 5.4h.2l5.6-5.4 5.5 5.3 5.6-5.3 5.4 5.3 5.6-5.3 5.5 5.3 5.6-5.3 5.5 5.4h.1L550 .4l5.4 5.3L561 .4l5.5 5.3 5.6-5.3 5.5 5.3 5.6-5.3 5.4 5.3 5.6-5.3 5.5 5.4h.2l5.6-5.4 5.5 5.3 5.6-5.3 5.4 5.3 5.7-5.3 5.4 5.3 5.6-5.3 5.5 5.4h.2L650 .4l5.5 5.3 5.6-5.3 5.4 5.3 5.6-5.3 5.5 5.3 5.6-5.3 5.5 5.3 5.6-5.3 5.4 5.4h.2l5.6-5.4 5.5 5.3 5.6-5.3 5.5 5.3 5.6-5.3 5.4 5.3 5.6-5.3 5.5 5.4h.2L750 .4l5.5 5.3 5.6-5.3 5.4 5.3 5.7-5.3 5.4 5.3 5.6-5.3 5.5 5.3 5.6-5.3 5.5 5.4h.1l5.7-5.4 5.4 5.3 5.6-5.3 5.5 5.3 5.6-5.3 5.5 5.3 5.6-5.3 5.4 5.4h.2L850 .4l5.5 5.3 5.6-5.3 5.5 5.3 5.6-5.3 5.4 5.3 5.6-5.3 5.5 5.3 5.6-5.3 5.5 5.4h.2l5.6-5.4 5.4 5.3 5.7-5.3 5.4 5.3 5.6-5.3 5.5 5.3 5.6-5.3 5.5 5.4h.1l5.7-5.4 5.4 5.3 5.6-5.3 5.5 5.3 5.6-5.3 5.5 5.3 5.6-5.3 5.4 5.3 5.6-5.3 5.5 5.4h.2l5.6-5.4 5.5 5.3 5.6-5.3 5.4 5.3 5.6-5.3 5.5 5.3 5.6-5.3 5.5 5.4h.2l5.6-5.4 5.4 5.3 5.7-5.3 5.4 5.3 5.6-5.3 5.5 5.3 5.6-5.3 5.5 5.3 5.6-5.3 5.4 5.4h.2l5.6-5.4 5.5 5.3 5.6-5.3 5.5 5.3 5.6-5.3 5.4 5.3 5.6-5.3 5.5 5.4h.2l5.6-5.4 5.5 5.3 5.6-5.3 5.4 5.3 5.6-5.3 5.5 5.3 5.6-5.3 5.5 5.3 5.6-5.3 5.5 5.4h.1l5.7-5.4 5.4 5.3 5.6-5.3 5.5 5.3 5.6-5.3 5.5 5.3 5.6-5.3 5.4 5.4h.2l5.6-5.4 5.5 5.3 5.6-5.3 5.5 5.3 5.6-5.3 5.4 5.3 5.6-5.3 5.5 5.3 5.6-5.3 5.5 5.4h.2l5.6-5.4 5.4 5.3 5.6-5.3 5.5 5.3 5.6-5.3 5.5 5.3 5.6-5.3 5.5 5.4h.1l5.7-5.4 5.4 5.3 5.6-5.3 5.5 5.3 5.6-5.3 5.5 5.3 5.6-5.3 5.4 5.3 5.6-5.3 5.5 5.4h.2l5.6-5.4 5.5 5.3 5.6-5.3 5.4 5.3 5.6-5.3 5.5 5.3 5.6-5.3 5.5 5.4h.2l5.6-5.4 5.4 5.3 5.6-5.3 5.5 5.3 5.6-5.3 5.5 5.3 5.6-5.3 5.4 5.3 5.7-5.3 5.4 5.4h.2l5.6-5.4 5.5 5.3 5.6-5.3 5.5 5.3 5.6-5.3 5.4 5.3 5.6-5.3 5.5 5.4h.2l5.6-5.4 5.5 5.3 5.6-5.3 5.4 5.3 5.6-5.3 5.5 5.3 5.6-5.3 5.5 5.3 5.6-5.3 5.5 5.4h.1l5.6-5.4 5.5 5.3 5.6-5.3 5.5 5.3 5.6-5.3 5.4 5.3 5.7-5.3 5.4 5.4h.2l5.6-5.4 5.5 5.3 5.6-5.3 5.5 5.3 5.6-5.3 5.4 5.3 5.6-5.3 5.5 5.3 5.6-5.3 5.5 5.4h.1l5.7-5.4 5.4 5.3 5.6-5.3 5.5 5.3 5.6-5.3 5.5 5.3 5.6-5.3 5.5 5.4h.1l5.6-5.4 5.5 5.3 5.6-5.3 5.5 5.3 5.6-5.3 5.4 5.3 5.7-5.3 5.4 5.3 5.6-5.3 5.5 5.4V0H-.2v5.8z\"\/>\n<\/svg>\n\t\t<\/div>\n\t\t\t\t\t<div class=\"elementor-container elementor-column-gap-no\">\n\t\t\t\t\t<div class=\"elementor-column elementor-col-100 elementor-top-column elementor-element elementor-element-2b9360c8\" data-id=\"2b9360c8\" data-element_type=\"column\" data-e-type=\"column\" data-settings=\"{&quot;background_background&quot;:&quot;classic&quot;}\">\n\t\t\t<div class=\"elementor-widget-wrap elementor-element-populated\">\n\t\t\t\t\t<div class=\"elementor-background-overlay\"><\/div>\n\t\t\t\t\t\t<div class=\"elementor-element elementor-element-27bc0d67 elementor-widget elementor-widget-heading\" data-id=\"27bc0d67\" data-element_type=\"widget\" data-e-type=\"widget\" data-widget_type=\"heading.default\">\n\t\t\t\t<div class=\"elementor-widget-container\">\n\t\t\t\t\t<h2 class=\"elementor-heading-title elementor-size-default\">Not\u00edcias e Eventos<\/h2>\t\t\t\t<\/div>\n\t\t\t\t<\/div>\n\t\t\t\t<div class=\"elementor-element elementor-element-af38be9 wpr-grid-columns-2 wpr-grid-columns--tablet2 wpr-grid-columns--mobile1 wpr-grid-pagination-center wpr-item-styles-inner elementor-widget elementor-widget-wpr-grid\" data-id=\"af38be9\" data-element_type=\"widget\" data-e-type=\"widget\" data-widget_type=\"wpr-grid.default\">\n\t\t\t\t<div class=\"elementor-widget-container\">\n\t\t\t\t\t<ul class=\"wpr-grid-filters elementor-clearfix wpr-grid-filters-sep-right\"><li class=\" wpr-pointer-none wpr-pointer-line-fx wpr-pointer-fx-none\"><span  data-filter=\"*\" class=\"wpr-grid-filters-item wpr-active-filter \">All Posts<\/span><em class=\"wpr-grid-filters-sep\"><\/em><\/li><li class=\" wpr-pointer-none wpr-pointer-line-fx wpr-pointer-fx-none\"><span   data-ajax-filter=[\"category\",\"news-and-events\"]  data-filter=\".category-news-and-events\">News and Events<\/span><em class=\"wpr-grid-filters-sep\"><\/em><\/li><\/ul><section class=\"wpr-grid elementor-clearfix\" data-settings=\"{&quot;layout&quot;:&quot;list&quot;,&quot;stick_last_element_to_bottom&quot;:&quot;no&quot;,&quot;columns_desktop&quot;:&quot;2&quot;,&quot;gutter_hr&quot;:15,&quot;gutter_hr_mobile&quot;:15,&quot;gutter_hr_mobile_extra&quot;:15,&quot;gutter_hr_tablet&quot;:15,&quot;gutter_hr_tablet_extra&quot;:15,&quot;gutter_hr_laptop&quot;:15,&quot;gutter_hr_widescreen&quot;:15,&quot;gutter_vr&quot;:15,&quot;gutter_vr_mobile&quot;:&quot;&quot;,&quot;gutter_vr_mobile_extra&quot;:&quot;&quot;,&quot;gutter_vr_tablet&quot;:&quot;&quot;,&quot;gutter_vr_tablet_extra&quot;:15,&quot;gutter_vr_laptop&quot;:15,&quot;gutter_vr_widescreen&quot;:15,&quot;animation&quot;:&quot;default&quot;,&quot;animation_duration&quot;:0.3,&quot;animation_delay&quot;:0.1,&quot;deeplinking&quot;:&quot;&quot;,&quot;filters_linkable&quot;:&quot;no&quot;,&quot;filters_default_filter&quot;:&quot;&quot;,&quot;filters_count&quot;:&quot;&quot;,&quot;filters_hide_empty&quot;:&quot;no&quot;,&quot;filters_animation&quot;:&quot;default&quot;,&quot;filters_animation_duration&quot;:0.3,&quot;filters_animation_delay&quot;:0.1,&quot;pagination_type&quot;:&quot;load-more&quot;,&quot;pagination_max_pages&quot;:1,&quot;media_align&quot;:&quot;left&quot;,&quot;media_width&quot;:30,&quot;media_distance&quot;:20,&quot;lightbox&quot;:{&quot;selector&quot;:&quot;.wpr-grid-image-wrap&quot;,&quot;iframeMaxWidth&quot;:&quot;60%&quot;,&quot;hash&quot;:false,&quot;autoplay&quot;:&quot;true&quot;,&quot;pause&quot;:5000,&quot;progressBar&quot;:&quot;true&quot;,&quot;counter&quot;:&quot;true&quot;,&quot;controls&quot;:&quot;true&quot;,&quot;getCaptionFromTitleOrAlt&quot;:&quot;true&quot;,&quot;thumbnail&quot;:&quot;&quot;,&quot;showThumbByDefault&quot;:&quot;&quot;,&quot;share&quot;:&quot;&quot;,&quot;zoom&quot;:&quot;true&quot;,&quot;fullScreen&quot;:&quot;true&quot;,&quot;download&quot;:&quot;true&quot;}}\" data-advanced-filters=\"no\"><article class=\"wpr-grid-item elementor-clearfix post-3468 post type-post status-publish format-standard has-post-thumbnail hentry category-news-and-events\"><div class=\"wpr-grid-item-inner\"><div class=\"wpr-grid-media-wrap wpr-effect-size-medium \" data-overlay-link=\"yes\"><div class=\"wpr-grid-image-wrap\" data-src=\"https:\/\/projetoimpar.eu\/wp-content\/uploads\/2024\/11\/R1_Post_Imagen.png\" data-img-on-hover=\"\"  data-src-secondary=\"\"><img decoding=\"async\" data-no-lazy=\"1\" src=\"https:\/\/projetoimpar.eu\/wp-content\/uploads\/2024\/11\/R1_Post_Imagen.png\" alt=\"Quadro de Refer\u00eancia IMPAR\" class=\"wpr-anim-timing-ease-default\"><\/div><div class=\"wpr-grid-media-hover wpr-animation-wrap\"><div class=\"wpr-grid-media-hover-bg  wpr-overlay-fade-in wpr-anim-size-large wpr-anim-timing-ease-default wpr-anim-transparency\" data-url=\"https:\/\/projetoimpar.eu\/en\/primeiros-resultados\/\"><\/div><\/div><\/div><div class=\"wpr-grid-item-below-content elementor-clearfix\"><h2 class=\"wpr-grid-item-title elementor-repeater-item-e3f4ee8 wpr-grid-item-display-block wpr-grid-item-align-left wpr-pointer-none wpr-pointer-line-fx wpr-pointer-fx-fade\"><div class=\"inner-block\"><a target=\"_self\"  href=\"https:\/\/projetoimpar.eu\/en\/primeiros-resultados\/\">Primeiros resultados<\/a><\/div><\/h2><div class=\"wpr-grid-item-date elementor-repeater-item-d7b23a0 wpr-grid-item-display-inline wpr-grid-item-align-left\"><div class=\"inner-block\"><span>November 18, 2024<span class=\"wpr-grid-extra-text-right\">\/<\/span><\/span><\/div><\/div><div class=\"wpr-grid-item-excerpt elementor-repeater-item-2927e84 wpr-grid-item-display-block wpr-grid-item-align-left\"><div class=\"inner-block\"><p>Primeiros resultados O presente documento apresenta em detalhe o Quadro de Refer\u00eancia IMPAR indicando os n\u00edveis inicial e interm\u00e9dio de...<\/p><\/div><\/div><div class=\"wpr-grid-item-read-more elementor-repeater-item-cc0c013 wpr-grid-item-display-block wpr-grid-item-align-left\"><div class=\"inner-block\"><a target=\"_self\" href=\"https:\/\/projetoimpar.eu\/en\/primeiros-resultados\/\" class=\"wpr-button-effect wpr-button-none\"><span>Ler mais...<\/span><\/a><\/div><\/div><\/div><\/div><\/article><article class=\"wpr-grid-item elementor-clearfix post-2710 post type-post status-publish format-standard has-post-thumbnail hentry category-news-and-events\"><div class=\"wpr-grid-item-inner\"><div class=\"wpr-grid-media-wrap wpr-effect-size-medium \" data-overlay-link=\"yes\"><div class=\"wpr-grid-image-wrap\" data-src=\"https:\/\/projetoimpar.eu\/wp-content\/uploads\/2025\/04\/EMPRENDEDORA1.png\" data-img-on-hover=\"\"  data-src-secondary=\"\"><img decoding=\"async\" data-no-lazy=\"1\" src=\"https:\/\/projetoimpar.eu\/wp-content\/uploads\/2025\/04\/EMPRENDEDORA1.png\" alt=\"Enterprising women\" class=\"wpr-anim-timing-ease-default\"><\/div><div class=\"wpr-grid-media-hover wpr-animation-wrap\"><div class=\"wpr-grid-media-hover-bg  wpr-overlay-fade-in wpr-anim-size-large wpr-anim-timing-ease-default wpr-anim-transparency\" data-url=\"https:\/\/projetoimpar.eu\/en\/centro-online-de-impar\/\"><\/div><\/div><\/div><div class=\"wpr-grid-item-below-content elementor-clearfix\"><h2 class=\"wpr-grid-item-title elementor-repeater-item-e3f4ee8 wpr-grid-item-display-block wpr-grid-item-align-left wpr-pointer-none wpr-pointer-line-fx wpr-pointer-fx-fade\"><div class=\"inner-block\"><a target=\"_self\"  href=\"https:\/\/projetoimpar.eu\/en\/centro-online-de-impar\/\">Centro Online de IMPAR<\/a><\/div><\/h2><div class=\"wpr-grid-item-date elementor-repeater-item-d7b23a0 wpr-grid-item-display-inline wpr-grid-item-align-left\"><div class=\"inner-block\"><span>June 7, 2024<span class=\"wpr-grid-extra-text-right\">\/<\/span><\/span><\/div><\/div><div class=\"wpr-grid-item-excerpt elementor-repeater-item-2927e84 wpr-grid-item-display-block wpr-grid-item-align-left\"><div class=\"inner-block\"><p>O centro online do IMPARO j\u00e1 est\u00e1 dispon\u00edvel!<\/p><\/div><\/div><div class=\"wpr-grid-item-read-more elementor-repeater-item-cc0c013 wpr-grid-item-display-block wpr-grid-item-align-left\"><div class=\"inner-block\"><a target=\"_self\" href=\"https:\/\/projetoimpar.eu\/en\/centro-online-de-impar\/\" class=\"wpr-button-effect wpr-button-none\"><span>Ler mais...<\/span><\/a><\/div><\/div><\/div><\/div><\/article><\/section>\t\t\t\t<\/div>\n\t\t\t\t<\/div>\n\t\t\t\t<div class=\"elementor-element elementor-element-ba11bd1 elementor-widget elementor-widget-shortcode\" data-id=\"ba11bd1\" data-element_type=\"widget\" data-e-type=\"widget\" data-widget_type=\"shortcode.default\">\n\t\t\t\t<div class=\"elementor-widget-container\">\n\t\t\t\t\t\t\t<div class=\"elementor-shortcode\"><style type=\"text\/css\">.zoom-instagram.feed-5219{font-size:14px!important;padding:1px!important;}.zoom-instagram.feed-5219 .zoom-instagram-widget__items{display:grid!important;grid-template-columns:repeat(3,1fr);}.zoom-instagram.feed-5219 .zoom-instagram-widget__items{gap:10px!important;}<\/style>\n<div class=\"zoom-instagram feed-5219 layout-grid columns-3 with-lightbox spacing-10 perpage-3\"><header class=\"zoom-instagram-widget__header\"><div class=\"zoom-instagram-widget__header-column-left\"><img decoding=\"async\" src=\"https:\/\/projetoimpar.eu\/wp-content\/uploads\/2026\/01\/484530993_1935949496944738_6835048432432409378_n-150x150.jpg\" alt=\"@impar.comunidade\" width=\"70\" \/><\/div><div class=\"zoom-instagram-widget__header-column-right\"><h5 class=\"zoom-instagram-widget__header-name\"><\/h5><p class=\"zoom-instagram-widget__header-user\"><a href=\"https:\/\/www.instagram.com\/impar.comunidade\" target=\"_blank\" rel=\"nofollow\">@impar.comunidade<\/a><\/p><div class=\"zoom-instagram-widget__header-bio\">Empoderar as Mulheres como Promotoras da Economia Social Subsaariana<\/div><\/div><\/header><div class=\"zoom-instagram-widget__items-wrapper\"><ul class=\"zoom-instagram-widget__items zoom-instagram-widget__items--no-js layout-grid\" data-layout=\"grid\" data-lightbox=\"1\" data-spacing=\"10\" data-perpage=\"3\"><li class=\"zoom-instagram-widget__item media-icons-normal media-icons-hover\" data-media-type=\"image\"><div class=\"zoom-instagram-widget__item-inner-wrap\"><img class=\"zoom-instagram-link zoom-instagram-link-new\"  data-src=\"https:\/\/projetoimpar.eu\/wp-content\/uploads\/2020\/12\/648519965_122216086982346923_5954350488308719741_n-640x482.jpg\" data-mfp-src=\"18135417277506813\" width=\"640\" height=\"482\" alt=\"No Dia Internacional da Mulher, reconhecemos os desafios que ainda existem e refor\u00e7amos a import\u00e2ncia de criar oportunidades iguais para todas. \ud83d\udcaa\ud83c\udf0d \n\nO projeto IMPAR apoia e capacita jovens mulheres a transformar ideias em neg\u00f3cios sociais eco\u2011inclusivos, fortalecendo o seu papel na transforma\u00e7\u00e3o das suas comunidades em Mo\u00e7ambique, Cabo Verde e Angola. \n \n\n#CBHE #impar #PROJETOIMPAR #imparproject  #8DeMar\u00e7o #EmpreendedorismoSocial #IgualdadeDeG\u00e9nero #EmpoderamentoFeminino\" \/><div class=\"hover-layout zoom-instagram-widget__overlay zoom-instagram-widget__black \"><div class=\"zoom-instagram-icon-wrap\"><a class=\"zoom-svg-instagram-stroke\" href=\"https:\/\/www.instagram.com\/p\/DVn0uwpAUXp\/\" rel=\"noopener nofollow\" target=\"_blank\" title=\"No Dia Internacional da Mulher, reconhecemos os desafios que ainda existem e refor\u00e7amos a import\u00e2ncia de criar oportunidades iguais para todas. \ud83d\udcaa\ud83c\udf0d \n\nO projeto IMPAR apoia e capacita jovens mulheres a transformar ideias em neg\u00f3cios sociais eco\u2011inclusivos, fortalecendo o seu papel na transforma\u00e7\u00e3o das suas comunidades em Mo\u00e7ambique, Cabo Verde e Angola. \n \n\n#CBHE #impar #PROJETOIMPAR #imparproject  #8DeMar\u00e7o #EmpreendedorismoSocial #IgualdadeDeG\u00e9nero #EmpoderamentoFeminino\"><\/a><\/div><a class=\"zoom-instagram-link\" data-src=\"https:\/\/projetoimpar.eu\/wp-content\/uploads\/2020\/12\/648519965_122216086982346923_5954350488308719741_n-640x482.jpg\" data-mfp-src=\"18135417277506813\" href=\"https:\/\/www.instagram.com\/p\/DVn0uwpAUXp\/\" target=\"_blank\" rel=\"noopener nofollow\" title=\"No Dia Internacional da Mulher, reconhecemos os desafios que ainda existem e refor\u00e7amos a import\u00e2ncia de criar oportunidades iguais para todas. \ud83d\udcaa\ud83c\udf0d \n\nO projeto IMPAR apoia e capacita jovens mulheres a transformar ideias em neg\u00f3cios sociais eco\u2011inclusivos, fortalecendo o seu papel na transforma\u00e7\u00e3o das suas comunidades em Mo\u00e7ambique, Cabo Verde e Angola. \n \n\n#CBHE #impar #PROJETOIMPAR #imparproject  #8DeMar\u00e7o #EmpreendedorismoSocial #IgualdadeDeG\u00e9nero #EmpoderamentoFeminino\"><\/a><\/div><\/div><\/li><li class=\"zoom-instagram-widget__item media-icons-normal media-icons-hover\" data-media-type=\"image\"><div class=\"zoom-instagram-widget__item-inner-wrap\"><img class=\"zoom-instagram-link zoom-instagram-link-new\"  data-src=\"https:\/\/projetoimpar.eu\/wp-content\/uploads\/2020\/12\/647679073_122215795670346923_4085319590015750294_n-512x640.jpg\" data-mfp-src=\"18394947406197766\" width=\"512\" height=\"640\" alt=\"A @universidade_eduardo_mondlane , no \u00e2mbito do Projecto IMPAR (ERASMUS+), torna p\u00fablico que est\u00e3o abertas as candidaturas para o Curso de Empreendedorismo Social, uma forma\u00e7\u00e3o gratuita destinada a mulheres com idades compreendidas entre os 18 e os 30 anos.\n\nPodem candidatar-se estudantes de todos os anos, rec\u00e9m-formadas e antigas alunas da UEM com interesse na \u00e1rea do empreendedorismo social.\n\nPer\u00edodo de Candidaturas: 9 de Fevereiro a 15 de Mar\u00e7o de 2026\nPer\u00edodo de Realiza\u00e7\u00e3o do Curso: 20 de Abril a 23 de Outubro de 2026\n\nAs candidaturas devem ser submetidas atrav\u00e9s do site oficial do projecto: www.projetoimpar.eu ou directamente no Centro Online IMPAR: https:\/\/projetoimpar.eu\/coi\/.\n\nEm caso de excesso de candidaturas face \u00e0s vagas dispon\u00edveis, o processo de selec\u00e7\u00e3o ser\u00e1 conduzido com base em crit\u00e9rios claros e previamente definidos, garantindo a transpar\u00eancia e a igualdade de oportunidade entre as participantes.\n\nPara mais informa\u00e7\u00f5es, contactar:\nAugusta Eduardo \u2013 +258 84 459 1221\nJoaquim Fumo \u2013 +258 82 462 9970\n\nAcompanhe as novidades atrav\u00e9s do site www.direito.uem.mz e nas redes sociais: @fadir_uem .\n\n#CBHE #IMPAR #projetoIMPAR #IMPARproject\" \/><div class=\"hover-layout zoom-instagram-widget__overlay zoom-instagram-widget__black \"><div class=\"zoom-instagram-icon-wrap\"><a class=\"zoom-svg-instagram-stroke\" href=\"https:\/\/www.instagram.com\/p\/DVdUqMCDK0J\/\" rel=\"noopener nofollow\" target=\"_blank\" title=\"A @universidade_eduardo_mondlane , no \u00e2mbito do Projecto IMPAR (ERASMUS+), torna p\u00fablico que est\u00e3o abertas as candidaturas para o Curso de Empreendedorismo Social, uma forma\u00e7\u00e3o gratuita destinada a mulheres com idades compreendidas entre os 18 e os 30 anos.\n\nPodem candidatar-se estudantes de todos os anos, rec\u00e9m-formadas e antigas alunas da UEM com interesse na \u00e1rea do empreendedorismo social.\n\nPer\u00edodo de Candidaturas: 9 de Fevereiro a 15 de Mar\u00e7o de 2026\nPer\u00edodo de Realiza\u00e7\u00e3o do Curso: 20 de Abril a 23 de Outubro de 2026\n\nAs candidaturas devem ser submetidas atrav\u00e9s do site oficial do projecto: www.projetoimpar.eu ou directamente no Centro Online IMPAR: https:\/\/projetoimpar.eu\/coi\/.\n\nEm caso de excesso de candidaturas face \u00e0s vagas dispon\u00edveis, o processo de selec\u00e7\u00e3o ser\u00e1 conduzido com base em crit\u00e9rios claros e previamente definidos, garantindo a transpar\u00eancia e a igualdade de oportunidade entre as participantes.\n\nPara mais informa\u00e7\u00f5es, contactar:\nAugusta Eduardo \u2013 +258 84 459 1221\nJoaquim Fumo \u2013 +258 82 462 9970\n\nAcompanhe as novidades atrav\u00e9s do site www.direito.uem.mz e nas redes sociais: @fadir_uem .\n\n#CBHE #IMPAR #projetoIMPAR #IMPARproject\"><\/a><\/div><a class=\"zoom-instagram-link\" data-src=\"https:\/\/projetoimpar.eu\/wp-content\/uploads\/2020\/12\/647679073_122215795670346923_4085319590015750294_n-512x640.jpg\" data-mfp-src=\"18394947406197766\" href=\"https:\/\/www.instagram.com\/p\/DVdUqMCDK0J\/\" target=\"_blank\" rel=\"noopener nofollow\" title=\"A @universidade_eduardo_mondlane , no \u00e2mbito do Projecto IMPAR (ERASMUS+), torna p\u00fablico que est\u00e3o abertas as candidaturas para o Curso de Empreendedorismo Social, uma forma\u00e7\u00e3o gratuita destinada a mulheres com idades compreendidas entre os 18 e os 30 anos.\n\nPodem candidatar-se estudantes de todos os anos, rec\u00e9m-formadas e antigas alunas da UEM com interesse na \u00e1rea do empreendedorismo social.\n\nPer\u00edodo de Candidaturas: 9 de Fevereiro a 15 de Mar\u00e7o de 2026\nPer\u00edodo de Realiza\u00e7\u00e3o do Curso: 20 de Abril a 23 de Outubro de 2026\n\nAs candidaturas devem ser submetidas atrav\u00e9s do site oficial do projecto: www.projetoimpar.eu ou directamente no Centro Online IMPAR: https:\/\/projetoimpar.eu\/coi\/.\n\nEm caso de excesso de candidaturas face \u00e0s vagas dispon\u00edveis, o processo de selec\u00e7\u00e3o ser\u00e1 conduzido com base em crit\u00e9rios claros e previamente definidos, garantindo a transpar\u00eancia e a igualdade de oportunidade entre as participantes.\n\nPara mais informa\u00e7\u00f5es, contactar:\nAugusta Eduardo \u2013 +258 84 459 1221\nJoaquim Fumo \u2013 +258 82 462 9970\n\nAcompanhe as novidades atrav\u00e9s do site www.direito.uem.mz e nas redes sociais: @fadir_uem .\n\n#CBHE #IMPAR #projetoIMPAR #IMPARproject\"><\/a><\/div><\/div><\/li><li class=\"zoom-instagram-widget__item media-icons-normal media-icons-hover\" data-media-type=\"carousel_album\"><div class=\"zoom-instagram-widget__item-inner-wrap\"><img loading=\"lazy\" class=\"zoom-instagram-link zoom-instagram-link-new\"  data-src=\"https:\/\/projetoimpar.eu\/wp-content\/uploads\/2020\/12\/645921258_122215476938346923_4657094642543273648_n-512x640.jpg\" data-mfp-src=\"18117670975545241\" width=\"512\" height=\"640\" alt=\"ATEN\u00c7\u00c3O MULHERES - UnIA! \n\nChamada Especial para Mulheres dos 18 aos 30 Anos. \n\n\u00c9s Estudante ou  Ex-Estudante, gostas de inovar atrav\u00e9s do Empreendedorismo Social? \n\nEsta Forma\u00e7\u00e3o \u00e9 para ti. \n\nInscreva-se j\u00e1. 100% online e gratuita. \n\nInscri\u00e7\u00f5es: at\u00e9 15 de Mar\u00e7o de 2026. \n\nAceda ao site oficial: https:\/\/projetoimpar.eu\/coi\/ ou em  www.unia.ao,  clique no menu Coopera\u00e7\u00e3o e seleccione Projecto IMPAR. \n\n#CBHE #IMPAR #ProjetoIMPAR #IMPARproject\" \/><div class=\"hover-layout zoom-instagram-widget__overlay zoom-instagram-widget__black \"><svg class=\"svg-icon\" shape-rendering=\"geometricPrecision\"><use xlink:href=\"https:\/\/projetoimpar.eu\/wp-content\/plugins\/instagram-widget-by-wpzoom\/dist\/images\/frontend\/wpzoom-instagram-icons.svg#carousel_album\"><\/use><\/svg><div class=\"zoom-instagram-icon-wrap\"><a class=\"zoom-svg-instagram-stroke\" href=\"https:\/\/www.instagram.com\/p\/DVYvzGNjM-C\/\" rel=\"noopener nofollow\" target=\"_blank\" title=\"ATEN\u00c7\u00c3O MULHERES - UnIA! \n\nChamada Especial para Mulheres dos 18 aos 30 Anos. \n\n\u00c9s Estudante ou  Ex-Estudante, gostas de inovar atrav\u00e9s do Empreendedorismo Social? \n\nEsta Forma\u00e7\u00e3o \u00e9 para ti. \n\nInscreva-se j\u00e1. 100% online e gratuita. \n\nInscri\u00e7\u00f5es: at\u00e9 15 de Mar\u00e7o de 2026. \n\nAceda ao site oficial: https:\/\/projetoimpar.eu\/coi\/ ou em  www.unia.ao,  clique no menu Coopera\u00e7\u00e3o e seleccione Projecto IMPAR. \n\n#CBHE #IMPAR #ProjetoIMPAR #IMPARproject\"><\/a><\/div><a class=\"zoom-instagram-link\" data-src=\"https:\/\/projetoimpar.eu\/wp-content\/uploads\/2020\/12\/645921258_122215476938346923_4657094642543273648_n-512x640.jpg\" data-mfp-src=\"18117670975545241\" href=\"https:\/\/www.instagram.com\/p\/DVYvzGNjM-C\/\" target=\"_blank\" rel=\"noopener nofollow\" title=\"ATEN\u00c7\u00c3O MULHERES - UnIA! \n\nChamada Especial para Mulheres dos 18 aos 30 Anos. \n\n\u00c9s Estudante ou  Ex-Estudante, gostas de inovar atrav\u00e9s do Empreendedorismo Social? \n\nEsta Forma\u00e7\u00e3o \u00e9 para ti. \n\nInscreva-se j\u00e1. 100% online e gratuita. \n\nInscri\u00e7\u00f5es: at\u00e9 15 de Mar\u00e7o de 2026. \n\nAceda ao site oficial: https:\/\/projetoimpar.eu\/coi\/ ou em  www.unia.ao,  clique no menu Coopera\u00e7\u00e3o e seleccione Projecto IMPAR. \n\n#CBHE #IMPAR #ProjetoIMPAR #IMPARproject\"><\/a><\/div><\/div><\/li><li class=\"zoom-instagram-widget__item media-icons-normal media-icons-hover\" data-media-type=\"image\"><div class=\"zoom-instagram-widget__item-inner-wrap\"><img loading=\"lazy\" class=\"zoom-instagram-link zoom-instagram-link-new\"  data-src=\"https:\/\/projetoimpar.eu\/wp-content\/uploads\/2020\/12\/612446464_122208852098346923_4683619354975103677_n-513x640.jpg\" data-mfp-src=\"18099368104675850\" width=\"513\" height=\"640\" alt=\"\ud83d\udce2 Publica\u00e7\u00e3o do projeto IMPAR! \n\nNovo artigo apresenta os resultados do diagn\u00f3stico de necessidades do projeto IMPAR sobre empreendedorismo social feminino em Angola, Cabo Verde e Mo\u00e7ambique, que serviu de base ao desenho dos nossos programas de forma\u00e7\u00e3o. \n\nhttps:\/\/sites.ipleiria.pt\/6ciead\/ \n\n#IMPARProject #EmpreendedorismoSocial #MulheresEmpreendedoras #ErasmusPlus #EconomiaSocial\" \/><div class=\"hover-layout zoom-instagram-widget__overlay zoom-instagram-widget__black \"><div class=\"zoom-instagram-icon-wrap\"><a class=\"zoom-svg-instagram-stroke\" href=\"https:\/\/www.instagram.com\/p\/DTNg46YDLKM\/\" rel=\"noopener nofollow\" target=\"_blank\" title=\"\ud83d\udce2 Publica\u00e7\u00e3o do projeto IMPAR! \n\nNovo artigo apresenta os resultados do diagn\u00f3stico de necessidades do projeto IMPAR sobre empreendedorismo social feminino em Angola, Cabo Verde e Mo\u00e7ambique, que serviu de base ao desenho dos nossos programas de forma\u00e7\u00e3o. \n\nhttps:\/\/sites.ipleiria.pt\/6ciead\/ \n\n#IMPARProject #EmpreendedorismoSocial #MulheresEmpreendedoras #ErasmusPlus #EconomiaSocial\"><\/a><\/div><a class=\"zoom-instagram-link\" data-src=\"https:\/\/projetoimpar.eu\/wp-content\/uploads\/2020\/12\/612446464_122208852098346923_4683619354975103677_n-513x640.jpg\" data-mfp-src=\"18099368104675850\" href=\"https:\/\/www.instagram.com\/p\/DTNg46YDLKM\/\" target=\"_blank\" rel=\"noopener nofollow\" title=\"\ud83d\udce2 Publica\u00e7\u00e3o do projeto IMPAR! \n\nNovo artigo apresenta os resultados do diagn\u00f3stico de necessidades do projeto IMPAR sobre empreendedorismo social feminino em Angola, Cabo Verde e Mo\u00e7ambique, que serviu de base ao desenho dos nossos programas de forma\u00e7\u00e3o. \n\nhttps:\/\/sites.ipleiria.pt\/6ciead\/ \n\n#IMPARProject #EmpreendedorismoSocial #MulheresEmpreendedoras #ErasmusPlus #EconomiaSocial\"><\/a><\/div><\/div><\/li><li class=\"zoom-instagram-widget__item media-icons-normal media-icons-hover\" data-media-type=\"image\"><div class=\"zoom-instagram-widget__item-inner-wrap\"><img loading=\"lazy\" class=\"zoom-instagram-link zoom-instagram-link-new\"  data-src=\"https:\/\/projetoimpar.eu\/wp-content\/uploads\/2020\/12\/603865841_122206743812346923_2096330295832705011_n-640x335.jpg\" data-mfp-src=\"18072829058063751\" width=\"640\" height=\"335\" alt=\"\ud83d\udccd IMPAR na Uni-CV | In\u00edcio das Atividades\n\nNo dia 19 de dezembro, a IMPAR deu in\u00edcio \u00e0s suas opera\u00e7\u00f5es e \u00e0 oferta de servi\u00e7os na Universidade de Cabo Verde - UniCV. A primeira sess\u00e3o decorreu no \u00e2mbito da disciplina de E-Commerce, integrada na iniciativa E-Business Lab, com estudantes do 4.\u00ba ano.\n\nDurante a sess\u00e3o, foram apresentados o projeto IMPAR, as oportunidades que oferece para as mulheres e o Centro Online IMPAR (COI).\n\n\ud83d\udd17 https:\/\/projetoimpar.eu\/coi\/\n\n#ProjetoIMPAR #CBHE #EmpreendedorismoSocial #ErasmusPlus #Forma\u00e7\u00e3oIMPAR #JuntasSomosMaisFortes\" \/><div class=\"hover-layout zoom-instagram-widget__overlay zoom-instagram-widget__black \"><div class=\"zoom-instagram-icon-wrap\"><a class=\"zoom-svg-instagram-stroke\" href=\"https:\/\/www.instagram.com\/p\/DSkNEh7kvZy\/\" rel=\"noopener nofollow\" target=\"_blank\" title=\"\ud83d\udccd IMPAR na Uni-CV | In\u00edcio das Atividades\n\nNo dia 19 de dezembro, a IMPAR deu in\u00edcio \u00e0s suas opera\u00e7\u00f5es e \u00e0 oferta de servi\u00e7os na Universidade de Cabo Verde - UniCV. A primeira sess\u00e3o decorreu no \u00e2mbito da disciplina de E-Commerce, integrada na iniciativa E-Business Lab, com estudantes do 4.\u00ba ano.\n\nDurante a sess\u00e3o, foram apresentados o projeto IMPAR, as oportunidades que oferece para as mulheres e o Centro Online IMPAR (COI).\n\n\ud83d\udd17 https:\/\/projetoimpar.eu\/coi\/\n\n#ProjetoIMPAR #CBHE #EmpreendedorismoSocial #ErasmusPlus #Forma\u00e7\u00e3oIMPAR #JuntasSomosMaisFortes\"><\/a><\/div><a class=\"zoom-instagram-link\" data-src=\"https:\/\/projetoimpar.eu\/wp-content\/uploads\/2020\/12\/603865841_122206743812346923_2096330295832705011_n-640x335.jpg\" data-mfp-src=\"18072829058063751\" href=\"https:\/\/www.instagram.com\/p\/DSkNEh7kvZy\/\" target=\"_blank\" rel=\"noopener nofollow\" title=\"\ud83d\udccd IMPAR na Uni-CV | In\u00edcio das Atividades\n\nNo dia 19 de dezembro, a IMPAR deu in\u00edcio \u00e0s suas opera\u00e7\u00f5es e \u00e0 oferta de servi\u00e7os na Universidade de Cabo Verde - UniCV. A primeira sess\u00e3o decorreu no \u00e2mbito da disciplina de E-Commerce, integrada na iniciativa E-Business Lab, com estudantes do 4.\u00ba ano.\n\nDurante a sess\u00e3o, foram apresentados o projeto IMPAR, as oportunidades que oferece para as mulheres e o Centro Online IMPAR (COI).\n\n\ud83d\udd17 https:\/\/projetoimpar.eu\/coi\/\n\n#ProjetoIMPAR #CBHE #EmpreendedorismoSocial #ErasmusPlus #Forma\u00e7\u00e3oIMPAR #JuntasSomosMaisFortes\"><\/a><\/div><\/div><\/li><li class=\"zoom-instagram-widget__item media-icons-normal media-icons-hover\" data-media-type=\"carousel_album\"><div class=\"zoom-instagram-widget__item-inner-wrap\"><img loading=\"lazy\" class=\"zoom-instagram-link zoom-instagram-link-new\"  data-src=\"https:\/\/projetoimpar.eu\/wp-content\/uploads\/2020\/12\/602966470_122206345178346923_3661072246828718277_n-640x426.jpg\" data-mfp-src=\"18165075319384464\" width=\"640\" height=\"426\" alt=\"No dia 17 de Dezembro de 2025, @unia_angola realizou o Lan\u00e7amento Oficial do Centro Online IMPAR e da Incubadora e Aceleradora Virtual de Empresas Sociais. \n\nO evento cofinanciado pela Uni\u00e3o Europeia, reuniu o Corpo Docente, Discente e Especialistas para debater o futuro do \u201cEmpreendedorismo Social Feminino em Angola: Desafios e Oportunidades.\u201d A abertura foi conduzida pelo Magn\u00edfico Reitor Professor Catedr\u00e1tico Carlos Pedro Cl\u00e1ver Yoba, seguida pela interven\u00e7\u00e3o do Coordenador do Projecto IMPAR, Professor Doutor Francisco Jacob. \n\u2022 \u00c9s uma jovem mulher, tens entre 18 e 30 anos?\n\u2022 Est\u00e1s interessada em lideran\u00e7a social e cria\u00e7\u00e3o de neg\u00f3cios de impacto?\n\nIMPAR- Inovar para Empoderar as Mulheres como Promotoras da Economia Social Subsaariana, tem oportunidade para ti! Venha fazer parte da pr\u00f3xima gera\u00e7\u00e3o de l\u00edderes sociais! Preparamos as Universidades para te munir com forma\u00e7\u00e3o gratuita em Empreendedorismo Social \n\nInscri\u00e7\u00f5es de 09 de Fevereiro a 15 de Mar\u00e7o \nIn\u00edcio dos Cursos Gratuitos. M\u00eas de Abril\n\nSaiba mais em: https:\/\/projetoimpar.eu\/coi\/ \n\n#ProjetoIMPAR #CBHE #EmpreendedorismoSocial #ErasmusPlus #Forma\u00e7\u00e3oIMPAR #JuntasSomosMaisFortes\" \/><div class=\"hover-layout zoom-instagram-widget__overlay zoom-instagram-widget__black \"><svg class=\"svg-icon\" shape-rendering=\"geometricPrecision\"><use xlink:href=\"https:\/\/projetoimpar.eu\/wp-content\/plugins\/instagram-widget-by-wpzoom\/dist\/images\/frontend\/wpzoom-instagram-icons.svg#carousel_album\"><\/use><\/svg><div class=\"zoom-instagram-icon-wrap\"><a class=\"zoom-svg-instagram-stroke\" href=\"https:\/\/www.instagram.com\/p\/DScVAibjWwh\/\" rel=\"noopener nofollow\" target=\"_blank\" title=\"No dia 17 de Dezembro de 2025, @unia_angola realizou o Lan\u00e7amento Oficial do Centro Online IMPAR e da Incubadora e Aceleradora Virtual de Empresas Sociais. \n\nO evento cofinanciado pela Uni\u00e3o Europeia, reuniu o Corpo Docente, Discente e Especialistas para debater o futuro do \u201cEmpreendedorismo Social Feminino em Angola: Desafios e Oportunidades.\u201d A abertura foi conduzida pelo Magn\u00edfico Reitor Professor Catedr\u00e1tico Carlos Pedro Cl\u00e1ver Yoba, seguida pela interven\u00e7\u00e3o do Coordenador do Projecto IMPAR, Professor Doutor Francisco Jacob. \n\u2022 \u00c9s uma jovem mulher, tens entre 18 e 30 anos?\n\u2022 Est\u00e1s interessada em lideran\u00e7a social e cria\u00e7\u00e3o de neg\u00f3cios de impacto?\n\nIMPAR- Inovar para Empoderar as Mulheres como Promotoras da Economia Social Subsaariana, tem oportunidade para ti! Venha fazer parte da pr\u00f3xima gera\u00e7\u00e3o de l\u00edderes sociais! Preparamos as Universidades para te munir com forma\u00e7\u00e3o gratuita em Empreendedorismo Social \n\nInscri\u00e7\u00f5es de 09 de Fevereiro a 15 de Mar\u00e7o \nIn\u00edcio dos Cursos Gratuitos. M\u00eas de Abril\n\nSaiba mais em: https:\/\/projetoimpar.eu\/coi\/ \n\n#ProjetoIMPAR #CBHE #EmpreendedorismoSocial #ErasmusPlus #Forma\u00e7\u00e3oIMPAR #JuntasSomosMaisFortes\"><\/a><\/div><a class=\"zoom-instagram-link\" data-src=\"https:\/\/projetoimpar.eu\/wp-content\/uploads\/2020\/12\/602966470_122206345178346923_3661072246828718277_n-640x426.jpg\" data-mfp-src=\"18165075319384464\" href=\"https:\/\/www.instagram.com\/p\/DScVAibjWwh\/\" target=\"_blank\" rel=\"noopener nofollow\" title=\"No dia 17 de Dezembro de 2025, @unia_angola realizou o Lan\u00e7amento Oficial do Centro Online IMPAR e da Incubadora e Aceleradora Virtual de Empresas Sociais. \n\nO evento cofinanciado pela Uni\u00e3o Europeia, reuniu o Corpo Docente, Discente e Especialistas para debater o futuro do \u201cEmpreendedorismo Social Feminino em Angola: Desafios e Oportunidades.\u201d A abertura foi conduzida pelo Magn\u00edfico Reitor Professor Catedr\u00e1tico Carlos Pedro Cl\u00e1ver Yoba, seguida pela interven\u00e7\u00e3o do Coordenador do Projecto IMPAR, Professor Doutor Francisco Jacob. \n\u2022 \u00c9s uma jovem mulher, tens entre 18 e 30 anos?\n\u2022 Est\u00e1s interessada em lideran\u00e7a social e cria\u00e7\u00e3o de neg\u00f3cios de impacto?\n\nIMPAR- Inovar para Empoderar as Mulheres como Promotoras da Economia Social Subsaariana, tem oportunidade para ti! Venha fazer parte da pr\u00f3xima gera\u00e7\u00e3o de l\u00edderes sociais! Preparamos as Universidades para te munir com forma\u00e7\u00e3o gratuita em Empreendedorismo Social \n\nInscri\u00e7\u00f5es de 09 de Fevereiro a 15 de Mar\u00e7o \nIn\u00edcio dos Cursos Gratuitos. M\u00eas de Abril\n\nSaiba mais em: https:\/\/projetoimpar.eu\/coi\/ \n\n#ProjetoIMPAR #CBHE #EmpreendedorismoSocial #ErasmusPlus #Forma\u00e7\u00e3oIMPAR #JuntasSomosMaisFortes\"><\/a><\/div><\/div><\/li><li class=\"zoom-instagram-widget__item media-icons-normal media-icons-hover\" data-media-type=\"carousel_album\"><div class=\"zoom-instagram-widget__item-inner-wrap\"><img loading=\"lazy\" class=\"zoom-instagram-link zoom-instagram-link-new\"  data-src=\"https:\/\/projetoimpar.eu\/wp-content\/uploads\/2020\/12\/601467189_122206339886346923_4981113752398356101_n-640x480.jpg\" data-mfp-src=\"18187166929344783\" width=\"640\" height=\"480\" alt=\"O lan\u00e7amento do Centro Online \u00cdMPAR e do Programa de Incuba\u00e7\u00e3o e Acelera\u00e7\u00e3o Virtual de Empresas Sociais foi um marco inspirador para as futuras jovens empreendedoras da @universidade_eduardo_mondlane.\n\nAl\u00e9m do an\u00fancio oficial, o momento foi enriquecido com a partilha de experi\u00eancias e vis\u00f5es de quem j\u00e1 caminha na promo\u00e7\u00e3o de impacto social.\n\nNas imagens, vemos um ambiente de di\u00e1logo e reflex\u00e3o, com a presen\u00e7a de vozes que representam a for\u00e7a do empreendedorismo juvenil e acad\u00e9mico em Mo\u00e7ambique (@Universidade Eduardo Mondlane, @Universidade Pedagogica de Maputo) e outros pa\u00edses do cons\u00f3rcio (Cabo Verde @Universidade de Cabo Verde, @Universidade de Midelo, Angola @Univerdade T\u00e9cnica de Angola, @Universidade Independente de Angola, Portugal  @Instituto Politecnico de Coimbra @Internacional Consulting and Mobility Agency Sociedad de Responsabilidad Limitada e Espanha @Universidade de Almeria)\n\n\u00c9 assim que se constr\u00f3i o futuro: empoderando, promovendo e inovando, com foco no desenvolvimento socioecon\u00f3mico e na capacita\u00e7\u00e3o da nossa juventude.\n\nO projecto IMPAR cofinanciado pela Uni\u00e3o Europeia, representa um passo significativo no apoio institucional e ideias que transformam realidades.\n\n#UEM #FADIR #EmpreendedorismoSocial #Inova\u00e7\u00e3o #ImpactoSocial #Uni\u00e3oEuropeia #\u00cdMPAR #Mo\u00e7ambique#IPC#UTANGA#UNICV#INCOMA#UP-MAPUTO#UM#UNIA\" \/><div class=\"hover-layout zoom-instagram-widget__overlay zoom-instagram-widget__black \"><svg class=\"svg-icon\" shape-rendering=\"geometricPrecision\"><use xlink:href=\"https:\/\/projetoimpar.eu\/wp-content\/plugins\/instagram-widget-by-wpzoom\/dist\/images\/frontend\/wpzoom-instagram-icons.svg#carousel_album\"><\/use><\/svg><div class=\"zoom-instagram-icon-wrap\"><a class=\"zoom-svg-instagram-stroke\" href=\"https:\/\/www.instagram.com\/p\/DScLfDYjLfh\/\" rel=\"noopener nofollow\" target=\"_blank\" title=\"O lan\u00e7amento do Centro Online \u00cdMPAR e do Programa de Incuba\u00e7\u00e3o e Acelera\u00e7\u00e3o Virtual de Empresas Sociais foi um marco inspirador para as futuras jovens empreendedoras da @universidade_eduardo_mondlane.\n\nAl\u00e9m do an\u00fancio oficial, o momento foi enriquecido com a partilha de experi\u00eancias e vis\u00f5es de quem j\u00e1 caminha na promo\u00e7\u00e3o de impacto social.\n\nNas imagens, vemos um ambiente de di\u00e1logo e reflex\u00e3o, com a presen\u00e7a de vozes que representam a for\u00e7a do empreendedorismo juvenil e acad\u00e9mico em Mo\u00e7ambique (@Universidade Eduardo Mondlane, @Universidade Pedagogica de Maputo) e outros pa\u00edses do cons\u00f3rcio (Cabo Verde @Universidade de Cabo Verde, @Universidade de Midelo, Angola @Univerdade T\u00e9cnica de Angola, @Universidade Independente de Angola, Portugal  @Instituto Politecnico de Coimbra @Internacional Consulting and Mobility Agency Sociedad de Responsabilidad Limitada e Espanha @Universidade de Almeria)\n\n\u00c9 assim que se constr\u00f3i o futuro: empoderando, promovendo e inovando, com foco no desenvolvimento socioecon\u00f3mico e na capacita\u00e7\u00e3o da nossa juventude.\n\nO projecto IMPAR cofinanciado pela Uni\u00e3o Europeia, representa um passo significativo no apoio institucional e ideias que transformam realidades.\n\n#UEM #FADIR #EmpreendedorismoSocial #Inova\u00e7\u00e3o #ImpactoSocial #Uni\u00e3oEuropeia #\u00cdMPAR #Mo\u00e7ambique#IPC#UTANGA#UNICV#INCOMA#UP-MAPUTO#UM#UNIA\"><\/a><\/div><a class=\"zoom-instagram-link\" data-src=\"https:\/\/projetoimpar.eu\/wp-content\/uploads\/2020\/12\/601467189_122206339886346923_4981113752398356101_n-640x480.jpg\" data-mfp-src=\"18187166929344783\" href=\"https:\/\/www.instagram.com\/p\/DScLfDYjLfh\/\" target=\"_blank\" rel=\"noopener nofollow\" title=\"O lan\u00e7amento do Centro Online \u00cdMPAR e do Programa de Incuba\u00e7\u00e3o e Acelera\u00e7\u00e3o Virtual de Empresas Sociais foi um marco inspirador para as futuras jovens empreendedoras da @universidade_eduardo_mondlane.\n\nAl\u00e9m do an\u00fancio oficial, o momento foi enriquecido com a partilha de experi\u00eancias e vis\u00f5es de quem j\u00e1 caminha na promo\u00e7\u00e3o de impacto social.\n\nNas imagens, vemos um ambiente de di\u00e1logo e reflex\u00e3o, com a presen\u00e7a de vozes que representam a for\u00e7a do empreendedorismo juvenil e acad\u00e9mico em Mo\u00e7ambique (@Universidade Eduardo Mondlane, @Universidade Pedagogica de Maputo) e outros pa\u00edses do cons\u00f3rcio (Cabo Verde @Universidade de Cabo Verde, @Universidade de Midelo, Angola @Univerdade T\u00e9cnica de Angola, @Universidade Independente de Angola, Portugal  @Instituto Politecnico de Coimbra @Internacional Consulting and Mobility Agency Sociedad de Responsabilidad Limitada e Espanha @Universidade de Almeria)\n\n\u00c9 assim que se constr\u00f3i o futuro: empoderando, promovendo e inovando, com foco no desenvolvimento socioecon\u00f3mico e na capacita\u00e7\u00e3o da nossa juventude.\n\nO projecto IMPAR cofinanciado pela Uni\u00e3o Europeia, representa um passo significativo no apoio institucional e ideias que transformam realidades.\n\n#UEM #FADIR #EmpreendedorismoSocial #Inova\u00e7\u00e3o #ImpactoSocial #Uni\u00e3oEuropeia #\u00cdMPAR #Mo\u00e7ambique#IPC#UTANGA#UNICV#INCOMA#UP-MAPUTO#UM#UNIA\"><\/a><\/div><\/div><\/li><li class=\"zoom-instagram-widget__item media-icons-normal media-icons-hover\" data-media-type=\"carousel_album\"><div class=\"zoom-instagram-widget__item-inner-wrap\"><img loading=\"lazy\" class=\"zoom-instagram-link zoom-instagram-link-new\"  data-src=\"https:\/\/projetoimpar.eu\/wp-content\/uploads\/2020\/12\/601011190_122206090568346923_859753295689973405_n-640x428.jpg\" data-mfp-src=\"18154966519417689\" width=\"640\" height=\"428\" alt=\"A Universidade T\u00e9cnica de Angola  realizou, no dia 28 de Novembro, \u00e0s 15h, o lan\u00e7amento oficial do YETU\u2013IMPAR, a sua incubadora e centro online integrados no Projecto IMPAR \u2013 Inovar para Empoderar as Mulheres como Promotoras da Economia Social Subsariana, uma iniciativa cofinanciada pelo programa Erasmus+ da Uni\u00e3o Europeia.\n\nO YETU \u2013 IMPAR disponibilizar\u00e1 forma\u00e7\u00e3o online, sess\u00f5es de mentoria, capacita\u00e7\u00e3o digital, apoio t\u00e9cnico e estrat\u00e9gico na cria\u00e7\u00e3o de modelos de neg\u00f3cio, al\u00e9m de acesso a oportunidades de financiamento e networking, direcionadas principalmente a jovens mulheres angolanas.\n\nAo aderir a esta iniciativa, a UTANGA reafirma o seu papel activo na promo\u00e7\u00e3o da inova\u00e7\u00e3o e da economia social, contribuindo para o fortalecimento do ecossistema empreendedor nos pa\u00edses africanos de l\u00edngua oficial portuguesa.\n\n#ProjetoIMPAR #CBHE #EmpreendedorismoSocial #ErasmusPlus #Forma\u00e7\u00e3oIMPAR #JuntasSomosMaisFortes\" \/><div class=\"hover-layout zoom-instagram-widget__overlay zoom-instagram-widget__black \"><svg class=\"svg-icon\" shape-rendering=\"geometricPrecision\"><use xlink:href=\"https:\/\/projetoimpar.eu\/wp-content\/plugins\/instagram-widget-by-wpzoom\/dist\/images\/frontend\/wpzoom-instagram-icons.svg#carousel_album\"><\/use><\/svg><div class=\"zoom-instagram-icon-wrap\"><a class=\"zoom-svg-instagram-stroke\" href=\"https:\/\/www.instagram.com\/p\/DSYCJxaAQdw\/\" rel=\"noopener nofollow\" target=\"_blank\" title=\"A Universidade T\u00e9cnica de Angola  realizou, no dia 28 de Novembro, \u00e0s 15h, o lan\u00e7amento oficial do YETU\u2013IMPAR, a sua incubadora e centro online integrados no Projecto IMPAR \u2013 Inovar para Empoderar as Mulheres como Promotoras da Economia Social Subsariana, uma iniciativa cofinanciada pelo programa Erasmus+ da Uni\u00e3o Europeia.\n\nO YETU \u2013 IMPAR disponibilizar\u00e1 forma\u00e7\u00e3o online, sess\u00f5es de mentoria, capacita\u00e7\u00e3o digital, apoio t\u00e9cnico e estrat\u00e9gico na cria\u00e7\u00e3o de modelos de neg\u00f3cio, al\u00e9m de acesso a oportunidades de financiamento e networking, direcionadas principalmente a jovens mulheres angolanas.\n\nAo aderir a esta iniciativa, a UTANGA reafirma o seu papel activo na promo\u00e7\u00e3o da inova\u00e7\u00e3o e da economia social, contribuindo para o fortalecimento do ecossistema empreendedor nos pa\u00edses africanos de l\u00edngua oficial portuguesa.\n\n#ProjetoIMPAR #CBHE #EmpreendedorismoSocial #ErasmusPlus #Forma\u00e7\u00e3oIMPAR #JuntasSomosMaisFortes\"><\/a><\/div><a class=\"zoom-instagram-link\" data-src=\"https:\/\/projetoimpar.eu\/wp-content\/uploads\/2020\/12\/601011190_122206090568346923_859753295689973405_n-640x428.jpg\" data-mfp-src=\"18154966519417689\" href=\"https:\/\/www.instagram.com\/p\/DSYCJxaAQdw\/\" target=\"_blank\" rel=\"noopener nofollow\" title=\"A Universidade T\u00e9cnica de Angola  realizou, no dia 28 de Novembro, \u00e0s 15h, o lan\u00e7amento oficial do YETU\u2013IMPAR, a sua incubadora e centro online integrados no Projecto IMPAR \u2013 Inovar para Empoderar as Mulheres como Promotoras da Economia Social Subsariana, uma iniciativa cofinanciada pelo programa Erasmus+ da Uni\u00e3o Europeia.\n\nO YETU \u2013 IMPAR disponibilizar\u00e1 forma\u00e7\u00e3o online, sess\u00f5es de mentoria, capacita\u00e7\u00e3o digital, apoio t\u00e9cnico e estrat\u00e9gico na cria\u00e7\u00e3o de modelos de neg\u00f3cio, al\u00e9m de acesso a oportunidades de financiamento e networking, direcionadas principalmente a jovens mulheres angolanas.\n\nAo aderir a esta iniciativa, a UTANGA reafirma o seu papel activo na promo\u00e7\u00e3o da inova\u00e7\u00e3o e da economia social, contribuindo para o fortalecimento do ecossistema empreendedor nos pa\u00edses africanos de l\u00edngua oficial portuguesa.\n\n#ProjetoIMPAR #CBHE #EmpreendedorismoSocial #ErasmusPlus #Forma\u00e7\u00e3oIMPAR #JuntasSomosMaisFortes\"><\/a><\/div><\/div><\/li><li class=\"zoom-instagram-widget__item media-icons-normal media-icons-hover\" data-media-type=\"carousel_album\"><div class=\"zoom-instagram-widget__item-inner-wrap\"><img loading=\"lazy\" class=\"zoom-instagram-link zoom-instagram-link-new\"  data-src=\"https:\/\/projetoimpar.eu\/wp-content\/uploads\/2020\/12\/600298925_122205942854346923_6517749621392449731_n-512x640.jpg\" data-mfp-src=\"18058888511311342\" width=\"512\" height=\"640\" alt=\"Universidade Independente de Angola UNIA  ir\u00e1 realizar, amanh\u00e3, \u00e0s 10h00 (hora local), a sess\u00e3o de apresenta\u00e7\u00e3o do Centro Online IMPAR para o Empreendedorismo Social e da Incubadora e Aceleradora Virtual de Empresas Sociais.\n\nO Centro Online IMPAR integra uma plataforma virtual que articula conte\u00fados de forma\u00e7\u00e3o com servi\u00e7os de incuba\u00e7\u00e3o e acelera\u00e7\u00e3o de empresas sociais.\n\nA iniciativa visa dar a conhecer esta plataforma e os mecanismos de apoio disponibilizados no \u00e2mbito do Projeto IMPAR.\n\n\ud83d\udd17 https:\/\/us06web.zoom.us\/j\/83187856136?pwd=bjAvf8KYbYUahQlabZKAmV8G5geuXM.1\n\n\ud83c\udf10 https:\/\/projetoimpar.eu\/coi\/\" \/><div class=\"hover-layout zoom-instagram-widget__overlay zoom-instagram-widget__black \"><svg class=\"svg-icon\" shape-rendering=\"geometricPrecision\"><use xlink:href=\"https:\/\/projetoimpar.eu\/wp-content\/plugins\/instagram-widget-by-wpzoom\/dist\/images\/frontend\/wpzoom-instagram-icons.svg#carousel_album\"><\/use><\/svg><div class=\"zoom-instagram-icon-wrap\"><a class=\"zoom-svg-instagram-stroke\" href=\"https:\/\/www.instagram.com\/p\/DSUS96rDAXx\/\" rel=\"noopener nofollow\" target=\"_blank\" title=\"Universidade Independente de Angola UNIA  ir\u00e1 realizar, amanh\u00e3, \u00e0s 10h00 (hora local), a sess\u00e3o de apresenta\u00e7\u00e3o do Centro Online IMPAR para o Empreendedorismo Social e da Incubadora e Aceleradora Virtual de Empresas Sociais.\n\nO Centro Online IMPAR integra uma plataforma virtual que articula conte\u00fados de forma\u00e7\u00e3o com servi\u00e7os de incuba\u00e7\u00e3o e acelera\u00e7\u00e3o de empresas sociais.\n\nA iniciativa visa dar a conhecer esta plataforma e os mecanismos de apoio disponibilizados no \u00e2mbito do Projeto IMPAR.\n\n\ud83d\udd17 https:\/\/us06web.zoom.us\/j\/83187856136?pwd=bjAvf8KYbYUahQlabZKAmV8G5geuXM.1\n\n\ud83c\udf10 https:\/\/projetoimpar.eu\/coi\/\"><\/a><\/div><a class=\"zoom-instagram-link\" data-src=\"https:\/\/projetoimpar.eu\/wp-content\/uploads\/2020\/12\/600298925_122205942854346923_6517749621392449731_n-512x640.jpg\" data-mfp-src=\"18058888511311342\" href=\"https:\/\/www.instagram.com\/p\/DSUS96rDAXx\/\" target=\"_blank\" rel=\"noopener nofollow\" title=\"Universidade Independente de Angola UNIA  ir\u00e1 realizar, amanh\u00e3, \u00e0s 10h00 (hora local), a sess\u00e3o de apresenta\u00e7\u00e3o do Centro Online IMPAR para o Empreendedorismo Social e da Incubadora e Aceleradora Virtual de Empresas Sociais.\n\nO Centro Online IMPAR integra uma plataforma virtual que articula conte\u00fados de forma\u00e7\u00e3o com servi\u00e7os de incuba\u00e7\u00e3o e acelera\u00e7\u00e3o de empresas sociais.\n\nA iniciativa visa dar a conhecer esta plataforma e os mecanismos de apoio disponibilizados no \u00e2mbito do Projeto IMPAR.\n\n\ud83d\udd17 https:\/\/us06web.zoom.us\/j\/83187856136?pwd=bjAvf8KYbYUahQlabZKAmV8G5geuXM.1\n\n\ud83c\udf10 https:\/\/projetoimpar.eu\/coi\/\"><\/a><\/div><\/div><\/li><\/ul><\/div><div class=\"zoom-instagram-widget__footer\"><a href=\"https:\/\/www.instagram.com\/impar.comunidade\" target=\"_blank\" rel=\"noopener nofollow\" class=\"wpz-button wpz-button-primary wpz-insta-view-on-insta-button\"><span class=\"button-icon zoom-svg-instagram-stroke\"><\/span> View on Instagram<\/a><\/div><div class=\"wpz-insta-lightbox-wrapper mfp-hide\"><div class=\"swiper\"><div class=\"swiper-wrapper\"><div data-uid=\"18135417277506813\" class=\"swiper-slide wpz-insta-lightbox-item\"><div class=\"wpz-insta-lightbox\"><div class=\"image-wrapper\"><img class=\"wpzoom-swiper-image swiper-lazy\" data-src=\"https:\/\/projetoimpar.eu\/wp-content\/uploads\/2020\/12\/648519965_122216086982346923_5954350488308719741_n.jpg\" alt=\"No Dia Internacional da Mulher, reconhecemos os desafios que ainda existem e refor\u00e7amos a import\u00e2ncia de criar oportunidades iguais para todas. \ud83d\udcaa\ud83c\udf0d \n\nO projeto IMPAR apoia e capacita jovens mulheres a transformar ideias em neg\u00f3cios sociais eco\u2011inclusivos, fortalecendo o seu papel na transforma\u00e7\u00e3o das suas comunidades em Mo\u00e7ambique, Cabo Verde e Angola. \n \n\n#CBHE #impar #PROJETOIMPAR #imparproject  #8DeMar\u00e7o #EmpreendedorismoSocial #IgualdadeDeG\u00e9nero #EmpoderamentoFeminino\"\/><div class=\"swiper-lazy-preloader swiper-lazy-preloader-white\"><\/div><\/div>\n\t\t\t\t\t<div class=\"details-wrapper\">\n\t\t\t\t\t<div class=\"wpz-insta-header\">\n\t\t\t\t\t\t<div class=\"wpz-insta-avatar\">\n\t\t\t\t\t\t\t<img loading=\"lazy\" decoding=\"async\" src=\"https:\/\/projetoimpar.eu\/wp-content\/uploads\/2026\/01\/484530993_1935949496944738_6835048432432409378_n-150x150.jpg\" alt=\"@impar.comunidade\" width=\"42\" height=\"42\"\/>\n\t\t\t\t\t\t<\/div>\n\t\t\t\t\t\t<div class=\"wpz-insta-buttons\">\n\t\t\t\t\t\t\t<div class=\"wpz-insta-username\">\n\t\t\t\t\t\t\t\t<a rel=\"noopener\" target=\"_blank\" href=\"https:\/\/instagram.com\/impar.comunidade\">@impar.comunidade<\/a>\n\t\t\t\t\t\t\t<\/div>\n\t\t\t\t\t\t\t<div>&bull;<\/div>\n\t\t\t\t\t\t\t<div class=\"wpz-insta-follow\">\n\t\t\t\t\t\t\t\t<a target=\"_blank\" rel=\"noopener\"\n\t\t\t\t\t\t\t\thref=\"https:\/\/instagram.com\/impar.comunidade?ref=badge\">\n\t\t\t\t\t\t\t\t\tFollow\n\t\t\t\t\t\t\t\t<\/a>\n\t\t\t\t\t\t\t<\/div>\n\t\t\t\t\t\t<\/div>\n\t\t\t\t\t<\/div><div class=\"wpz-insta-caption\">No Dia Internacional da Mulher, reconhecemos os desafios que ainda existem e refor\u00e7amos a import\u00e2ncia de criar oportunidades iguais para todas. \ud83d\udcaa\ud83c\udf0d \n\nO projeto IMPAR apoia e capacita jovens mulheres a transformar ideias em neg\u00f3cios sociais eco\u2011inclusivos, fortalecendo o seu papel na transforma\u00e7\u00e3o das suas comunidades em Mo\u00e7ambique, Cabo Verde e Angola. \n \n\n#CBHE #impar #PROJETOIMPAR #imparproject  #8DeMar\u00e7o #EmpreendedorismoSocial #IgualdadeDeG\u00e9nero #EmpoderamentoFeminino<\/div><div class=\"wpz-insta-date\">2 months ago<\/div><div class=\"wpz-insta-counts\"><span class=\"wpz-insta-likes\"><svg width=\"18\" height=\"18\" xmlns=\"http:\/\/www.w3.org\/2000\/svg\" viewBox=\"0 0 25 25\" id=\"heart-outline\"><path fill=\"none\" stroke=\"#c0c7ca\" stroke-width=\"2\" d=\"M12 21.35l-1.45-1.32C5.4 15.36 2 12.28 2 8.5 2 5.42 4.42 3 7.5 3c1.74 0 3.41.81 4.5 2.09C13.09 3.81 14.76 3 16.5 3 19.58 3 22 5.42 22 8.5c0 3.78-3.4 6.86-8.55 11.54L12 21.35z\"><\/path><\/svg>3<\/span><\/div><div class=\"view-post\">\n\t\t\t\t\t<a href=\"https:\/\/www.instagram.com\/p\/DVn0uwpAUXp\/\" target=\"_blank\" rel=\"noopener\"><span class=\"dashicons dashicons-instagram\"><\/span>View on Instagram<\/a>\n\t\t\t\t\t<span class=\"delimiter\">|<\/span>\n\t\t\t\t\t<div class=\"wpz-insta-pagination\">1\/9<\/div>\n\t\t\t\t\t<\/div><\/div><\/div><\/div><div data-uid=\"18394947406197766\" class=\"swiper-slide wpz-insta-lightbox-item\"><div class=\"wpz-insta-lightbox\"><div class=\"image-wrapper\"><img class=\"wpzoom-swiper-image swiper-lazy\" data-src=\"https:\/\/projetoimpar.eu\/wp-content\/uploads\/2020\/12\/647679073_122215795670346923_4085319590015750294_n.jpg\" alt=\"A @universidade_eduardo_mondlane , no \u00e2mbito do Projecto IMPAR (ERASMUS+), torna p\u00fablico que est\u00e3o abertas as candidaturas para o Curso de Empreendedorismo Social, uma forma\u00e7\u00e3o gratuita destinada a mulheres com idades compreendidas entre os 18 e os 30 anos.\n\nPodem candidatar-se estudantes de todos os anos, rec\u00e9m-formadas e antigas alunas da UEM com interesse na \u00e1rea do empreendedorismo social.\n\nPer\u00edodo de Candidaturas: 9 de Fevereiro a 15 de Mar\u00e7o de 2026\nPer\u00edodo de Realiza\u00e7\u00e3o do Curso: 20 de Abril a 23 de Outubro de 2026\n\nAs candidaturas devem ser submetidas atrav\u00e9s do site oficial do projecto: www.projetoimpar.eu ou directamente no Centro Online IMPAR: https:\/\/projetoimpar.eu\/coi\/.\n\nEm caso de excesso de candidaturas face \u00e0s vagas dispon\u00edveis, o processo de selec\u00e7\u00e3o ser\u00e1 conduzido com base em crit\u00e9rios claros e previamente definidos, garantindo a transpar\u00eancia e a igualdade de oportunidade entre as participantes.\n\nPara mais informa\u00e7\u00f5es, contactar:\nAugusta Eduardo \u2013 +258 84 459 1221\nJoaquim Fumo \u2013 +258 82 462 9970\n\nAcompanhe as novidades atrav\u00e9s do site www.direito.uem.mz e nas redes sociais: @fadir_uem .\n\n#CBHE #IMPAR #projetoIMPAR #IMPARproject\"\/><div class=\"swiper-lazy-preloader swiper-lazy-preloader-white\"><\/div><\/div>\n\t\t\t\t\t<div class=\"details-wrapper\">\n\t\t\t\t\t<div class=\"wpz-insta-header\">\n\t\t\t\t\t\t<div class=\"wpz-insta-avatar\">\n\t\t\t\t\t\t\t<img loading=\"lazy\" decoding=\"async\" src=\"https:\/\/projetoimpar.eu\/wp-content\/uploads\/2026\/01\/484530993_1935949496944738_6835048432432409378_n-150x150.jpg\" alt=\"@impar.comunidade\" width=\"42\" height=\"42\"\/>\n\t\t\t\t\t\t<\/div>\n\t\t\t\t\t\t<div class=\"wpz-insta-buttons\">\n\t\t\t\t\t\t\t<div class=\"wpz-insta-username\">\n\t\t\t\t\t\t\t\t<a rel=\"noopener\" target=\"_blank\" href=\"https:\/\/instagram.com\/impar.comunidade\">@impar.comunidade<\/a>\n\t\t\t\t\t\t\t<\/div>\n\t\t\t\t\t\t\t<div>&bull;<\/div>\n\t\t\t\t\t\t\t<div class=\"wpz-insta-follow\">\n\t\t\t\t\t\t\t\t<a target=\"_blank\" rel=\"noopener\"\n\t\t\t\t\t\t\t\thref=\"https:\/\/instagram.com\/impar.comunidade?ref=badge\">\n\t\t\t\t\t\t\t\t\tFollow\n\t\t\t\t\t\t\t\t<\/a>\n\t\t\t\t\t\t\t<\/div>\n\t\t\t\t\t\t<\/div>\n\t\t\t\t\t<\/div><div class=\"wpz-insta-caption\">A @universidade_eduardo_mondlane , no \u00e2mbito do Projecto IMPAR (ERASMUS+), torna p\u00fablico que est\u00e3o abertas as candidaturas para o Curso de Empreendedorismo Social, uma forma\u00e7\u00e3o gratuita destinada a mulheres com idades compreendidas entre os 18 e os 30 anos.\n\nPodem candidatar-se estudantes de todos os anos, rec\u00e9m-formadas e antigas alunas da UEM com interesse na \u00e1rea do empreendedorismo social.\n\nPer\u00edodo de Candidaturas: 9 de Fevereiro a 15 de Mar\u00e7o de 2026\nPer\u00edodo de Realiza\u00e7\u00e3o do Curso: 20 de Abril a 23 de Outubro de 2026\n\nAs candidaturas devem ser submetidas atrav\u00e9s do site oficial do projecto: www.projetoimpar.eu ou directamente no Centro Online IMPAR: https:\/\/projetoimpar.eu\/coi\/.\n\nEm caso de excesso de candidaturas face \u00e0s vagas dispon\u00edveis, o processo de selec\u00e7\u00e3o ser\u00e1 conduzido com base em crit\u00e9rios claros e previamente definidos, garantindo a transpar\u00eancia e a igualdade de oportunidade entre as participantes.\n\nPara mais informa\u00e7\u00f5es, contactar:\nAugusta Eduardo \u2013 +258 84 459 1221\nJoaquim Fumo \u2013 +258 82 462 9970\n\nAcompanhe as novidades atrav\u00e9s do site www.direito.uem.mz e nas redes sociais: @fadir_uem .\n\n#CBHE #IMPAR #projetoIMPAR #IMPARproject<\/div><div class=\"wpz-insta-date\">2 months ago<\/div><div class=\"wpz-insta-counts\"><span class=\"wpz-insta-likes\"><svg width=\"18\" height=\"18\" xmlns=\"http:\/\/www.w3.org\/2000\/svg\" viewBox=\"0 0 25 25\" id=\"heart-outline\"><path fill=\"none\" stroke=\"#c0c7ca\" stroke-width=\"2\" d=\"M12 21.35l-1.45-1.32C5.4 15.36 2 12.28 2 8.5 2 5.42 4.42 3 7.5 3c1.74 0 3.41.81 4.5 2.09C13.09 3.81 14.76 3 16.5 3 19.58 3 22 5.42 22 8.5c0 3.78-3.4 6.86-8.55 11.54L12 21.35z\"><\/path><\/svg>5<\/span><\/div><div class=\"view-post\">\n\t\t\t\t\t<a href=\"https:\/\/www.instagram.com\/p\/DVdUqMCDK0J\/\" target=\"_blank\" rel=\"noopener\"><span class=\"dashicons dashicons-instagram\"><\/span>View on Instagram<\/a>\n\t\t\t\t\t<span class=\"delimiter\">|<\/span>\n\t\t\t\t\t<div class=\"wpz-insta-pagination\">2\/9<\/div>\n\t\t\t\t\t<\/div><\/div><\/div><\/div><div data-uid=\"18117670975545241\" class=\"swiper-slide wpz-insta-lightbox-item\"><div class=\"wpz-insta-lightbox\"><div class=\"image-wrapper\"><div class=\"swiper\" style=\"height: 100%;\"><div class=\"swiper-wrapper wpz-insta-album-images\"><div class=\"swiper-slide wpz-insta-album-image\" data-media-type=\"image\"><img class=\"wpzoom-swiper-image swiper-lazy\" data-src=\"https:\/\/scontent-mad1-1.cdninstagram.com\/v\/t39.30808-6\/645921258_122215476938346923_4657094642543273648_n.jpg?stp=dst-jpg_e35_tt6&#038;_nc_cat=107&#038;ccb=7-5&#038;_nc_sid=18de74&#038;efg=eyJlZmdfdGFnIjoiQ0FST1VTRUxfSVRFTS5iZXN0X2ltYWdlX3VybGdlbi5DMyJ9&#038;_nc_ohc=_dGZYazKGvMQ7kNvwGs6zRd&#038;_nc_oc=AdphiBusOt65xZ8t5nA7ZWGIVUZs6_Vd5Pu08GN8zBuEz6ygBpIdnwvpac4-5OAwuEq-hv4tdjZSF6mX3x7MNGI-&#038;_nc_zt=23&#038;_nc_ht=scontent-mad1-1.cdninstagram.com&#038;edm=AM6HXa8EAAAA&#038;_nc_gid=lOvxg_0kgdjyvLreQoiL7A&#038;oh=00_Af5PpPSrrkC_akd-GwmWS9mhepClWgvFeHYKKqX92eZZIQ&#038;oe=69FB461D\" alt=\"ATEN\u00c7\u00c3O MULHERES - UnIA! \n\nChamada Especial para Mulheres dos 18 aos 30 Anos. \n\n\u00c9s Estudante ou  Ex-Estudante, gostas de inovar atrav\u00e9s do Empreendedorismo Social? \n\nEsta Forma\u00e7\u00e3o \u00e9 para ti. \n\nInscreva-se j\u00e1. 100% online e gratuita. \n\nInscri\u00e7\u00f5es: at\u00e9 15 de Mar\u00e7o de 2026. \n\nAceda ao site oficial: https:\/\/projetoimpar.eu\/coi\/ ou em  www.unia.ao,  clique no menu Coopera\u00e7\u00e3o e seleccione Projecto IMPAR. \n\n#CBHE #IMPAR #ProjetoIMPAR #IMPARproject\"\/><div class=\"swiper-lazy-preloader swiper-lazy-preloader-white\"><\/div><\/div><div class=\"swiper-slide wpz-insta-album-image\" data-media-type=\"image\"><img class=\"wpzoom-swiper-image swiper-lazy\" data-src=\"https:\/\/scontent-mad2-1.cdninstagram.com\/v\/t39.30808-6\/645800346_122215476902346923_6213906958836483796_n.jpg?stp=dst-jpg_e35_tt6&#038;_nc_cat=111&#038;ccb=7-5&#038;_nc_sid=18de74&#038;efg=eyJlZmdfdGFnIjoiQ0FST1VTRUxfSVRFTS5iZXN0X2ltYWdlX3VybGdlbi5DMyJ9&#038;_nc_ohc=roEemwsuwhIQ7kNvwHD3-uM&#038;_nc_oc=AdpnaFawsgCfbwXnWlg7XBLUvjlO1vFSYCcNGVqgBN-fWw-6KM9ZwpvKgZ0-aWl6RZpNPJG_0e_1GRl0w9Y181h7&#038;_nc_zt=23&#038;_nc_ht=scontent-mad2-1.cdninstagram.com&#038;edm=AM6HXa8EAAAA&#038;_nc_gid=lOvxg_0kgdjyvLreQoiL7A&#038;oh=00_Af7rk4ljz74gS21N9wOMn6H5GoSNKBJkqgh0MxVTo2xjZA&#038;oe=69FB4920\" alt=\"ATEN\u00c7\u00c3O MULHERES - UnIA! \n\nChamada Especial para Mulheres dos 18 aos 30 Anos. \n\n\u00c9s Estudante ou  Ex-Estudante, gostas de inovar atrav\u00e9s do Empreendedorismo Social? \n\nEsta Forma\u00e7\u00e3o \u00e9 para ti. \n\nInscreva-se j\u00e1. 100% online e gratuita. \n\nInscri\u00e7\u00f5es: at\u00e9 15 de Mar\u00e7o de 2026. \n\nAceda ao site oficial: https:\/\/projetoimpar.eu\/coi\/ ou em  www.unia.ao,  clique no menu Coopera\u00e7\u00e3o e seleccione Projecto IMPAR. \n\n#CBHE #IMPAR #ProjetoIMPAR #IMPARproject\"\/><div class=\"swiper-lazy-preloader swiper-lazy-preloader-white\"><\/div><\/div><\/div><div class=\"swiper-pagination\"><\/div><div class=\"swiper-button-prev\"><\/div><div class=\"swiper-button-next\"><\/div><\/div><\/div>\n\t\t\t\t\t<div class=\"details-wrapper\">\n\t\t\t\t\t<div class=\"wpz-insta-header\">\n\t\t\t\t\t\t<div class=\"wpz-insta-avatar\">\n\t\t\t\t\t\t\t<img loading=\"lazy\" decoding=\"async\" src=\"https:\/\/projetoimpar.eu\/wp-content\/uploads\/2026\/01\/484530993_1935949496944738_6835048432432409378_n-150x150.jpg\" alt=\"@impar.comunidade\" width=\"42\" height=\"42\"\/>\n\t\t\t\t\t\t<\/div>\n\t\t\t\t\t\t<div class=\"wpz-insta-buttons\">\n\t\t\t\t\t\t\t<div class=\"wpz-insta-username\">\n\t\t\t\t\t\t\t\t<a rel=\"noopener\" target=\"_blank\" href=\"https:\/\/instagram.com\/impar.comunidade\">@impar.comunidade<\/a>\n\t\t\t\t\t\t\t<\/div>\n\t\t\t\t\t\t\t<div>&bull;<\/div>\n\t\t\t\t\t\t\t<div class=\"wpz-insta-follow\">\n\t\t\t\t\t\t\t\t<a target=\"_blank\" rel=\"noopener\"\n\t\t\t\t\t\t\t\thref=\"https:\/\/instagram.com\/impar.comunidade?ref=badge\">\n\t\t\t\t\t\t\t\t\tFollow\n\t\t\t\t\t\t\t\t<\/a>\n\t\t\t\t\t\t\t<\/div>\n\t\t\t\t\t\t<\/div>\n\t\t\t\t\t<\/div><div class=\"wpz-insta-caption\">ATEN\u00c7\u00c3O MULHERES - UnIA! \n\nChamada Especial para Mulheres dos 18 aos 30 Anos. \n\n\u00c9s Estudante ou  Ex-Estudante, gostas de inovar atrav\u00e9s do Empreendedorismo Social? \n\nEsta Forma\u00e7\u00e3o \u00e9 para ti. \n\nInscreva-se j\u00e1. 100% online e gratuita. \n\nInscri\u00e7\u00f5es: at\u00e9 15 de Mar\u00e7o de 2026. \n\nAceda ao site oficial: https:\/\/projetoimpar.eu\/coi\/ ou em  www.unia.ao,  clique no menu Coopera\u00e7\u00e3o e seleccione Projecto IMPAR. \n\n#CBHE #IMPAR #ProjetoIMPAR #IMPARproject<\/div><div class=\"wpz-insta-date\">2 months ago<\/div><div class=\"wpz-insta-counts\"><span class=\"wpz-insta-likes\"><svg width=\"18\" height=\"18\" xmlns=\"http:\/\/www.w3.org\/2000\/svg\" viewBox=\"0 0 25 25\" id=\"heart-outline\"><path fill=\"none\" stroke=\"#c0c7ca\" stroke-width=\"2\" d=\"M12 21.35l-1.45-1.32C5.4 15.36 2 12.28 2 8.5 2 5.42 4.42 3 7.5 3c1.74 0 3.41.81 4.5 2.09C13.09 3.81 14.76 3 16.5 3 19.58 3 22 5.42 22 8.5c0 3.78-3.4 6.86-8.55 11.54L12 21.35z\"><\/path><\/svg>4<\/span><\/div><div class=\"view-post\">\n\t\t\t\t\t<a href=\"https:\/\/www.instagram.com\/p\/DVYvzGNjM-C\/\" target=\"_blank\" rel=\"noopener\"><span class=\"dashicons dashicons-instagram\"><\/span>View on Instagram<\/a>\n\t\t\t\t\t<span class=\"delimiter\">|<\/span>\n\t\t\t\t\t<div class=\"wpz-insta-pagination\">3\/9<\/div>\n\t\t\t\t\t<\/div><\/div><\/div><\/div><div data-uid=\"18099368104675850\" class=\"swiper-slide wpz-insta-lightbox-item\"><div class=\"wpz-insta-lightbox\"><div class=\"image-wrapper\"><img class=\"wpzoom-swiper-image swiper-lazy\" data-src=\"https:\/\/projetoimpar.eu\/wp-content\/uploads\/2020\/12\/612446464_122208852098346923_4683619354975103677_n.jpg\" alt=\"\ud83d\udce2 Publica\u00e7\u00e3o do projeto IMPAR! \n\nNovo artigo apresenta os resultados do diagn\u00f3stico de necessidades do projeto IMPAR sobre empreendedorismo social feminino em Angola, Cabo Verde e Mo\u00e7ambique, que serviu de base ao desenho dos nossos programas de forma\u00e7\u00e3o. \n\nhttps:\/\/sites.ipleiria.pt\/6ciead\/ \n\n#IMPARProject #EmpreendedorismoSocial #MulheresEmpreendedoras #ErasmusPlus #EconomiaSocial\"\/><div class=\"swiper-lazy-preloader swiper-lazy-preloader-white\"><\/div><\/div>\n\t\t\t\t\t<div class=\"details-wrapper\">\n\t\t\t\t\t<div class=\"wpz-insta-header\">\n\t\t\t\t\t\t<div class=\"wpz-insta-avatar\">\n\t\t\t\t\t\t\t<img loading=\"lazy\" decoding=\"async\" src=\"https:\/\/projetoimpar.eu\/wp-content\/uploads\/2026\/01\/484530993_1935949496944738_6835048432432409378_n-150x150.jpg\" alt=\"@impar.comunidade\" width=\"42\" height=\"42\"\/>\n\t\t\t\t\t\t<\/div>\n\t\t\t\t\t\t<div class=\"wpz-insta-buttons\">\n\t\t\t\t\t\t\t<div class=\"wpz-insta-username\">\n\t\t\t\t\t\t\t\t<a rel=\"noopener\" target=\"_blank\" href=\"https:\/\/instagram.com\/impar.comunidade\">@impar.comunidade<\/a>\n\t\t\t\t\t\t\t<\/div>\n\t\t\t\t\t\t\t<div>&bull;<\/div>\n\t\t\t\t\t\t\t<div class=\"wpz-insta-follow\">\n\t\t\t\t\t\t\t\t<a target=\"_blank\" rel=\"noopener\"\n\t\t\t\t\t\t\t\thref=\"https:\/\/instagram.com\/impar.comunidade?ref=badge\">\n\t\t\t\t\t\t\t\t\tFollow\n\t\t\t\t\t\t\t\t<\/a>\n\t\t\t\t\t\t\t<\/div>\n\t\t\t\t\t\t<\/div>\n\t\t\t\t\t<\/div><div class=\"wpz-insta-caption\">\ud83d\udce2 Publica\u00e7\u00e3o do projeto IMPAR! \n\nNovo artigo apresenta os resultados do diagn\u00f3stico de necessidades do projeto IMPAR sobre empreendedorismo social feminino em Angola, Cabo Verde e Mo\u00e7ambique, que serviu de base ao desenho dos nossos programas de forma\u00e7\u00e3o. \n\nhttps:\/\/sites.ipleiria.pt\/6ciead\/ \n\n#IMPARProject #EmpreendedorismoSocial #MulheresEmpreendedoras #ErasmusPlus #EconomiaSocial<\/div><div class=\"wpz-insta-date\">4 months ago<\/div><div class=\"wpz-insta-counts\"><span class=\"wpz-insta-likes\"><svg width=\"18\" height=\"18\" xmlns=\"http:\/\/www.w3.org\/2000\/svg\" viewBox=\"0 0 25 25\" id=\"heart-outline\"><path fill=\"none\" stroke=\"#c0c7ca\" stroke-width=\"2\" d=\"M12 21.35l-1.45-1.32C5.4 15.36 2 12.28 2 8.5 2 5.42 4.42 3 7.5 3c1.74 0 3.41.81 4.5 2.09C13.09 3.81 14.76 3 16.5 3 19.58 3 22 5.42 22 8.5c0 3.78-3.4 6.86-8.55 11.54L12 21.35z\"><\/path><\/svg>1<\/span><\/div><div class=\"view-post\">\n\t\t\t\t\t<a href=\"https:\/\/www.instagram.com\/p\/DTNg46YDLKM\/\" target=\"_blank\" rel=\"noopener\"><span class=\"dashicons dashicons-instagram\"><\/span>View on Instagram<\/a>\n\t\t\t\t\t<span class=\"delimiter\">|<\/span>\n\t\t\t\t\t<div class=\"wpz-insta-pagination\">4\/9<\/div>\n\t\t\t\t\t<\/div><\/div><\/div><\/div><div data-uid=\"18072829058063751\" class=\"swiper-slide wpz-insta-lightbox-item\"><div class=\"wpz-insta-lightbox\"><div class=\"image-wrapper\"><img class=\"wpzoom-swiper-image swiper-lazy\" data-src=\"https:\/\/projetoimpar.eu\/wp-content\/uploads\/2020\/12\/603865841_122206743812346923_2096330295832705011_n.jpg\" alt=\"\ud83d\udccd IMPAR na Uni-CV | In\u00edcio das Atividades\n\nNo dia 19 de dezembro, a IMPAR deu in\u00edcio \u00e0s suas opera\u00e7\u00f5es e \u00e0 oferta de servi\u00e7os na Universidade de Cabo Verde - UniCV. A primeira sess\u00e3o decorreu no \u00e2mbito da disciplina de E-Commerce, integrada na iniciativa E-Business Lab, com estudantes do 4.\u00ba ano.\n\nDurante a sess\u00e3o, foram apresentados o projeto IMPAR, as oportunidades que oferece para as mulheres e o Centro Online IMPAR (COI).\n\n\ud83d\udd17 https:\/\/projetoimpar.eu\/coi\/\n\n#ProjetoIMPAR #CBHE #EmpreendedorismoSocial #ErasmusPlus #Forma\u00e7\u00e3oIMPAR #JuntasSomosMaisFortes\"\/><div class=\"swiper-lazy-preloader swiper-lazy-preloader-white\"><\/div><\/div>\n\t\t\t\t\t<div class=\"details-wrapper\">\n\t\t\t\t\t<div class=\"wpz-insta-header\">\n\t\t\t\t\t\t<div class=\"wpz-insta-avatar\">\n\t\t\t\t\t\t\t<img loading=\"lazy\" decoding=\"async\" src=\"https:\/\/projetoimpar.eu\/wp-content\/uploads\/2026\/01\/484530993_1935949496944738_6835048432432409378_n-150x150.jpg\" alt=\"@impar.comunidade\" width=\"42\" height=\"42\"\/>\n\t\t\t\t\t\t<\/div>\n\t\t\t\t\t\t<div class=\"wpz-insta-buttons\">\n\t\t\t\t\t\t\t<div class=\"wpz-insta-username\">\n\t\t\t\t\t\t\t\t<a rel=\"noopener\" target=\"_blank\" href=\"https:\/\/instagram.com\/impar.comunidade\">@impar.comunidade<\/a>\n\t\t\t\t\t\t\t<\/div>\n\t\t\t\t\t\t\t<div>&bull;<\/div>\n\t\t\t\t\t\t\t<div class=\"wpz-insta-follow\">\n\t\t\t\t\t\t\t\t<a target=\"_blank\" rel=\"noopener\"\n\t\t\t\t\t\t\t\thref=\"https:\/\/instagram.com\/impar.comunidade?ref=badge\">\n\t\t\t\t\t\t\t\t\tFollow\n\t\t\t\t\t\t\t\t<\/a>\n\t\t\t\t\t\t\t<\/div>\n\t\t\t\t\t\t<\/div>\n\t\t\t\t\t<\/div><div class=\"wpz-insta-caption\">\ud83d\udccd IMPAR na Uni-CV | In\u00edcio das Atividades\n\nNo dia 19 de dezembro, a IMPAR deu in\u00edcio \u00e0s suas opera\u00e7\u00f5es e \u00e0 oferta de servi\u00e7os na Universidade de Cabo Verde - UniCV. A primeira sess\u00e3o decorreu no \u00e2mbito da disciplina de E-Commerce, integrada na iniciativa E-Business Lab, com estudantes do 4.\u00ba ano.\n\nDurante a sess\u00e3o, foram apresentados o projeto IMPAR, as oportunidades que oferece para as mulheres e o Centro Online IMPAR (COI).\n\n\ud83d\udd17 https:\/\/projetoimpar.eu\/coi\/\n\n#ProjetoIMPAR #CBHE #EmpreendedorismoSocial #ErasmusPlus #Forma\u00e7\u00e3oIMPAR #JuntasSomosMaisFortes<\/div><div class=\"wpz-insta-date\">4 months ago<\/div><div class=\"wpz-insta-counts\"><span class=\"wpz-insta-likes\"><svg width=\"18\" height=\"18\" xmlns=\"http:\/\/www.w3.org\/2000\/svg\" viewBox=\"0 0 25 25\" id=\"heart-outline\"><path fill=\"none\" stroke=\"#c0c7ca\" stroke-width=\"2\" d=\"M12 21.35l-1.45-1.32C5.4 15.36 2 12.28 2 8.5 2 5.42 4.42 3 7.5 3c1.74 0 3.41.81 4.5 2.09C13.09 3.81 14.76 3 16.5 3 19.58 3 22 5.42 22 8.5c0 3.78-3.4 6.86-8.55 11.54L12 21.35z\"><\/path><\/svg>2<\/span><\/div><div class=\"view-post\">\n\t\t\t\t\t<a href=\"https:\/\/www.instagram.com\/p\/DSkNEh7kvZy\/\" target=\"_blank\" rel=\"noopener\"><span class=\"dashicons dashicons-instagram\"><\/span>View on Instagram<\/a>\n\t\t\t\t\t<span class=\"delimiter\">|<\/span>\n\t\t\t\t\t<div class=\"wpz-insta-pagination\">5\/9<\/div>\n\t\t\t\t\t<\/div><\/div><\/div><\/div><div data-uid=\"18165075319384464\" class=\"swiper-slide wpz-insta-lightbox-item\"><div class=\"wpz-insta-lightbox\"><div class=\"image-wrapper\"><div class=\"swiper\" style=\"height: 100%;\"><div class=\"swiper-wrapper wpz-insta-album-images\"><div class=\"swiper-slide wpz-insta-album-image\" data-media-type=\"image\"><img class=\"wpzoom-swiper-image swiper-lazy\" data-src=\"https:\/\/scontent-mad1-1.cdninstagram.com\/v\/t39.30808-6\/602966470_122206345178346923_3661072246828718277_n.jpg?stp=dst-jpg_e35_tt6&#038;_nc_cat=102&#038;ccb=7-5&#038;_nc_sid=18de74&#038;efg=eyJlZmdfdGFnIjoiQ0FST1VTRUxfSVRFTS5iZXN0X2ltYWdlX3VybGdlbi5DMyJ9&#038;_nc_ohc=RoohFtN2y4kQ7kNvwFO8FI5&#038;_nc_oc=AdrVM9PPJjmf3ylsZMW93zKZ6rJwzBwidDIoC-a-IAM1FEB2KppcXnBDXrLp6Rlq1FPMXFzCeg4B1B0JtK_CE6El&#038;_nc_zt=23&#038;_nc_ht=scontent-mad1-1.cdninstagram.com&#038;edm=AM6HXa8EAAAA&#038;_nc_gid=lOvxg_0kgdjyvLreQoiL7A&#038;oh=00_Af4ak88btw8GQtKodeL5fYEejOEhj6p_-CEU4aGSu3RIrw&#038;oe=69FB3BD8\" alt=\"No dia 17 de Dezembro de 2025, @unia_angola realizou o Lan\u00e7amento Oficial do Centro Online IMPAR e da Incubadora e Aceleradora Virtual de Empresas Sociais. \n\nO evento cofinanciado pela Uni\u00e3o Europeia, reuniu o Corpo Docente, Discente e Especialistas para debater o futuro do \u201cEmpreendedorismo Social Feminino em Angola: Desafios e Oportunidades.\u201d A abertura foi conduzida pelo Magn\u00edfico Reitor Professor Catedr\u00e1tico Carlos Pedro Cl\u00e1ver Yoba, seguida pela interven\u00e7\u00e3o do Coordenador do Projecto IMPAR, Professor Doutor Francisco Jacob. \n\u2022 \u00c9s uma jovem mulher, tens entre 18 e 30 anos?\n\u2022 Est\u00e1s interessada em lideran\u00e7a social e cria\u00e7\u00e3o de neg\u00f3cios de impacto?\n\nIMPAR- Inovar para Empoderar as Mulheres como Promotoras da Economia Social Subsaariana, tem oportunidade para ti! Venha fazer parte da pr\u00f3xima gera\u00e7\u00e3o de l\u00edderes sociais! Preparamos as Universidades para te munir com forma\u00e7\u00e3o gratuita em Empreendedorismo Social \n\nInscri\u00e7\u00f5es de 09 de Fevereiro a 15 de Mar\u00e7o \nIn\u00edcio dos Cursos Gratuitos. M\u00eas de Abril\n\nSaiba mais em: https:\/\/projetoimpar.eu\/coi\/ \n\n#ProjetoIMPAR #CBHE #EmpreendedorismoSocial #ErasmusPlus #Forma\u00e7\u00e3oIMPAR #JuntasSomosMaisFortes\"\/><div class=\"swiper-lazy-preloader swiper-lazy-preloader-white\"><\/div><\/div><div class=\"swiper-slide wpz-insta-album-image\" data-media-type=\"image\"><img class=\"wpzoom-swiper-image swiper-lazy\" data-src=\"https:\/\/scontent-mad2-1.cdninstagram.com\/v\/t39.30808-6\/603825652_122206345088346923_7774021734629380459_n.jpg?stp=dst-jpg_e35_tt6&#038;_nc_cat=100&#038;ccb=7-5&#038;_nc_sid=18de74&#038;efg=eyJlZmdfdGFnIjoiQ0FST1VTRUxfSVRFTS5iZXN0X2ltYWdlX3VybGdlbi5DMyJ9&#038;_nc_ohc=GX4RyOyVhxQQ7kNvwF0Mq-e&#038;_nc_oc=AdoPGFwW9tZ_eTyEtappEueu5svDDVX8OovEmwqYiSNNScMEt8oqkju5kv5fn4oeEzzRITLnO8flNoA00sRxuhPZ&#038;_nc_zt=23&#038;_nc_ht=scontent-mad2-1.cdninstagram.com&#038;edm=AM6HXa8EAAAA&#038;_nc_gid=lOvxg_0kgdjyvLreQoiL7A&#038;oh=00_Af5lPggRpgM7eG9iZybEQVuGpGOqODJTyvg1qbtNRTkTpw&#038;oe=69FB4831\" alt=\"No dia 17 de Dezembro de 2025, @unia_angola realizou o Lan\u00e7amento Oficial do Centro Online IMPAR e da Incubadora e Aceleradora Virtual de Empresas Sociais. \n\nO evento cofinanciado pela Uni\u00e3o Europeia, reuniu o Corpo Docente, Discente e Especialistas para debater o futuro do \u201cEmpreendedorismo Social Feminino em Angola: Desafios e Oportunidades.\u201d A abertura foi conduzida pelo Magn\u00edfico Reitor Professor Catedr\u00e1tico Carlos Pedro Cl\u00e1ver Yoba, seguida pela interven\u00e7\u00e3o do Coordenador do Projecto IMPAR, Professor Doutor Francisco Jacob. \n\u2022 \u00c9s uma jovem mulher, tens entre 18 e 30 anos?\n\u2022 Est\u00e1s interessada em lideran\u00e7a social e cria\u00e7\u00e3o de neg\u00f3cios de impacto?\n\nIMPAR- Inovar para Empoderar as Mulheres como Promotoras da Economia Social Subsaariana, tem oportunidade para ti! Venha fazer parte da pr\u00f3xima gera\u00e7\u00e3o de l\u00edderes sociais! Preparamos as Universidades para te munir com forma\u00e7\u00e3o gratuita em Empreendedorismo Social \n\nInscri\u00e7\u00f5es de 09 de Fevereiro a 15 de Mar\u00e7o \nIn\u00edcio dos Cursos Gratuitos. M\u00eas de Abril\n\nSaiba mais em: https:\/\/projetoimpar.eu\/coi\/ \n\n#ProjetoIMPAR #CBHE #EmpreendedorismoSocial #ErasmusPlus #Forma\u00e7\u00e3oIMPAR #JuntasSomosMaisFortes\"\/><div class=\"swiper-lazy-preloader swiper-lazy-preloader-white\"><\/div><\/div><div class=\"swiper-slide wpz-insta-album-image\" data-media-type=\"image\"><img class=\"wpzoom-swiper-image swiper-lazy\" data-src=\"https:\/\/scontent-mad1-1.cdninstagram.com\/v\/t39.30808-6\/601856314_122206345166346923_5280588025832702274_n.jpg?stp=dst-jpg_e35_tt6&#038;_nc_cat=103&#038;ccb=7-5&#038;_nc_sid=18de74&#038;efg=eyJlZmdfdGFnIjoiQ0FST1VTRUxfSVRFTS5iZXN0X2ltYWdlX3VybGdlbi5DMyJ9&#038;_nc_ohc=ZL4SQNQPpH4Q7kNvwH-fuQR&#038;_nc_oc=Adr-cr1S7lrO5C7JbtpR6DUVriFLJUnFtXIa_uLmsl593FYLALZdWJ7kR3J6Jm7P13L0p8ZfK2kW2MRBr4k-S1nQ&#038;_nc_zt=23&#038;_nc_ht=scontent-mad1-1.cdninstagram.com&#038;edm=AM6HXa8EAAAA&#038;_nc_gid=lOvxg_0kgdjyvLreQoiL7A&#038;oh=00_Af7-bDSoGealWqmSZiGh68oC67_A-aqQl0qncsZN8dCetw&#038;oe=69FB406B\" alt=\"No dia 17 de Dezembro de 2025, @unia_angola realizou o Lan\u00e7amento Oficial do Centro Online IMPAR e da Incubadora e Aceleradora Virtual de Empresas Sociais. \n\nO evento cofinanciado pela Uni\u00e3o Europeia, reuniu o Corpo Docente, Discente e Especialistas para debater o futuro do \u201cEmpreendedorismo Social Feminino em Angola: Desafios e Oportunidades.\u201d A abertura foi conduzida pelo Magn\u00edfico Reitor Professor Catedr\u00e1tico Carlos Pedro Cl\u00e1ver Yoba, seguida pela interven\u00e7\u00e3o do Coordenador do Projecto IMPAR, Professor Doutor Francisco Jacob. \n\u2022 \u00c9s uma jovem mulher, tens entre 18 e 30 anos?\n\u2022 Est\u00e1s interessada em lideran\u00e7a social e cria\u00e7\u00e3o de neg\u00f3cios de impacto?\n\nIMPAR- Inovar para Empoderar as Mulheres como Promotoras da Economia Social Subsaariana, tem oportunidade para ti! Venha fazer parte da pr\u00f3xima gera\u00e7\u00e3o de l\u00edderes sociais! Preparamos as Universidades para te munir com forma\u00e7\u00e3o gratuita em Empreendedorismo Social \n\nInscri\u00e7\u00f5es de 09 de Fevereiro a 15 de Mar\u00e7o \nIn\u00edcio dos Cursos Gratuitos. M\u00eas de Abril\n\nSaiba mais em: https:\/\/projetoimpar.eu\/coi\/ \n\n#ProjetoIMPAR #CBHE #EmpreendedorismoSocial #ErasmusPlus #Forma\u00e7\u00e3oIMPAR #JuntasSomosMaisFortes\"\/><div class=\"swiper-lazy-preloader swiper-lazy-preloader-white\"><\/div><\/div><div class=\"swiper-slide wpz-insta-album-image\" data-media-type=\"image\"><img class=\"wpzoom-swiper-image swiper-lazy\" data-src=\"https:\/\/scontent-mad2-1.cdninstagram.com\/v\/t39.30808-6\/601415781_122206345172346923_3975590392734832116_n.jpg?stp=dst-jpg_e35_tt6&#038;_nc_cat=109&#038;ccb=7-5&#038;_nc_sid=18de74&#038;efg=eyJlZmdfdGFnIjoiQ0FST1VTRUxfSVRFTS5iZXN0X2ltYWdlX3VybGdlbi5DMyJ9&#038;_nc_ohc=cudwsiUqa3MQ7kNvwEubiWB&#038;_nc_oc=Adq7H5gbF9xjvrmAIwTnEKjK_5qMjbPslv5xnpUvTa71od583P2xcBezurdUAyQDXDciJT3wZSLd28kRM9fyqfcF&#038;_nc_zt=23&#038;_nc_ht=scontent-mad2-1.cdninstagram.com&#038;edm=AM6HXa8EAAAA&#038;_nc_gid=lOvxg_0kgdjyvLreQoiL7A&#038;oh=00_Af7LheFsGrmLA8mmgCg9oNDVJr2pKrrF-uqVR5MLHQ7QHg&#038;oe=69FB44BD\" alt=\"No dia 17 de Dezembro de 2025, @unia_angola realizou o Lan\u00e7amento Oficial do Centro Online IMPAR e da Incubadora e Aceleradora Virtual de Empresas Sociais. \n\nO evento cofinanciado pela Uni\u00e3o Europeia, reuniu o Corpo Docente, Discente e Especialistas para debater o futuro do \u201cEmpreendedorismo Social Feminino em Angola: Desafios e Oportunidades.\u201d A abertura foi conduzida pelo Magn\u00edfico Reitor Professor Catedr\u00e1tico Carlos Pedro Cl\u00e1ver Yoba, seguida pela interven\u00e7\u00e3o do Coordenador do Projecto IMPAR, Professor Doutor Francisco Jacob. \n\u2022 \u00c9s uma jovem mulher, tens entre 18 e 30 anos?\n\u2022 Est\u00e1s interessada em lideran\u00e7a social e cria\u00e7\u00e3o de neg\u00f3cios de impacto?\n\nIMPAR- Inovar para Empoderar as Mulheres como Promotoras da Economia Social Subsaariana, tem oportunidade para ti! Venha fazer parte da pr\u00f3xima gera\u00e7\u00e3o de l\u00edderes sociais! Preparamos as Universidades para te munir com forma\u00e7\u00e3o gratuita em Empreendedorismo Social \n\nInscri\u00e7\u00f5es de 09 de Fevereiro a 15 de Mar\u00e7o \nIn\u00edcio dos Cursos Gratuitos. M\u00eas de Abril\n\nSaiba mais em: https:\/\/projetoimpar.eu\/coi\/ \n\n#ProjetoIMPAR #CBHE #EmpreendedorismoSocial #ErasmusPlus #Forma\u00e7\u00e3oIMPAR #JuntasSomosMaisFortes\"\/><div class=\"swiper-lazy-preloader swiper-lazy-preloader-white\"><\/div><\/div><div class=\"swiper-slide wpz-insta-album-image\" data-media-type=\"image\"><img class=\"wpzoom-swiper-image swiper-lazy\" data-src=\"https:\/\/scontent-mad1-1.cdninstagram.com\/v\/t39.30808-6\/601940632_122206345148346923_2790403074442288523_n.jpg?stp=dst-jpg_e35_tt6&#038;_nc_cat=105&#038;ccb=7-5&#038;_nc_sid=18de74&#038;efg=eyJlZmdfdGFnIjoiQ0FST1VTRUxfSVRFTS5iZXN0X2ltYWdlX3VybGdlbi5DMyJ9&#038;_nc_ohc=Hnp0WZJuS1IQ7kNvwH990ux&#038;_nc_oc=Adq8h3aB-yO2FfbAZ9p_VaQw5Ag-X1F4iiT0g4qHoqPaN3u9quSLkSpshzbiLHwOaw8Li8MCpDIJZpivqlANhXnB&#038;_nc_zt=23&#038;_nc_ht=scontent-mad1-1.cdninstagram.com&#038;edm=AM6HXa8EAAAA&#038;_nc_gid=lOvxg_0kgdjyvLreQoiL7A&#038;oh=00_Af5U_8BBYEQK9Hk_ltjcMJlncEXfUOsQREkTYaNi_1oYlA&#038;oe=69FB2FF1\" alt=\"No dia 17 de Dezembro de 2025, @unia_angola realizou o Lan\u00e7amento Oficial do Centro Online IMPAR e da Incubadora e Aceleradora Virtual de Empresas Sociais. \n\nO evento cofinanciado pela Uni\u00e3o Europeia, reuniu o Corpo Docente, Discente e Especialistas para debater o futuro do \u201cEmpreendedorismo Social Feminino em Angola: Desafios e Oportunidades.\u201d A abertura foi conduzida pelo Magn\u00edfico Reitor Professor Catedr\u00e1tico Carlos Pedro Cl\u00e1ver Yoba, seguida pela interven\u00e7\u00e3o do Coordenador do Projecto IMPAR, Professor Doutor Francisco Jacob. \n\u2022 \u00c9s uma jovem mulher, tens entre 18 e 30 anos?\n\u2022 Est\u00e1s interessada em lideran\u00e7a social e cria\u00e7\u00e3o de neg\u00f3cios de impacto?\n\nIMPAR- Inovar para Empoderar as Mulheres como Promotoras da Economia Social Subsaariana, tem oportunidade para ti! Venha fazer parte da pr\u00f3xima gera\u00e7\u00e3o de l\u00edderes sociais! Preparamos as Universidades para te munir com forma\u00e7\u00e3o gratuita em Empreendedorismo Social \n\nInscri\u00e7\u00f5es de 09 de Fevereiro a 15 de Mar\u00e7o \nIn\u00edcio dos Cursos Gratuitos. M\u00eas de Abril\n\nSaiba mais em: https:\/\/projetoimpar.eu\/coi\/ \n\n#ProjetoIMPAR #CBHE #EmpreendedorismoSocial #ErasmusPlus #Forma\u00e7\u00e3oIMPAR #JuntasSomosMaisFortes\"\/><div class=\"swiper-lazy-preloader swiper-lazy-preloader-white\"><\/div><\/div><\/div><div class=\"swiper-pagination\"><\/div><div class=\"swiper-button-prev\"><\/div><div class=\"swiper-button-next\"><\/div><\/div><\/div>\n\t\t\t\t\t<div class=\"details-wrapper\">\n\t\t\t\t\t<div class=\"wpz-insta-header\">\n\t\t\t\t\t\t<div class=\"wpz-insta-avatar\">\n\t\t\t\t\t\t\t<img loading=\"lazy\" decoding=\"async\" src=\"https:\/\/projetoimpar.eu\/wp-content\/uploads\/2026\/01\/484530993_1935949496944738_6835048432432409378_n-150x150.jpg\" alt=\"@impar.comunidade\" width=\"42\" height=\"42\"\/>\n\t\t\t\t\t\t<\/div>\n\t\t\t\t\t\t<div class=\"wpz-insta-buttons\">\n\t\t\t\t\t\t\t<div class=\"wpz-insta-username\">\n\t\t\t\t\t\t\t\t<a rel=\"noopener\" target=\"_blank\" href=\"https:\/\/instagram.com\/impar.comunidade\">@impar.comunidade<\/a>\n\t\t\t\t\t\t\t<\/div>\n\t\t\t\t\t\t\t<div>&bull;<\/div>\n\t\t\t\t\t\t\t<div class=\"wpz-insta-follow\">\n\t\t\t\t\t\t\t\t<a target=\"_blank\" rel=\"noopener\"\n\t\t\t\t\t\t\t\thref=\"https:\/\/instagram.com\/impar.comunidade?ref=badge\">\n\t\t\t\t\t\t\t\t\tFollow\n\t\t\t\t\t\t\t\t<\/a>\n\t\t\t\t\t\t\t<\/div>\n\t\t\t\t\t\t<\/div>\n\t\t\t\t\t<\/div><div class=\"wpz-insta-caption\">No dia 17 de Dezembro de 2025, @unia_angola realizou o Lan\u00e7amento Oficial do Centro Online IMPAR e da Incubadora e Aceleradora Virtual de Empresas Sociais. \n\nO evento cofinanciado pela Uni\u00e3o Europeia, reuniu o Corpo Docente, Discente e Especialistas para debater o futuro do \u201cEmpreendedorismo Social Feminino em Angola: Desafios e Oportunidades.\u201d A abertura foi conduzida pelo Magn\u00edfico Reitor Professor Catedr\u00e1tico Carlos Pedro Cl\u00e1ver Yoba, seguida pela interven\u00e7\u00e3o do Coordenador do Projecto IMPAR, Professor Doutor Francisco Jacob. \n\u2022 \u00c9s uma jovem mulher, tens entre 18 e 30 anos?\n\u2022 Est\u00e1s interessada em lideran\u00e7a social e cria\u00e7\u00e3o de neg\u00f3cios de impacto?\n\nIMPAR- Inovar para Empoderar as Mulheres como Promotoras da Economia Social Subsaariana, tem oportunidade para ti! Venha fazer parte da pr\u00f3xima gera\u00e7\u00e3o de l\u00edderes sociais! Preparamos as Universidades para te munir com forma\u00e7\u00e3o gratuita em Empreendedorismo Social \n\nInscri\u00e7\u00f5es de 09 de Fevereiro a 15 de Mar\u00e7o \nIn\u00edcio dos Cursos Gratuitos. M\u00eas de Abril\n\nSaiba mais em: https:\/\/projetoimpar.eu\/coi\/ \n\n#ProjetoIMPAR #CBHE #EmpreendedorismoSocial #ErasmusPlus #Forma\u00e7\u00e3oIMPAR #JuntasSomosMaisFortes<\/div><div class=\"wpz-insta-date\">4 months ago<\/div><div class=\"wpz-insta-counts\"><span class=\"wpz-insta-likes\"><svg width=\"18\" height=\"18\" xmlns=\"http:\/\/www.w3.org\/2000\/svg\" viewBox=\"0 0 25 25\" id=\"heart-outline\"><path fill=\"none\" stroke=\"#c0c7ca\" stroke-width=\"2\" d=\"M12 21.35l-1.45-1.32C5.4 15.36 2 12.28 2 8.5 2 5.42 4.42 3 7.5 3c1.74 0 3.41.81 4.5 2.09C13.09 3.81 14.76 3 16.5 3 19.58 3 22 5.42 22 8.5c0 3.78-3.4 6.86-8.55 11.54L12 21.35z\"><\/path><\/svg>3<\/span><\/div><div class=\"view-post\">\n\t\t\t\t\t<a href=\"https:\/\/www.instagram.com\/p\/DScVAibjWwh\/\" target=\"_blank\" rel=\"noopener\"><span class=\"dashicons dashicons-instagram\"><\/span>View on Instagram<\/a>\n\t\t\t\t\t<span class=\"delimiter\">|<\/span>\n\t\t\t\t\t<div class=\"wpz-insta-pagination\">6\/9<\/div>\n\t\t\t\t\t<\/div><\/div><\/div><\/div><div data-uid=\"18187166929344783\" class=\"swiper-slide wpz-insta-lightbox-item\"><div class=\"wpz-insta-lightbox\"><div class=\"image-wrapper\"><div class=\"swiper\" style=\"height: 100%;\"><div class=\"swiper-wrapper wpz-insta-album-images\"><div class=\"swiper-slide wpz-insta-album-image\" data-media-type=\"image\"><img class=\"wpzoom-swiper-image swiper-lazy\" data-src=\"https:\/\/scontent-mad1-1.cdninstagram.com\/v\/t39.30808-6\/601467189_122206339886346923_4981113752398356101_n.jpg?stp=dst-jpg_e35_tt6&#038;_nc_cat=105&#038;ccb=7-5&#038;_nc_sid=18de74&#038;efg=eyJlZmdfdGFnIjoiQ0FST1VTRUxfSVRFTS5iZXN0X2ltYWdlX3VybGdlbi5DMyJ9&#038;_nc_ohc=zehOJgOu0rUQ7kNvwE2SVt9&#038;_nc_oc=AdqVt9o1aYQkxb3LatbESM4uOl7R1ViuK_FB0GhxTZkSlKTr0Tbi0IJwLvqT7-c3RCN2QXcQ9Aa5RVUYynEQbl0P&#038;_nc_zt=23&#038;_nc_ht=scontent-mad1-1.cdninstagram.com&#038;edm=AM6HXa8EAAAA&#038;_nc_gid=lOvxg_0kgdjyvLreQoiL7A&#038;oh=00_Af73yW8qhNcNr77Z-DTR0Z-h6NyJiFbt9Vzjoi2Z6ckZCg&#038;oe=69FB437C\" alt=\"O lan\u00e7amento do Centro Online \u00cdMPAR e do Programa de Incuba\u00e7\u00e3o e Acelera\u00e7\u00e3o Virtual de Empresas Sociais foi um marco inspirador para as futuras jovens empreendedoras da @universidade_eduardo_mondlane.\n\nAl\u00e9m do an\u00fancio oficial, o momento foi enriquecido com a partilha de experi\u00eancias e vis\u00f5es de quem j\u00e1 caminha na promo\u00e7\u00e3o de impacto social.\n\nNas imagens, vemos um ambiente de di\u00e1logo e reflex\u00e3o, com a presen\u00e7a de vozes que representam a for\u00e7a do empreendedorismo juvenil e acad\u00e9mico em Mo\u00e7ambique (@Universidade Eduardo Mondlane, @Universidade Pedagogica de Maputo) e outros pa\u00edses do cons\u00f3rcio (Cabo Verde @Universidade de Cabo Verde, @Universidade de Midelo, Angola @Univerdade T\u00e9cnica de Angola, @Universidade Independente de Angola, Portugal  @Instituto Politecnico de Coimbra @Internacional Consulting and Mobility Agency Sociedad de Responsabilidad Limitada e Espanha @Universidade de Almeria)\n\n\u00c9 assim que se constr\u00f3i o futuro: empoderando, promovendo e inovando, com foco no desenvolvimento socioecon\u00f3mico e na capacita\u00e7\u00e3o da nossa juventude.\n\nO projecto IMPAR cofinanciado pela Uni\u00e3o Europeia, representa um passo significativo no apoio institucional e ideias que transformam realidades.\n\n#UEM #FADIR #EmpreendedorismoSocial #Inova\u00e7\u00e3o #ImpactoSocial #Uni\u00e3oEuropeia #\u00cdMPAR #Mo\u00e7ambique#IPC#UTANGA#UNICV#INCOMA#UP-MAPUTO#UM#UNIA\"\/><div class=\"swiper-lazy-preloader swiper-lazy-preloader-white\"><\/div><\/div><div class=\"swiper-slide wpz-insta-album-image\" data-media-type=\"image\"><img class=\"wpzoom-swiper-image swiper-lazy\" data-src=\"https:\/\/scontent-mad1-1.cdninstagram.com\/v\/t39.30808-6\/603874063_122206339784346923_219889068178973211_n.jpg?stp=dst-jpg_e35_tt6&#038;_nc_cat=102&#038;ccb=7-5&#038;_nc_sid=18de74&#038;efg=eyJlZmdfdGFnIjoiQ0FST1VTRUxfSVRFTS5iZXN0X2ltYWdlX3VybGdlbi5DMyJ9&#038;_nc_ohc=fW69rhBxDAwQ7kNvwFvECn_&#038;_nc_oc=AdrnCS9gf0ReLmBLwKVof0KH25VgKCj-yc7FStg1bfqxSXJeOWCACtE5tLt67LDrBBpdVYeTfOY9-3AiHWJlbpQj&#038;_nc_zt=23&#038;_nc_ht=scontent-mad1-1.cdninstagram.com&#038;edm=AM6HXa8EAAAA&#038;_nc_gid=lOvxg_0kgdjyvLreQoiL7A&#038;oh=00_Af7E4GkhmViG1eFb9p4VU-LEka4WbwHCrC8tk9gFQ9zTFw&#038;oe=69FB2443\" alt=\"O lan\u00e7amento do Centro Online \u00cdMPAR e do Programa de Incuba\u00e7\u00e3o e Acelera\u00e7\u00e3o Virtual de Empresas Sociais foi um marco inspirador para as futuras jovens empreendedoras da @universidade_eduardo_mondlane.\n\nAl\u00e9m do an\u00fancio oficial, o momento foi enriquecido com a partilha de experi\u00eancias e vis\u00f5es de quem j\u00e1 caminha na promo\u00e7\u00e3o de impacto social.\n\nNas imagens, vemos um ambiente de di\u00e1logo e reflex\u00e3o, com a presen\u00e7a de vozes que representam a for\u00e7a do empreendedorismo juvenil e acad\u00e9mico em Mo\u00e7ambique (@Universidade Eduardo Mondlane, @Universidade Pedagogica de Maputo) e outros pa\u00edses do cons\u00f3rcio (Cabo Verde @Universidade de Cabo Verde, @Universidade de Midelo, Angola @Univerdade T\u00e9cnica de Angola, @Universidade Independente de Angola, Portugal  @Instituto Politecnico de Coimbra @Internacional Consulting and Mobility Agency Sociedad de Responsabilidad Limitada e Espanha @Universidade de Almeria)\n\n\u00c9 assim que se constr\u00f3i o futuro: empoderando, promovendo e inovando, com foco no desenvolvimento socioecon\u00f3mico e na capacita\u00e7\u00e3o da nossa juventude.\n\nO projecto IMPAR cofinanciado pela Uni\u00e3o Europeia, representa um passo significativo no apoio institucional e ideias que transformam realidades.\n\n#UEM #FADIR #EmpreendedorismoSocial #Inova\u00e7\u00e3o #ImpactoSocial #Uni\u00e3oEuropeia #\u00cdMPAR #Mo\u00e7ambique#IPC#UTANGA#UNICV#INCOMA#UP-MAPUTO#UM#UNIA\"\/><div class=\"swiper-lazy-preloader swiper-lazy-preloader-white\"><\/div><\/div><div class=\"swiper-slide wpz-insta-album-image\" data-media-type=\"image\"><img class=\"wpzoom-swiper-image swiper-lazy\" data-src=\"https:\/\/scontent-mad1-1.cdninstagram.com\/v\/t39.30808-6\/601811287_122206339826346923_6877415553469056760_n.jpg?stp=dst-jpg_e35_tt6&#038;_nc_cat=103&#038;ccb=7-5&#038;_nc_sid=18de74&#038;efg=eyJlZmdfdGFnIjoiQ0FST1VTRUxfSVRFTS5iZXN0X2ltYWdlX3VybGdlbi5DMyJ9&#038;_nc_ohc=MB7NOIwQdzkQ7kNvwEWosMi&#038;_nc_oc=AdoP24tQY616GIEa37l0cI5xJaiMpMFkQh8uyIyKsI9oIDprp2pI1_xJT78QewG8f9LUUaBMGEIcVZrsPWNmBXUh&#038;_nc_zt=23&#038;_nc_ht=scontent-mad1-1.cdninstagram.com&#038;edm=AM6HXa8EAAAA&#038;_nc_gid=lOvxg_0kgdjyvLreQoiL7A&#038;oh=00_Af4OpEJXgz8jlAJfeUlwwy9dL5_zcLw9vQAh_tyKVnd7xw&#038;oe=69FB2CEC\" alt=\"O lan\u00e7amento do Centro Online \u00cdMPAR e do Programa de Incuba\u00e7\u00e3o e Acelera\u00e7\u00e3o Virtual de Empresas Sociais foi um marco inspirador para as futuras jovens empreendedoras da @universidade_eduardo_mondlane.\n\nAl\u00e9m do an\u00fancio oficial, o momento foi enriquecido com a partilha de experi\u00eancias e vis\u00f5es de quem j\u00e1 caminha na promo\u00e7\u00e3o de impacto social.\n\nNas imagens, vemos um ambiente de di\u00e1logo e reflex\u00e3o, com a presen\u00e7a de vozes que representam a for\u00e7a do empreendedorismo juvenil e acad\u00e9mico em Mo\u00e7ambique (@Universidade Eduardo Mondlane, @Universidade Pedagogica de Maputo) e outros pa\u00edses do cons\u00f3rcio (Cabo Verde @Universidade de Cabo Verde, @Universidade de Midelo, Angola @Univerdade T\u00e9cnica de Angola, @Universidade Independente de Angola, Portugal  @Instituto Politecnico de Coimbra @Internacional Consulting and Mobility Agency Sociedad de Responsabilidad Limitada e Espanha @Universidade de Almeria)\n\n\u00c9 assim que se constr\u00f3i o futuro: empoderando, promovendo e inovando, com foco no desenvolvimento socioecon\u00f3mico e na capacita\u00e7\u00e3o da nossa juventude.\n\nO projecto IMPAR cofinanciado pela Uni\u00e3o Europeia, representa um passo significativo no apoio institucional e ideias que transformam realidades.\n\n#UEM #FADIR #EmpreendedorismoSocial #Inova\u00e7\u00e3o #ImpactoSocial #Uni\u00e3oEuropeia #\u00cdMPAR #Mo\u00e7ambique#IPC#UTANGA#UNICV#INCOMA#UP-MAPUTO#UM#UNIA\"\/><div class=\"swiper-lazy-preloader swiper-lazy-preloader-white\"><\/div><\/div><\/div><div class=\"swiper-pagination\"><\/div><div class=\"swiper-button-prev\"><\/div><div class=\"swiper-button-next\"><\/div><\/div><\/div>\n\t\t\t\t\t<div class=\"details-wrapper\">\n\t\t\t\t\t<div class=\"wpz-insta-header\">\n\t\t\t\t\t\t<div class=\"wpz-insta-avatar\">\n\t\t\t\t\t\t\t<img loading=\"lazy\" decoding=\"async\" src=\"https:\/\/projetoimpar.eu\/wp-content\/uploads\/2026\/01\/484530993_1935949496944738_6835048432432409378_n-150x150.jpg\" alt=\"@impar.comunidade\" width=\"42\" height=\"42\"\/>\n\t\t\t\t\t\t<\/div>\n\t\t\t\t\t\t<div class=\"wpz-insta-buttons\">\n\t\t\t\t\t\t\t<div class=\"wpz-insta-username\">\n\t\t\t\t\t\t\t\t<a rel=\"noopener\" target=\"_blank\" href=\"https:\/\/instagram.com\/impar.comunidade\">@impar.comunidade<\/a>\n\t\t\t\t\t\t\t<\/div>\n\t\t\t\t\t\t\t<div>&bull;<\/div>\n\t\t\t\t\t\t\t<div class=\"wpz-insta-follow\">\n\t\t\t\t\t\t\t\t<a target=\"_blank\" rel=\"noopener\"\n\t\t\t\t\t\t\t\thref=\"https:\/\/instagram.com\/impar.comunidade?ref=badge\">\n\t\t\t\t\t\t\t\t\tFollow\n\t\t\t\t\t\t\t\t<\/a>\n\t\t\t\t\t\t\t<\/div>\n\t\t\t\t\t\t<\/div>\n\t\t\t\t\t<\/div><div class=\"wpz-insta-caption\">O lan\u00e7amento do Centro Online \u00cdMPAR e do Programa de Incuba\u00e7\u00e3o e Acelera\u00e7\u00e3o Virtual de Empresas Sociais foi um marco inspirador para as futuras jovens empreendedoras da @universidade_eduardo_mondlane.\n\nAl\u00e9m do an\u00fancio oficial, o momento foi enriquecido com a partilha de experi\u00eancias e vis\u00f5es de quem j\u00e1 caminha na promo\u00e7\u00e3o de impacto social.\n\nNas imagens, vemos um ambiente de di\u00e1logo e reflex\u00e3o, com a presen\u00e7a de vozes que representam a for\u00e7a do empreendedorismo juvenil e acad\u00e9mico em Mo\u00e7ambique (@Universidade Eduardo Mondlane, @Universidade Pedagogica de Maputo) e outros pa\u00edses do cons\u00f3rcio (Cabo Verde @Universidade de Cabo Verde, @Universidade de Midelo, Angola @Univerdade T\u00e9cnica de Angola, @Universidade Independente de Angola, Portugal  @Instituto Politecnico de Coimbra @Internacional Consulting and Mobility Agency Sociedad de Responsabilidad Limitada e Espanha @Universidade de Almeria)\n\n\u00c9 assim que se constr\u00f3i o futuro: empoderando, promovendo e inovando, com foco no desenvolvimento socioecon\u00f3mico e na capacita\u00e7\u00e3o da nossa juventude.\n\nO projecto IMPAR cofinanciado pela Uni\u00e3o Europeia, representa um passo significativo no apoio institucional e ideias que transformam realidades.\n\n#UEM #FADIR #EmpreendedorismoSocial #Inova\u00e7\u00e3o #ImpactoSocial #Uni\u00e3oEuropeia #\u00cdMPAR #Mo\u00e7ambique#IPC#UTANGA#UNICV#INCOMA#UP-MAPUTO#UM#UNIA<\/div><div class=\"wpz-insta-date\">4 months ago<\/div><div class=\"wpz-insta-counts\"><span class=\"wpz-insta-likes\"><svg width=\"18\" height=\"18\" xmlns=\"http:\/\/www.w3.org\/2000\/svg\" viewBox=\"0 0 25 25\" id=\"heart-outline\"><path fill=\"none\" stroke=\"#c0c7ca\" stroke-width=\"2\" d=\"M12 21.35l-1.45-1.32C5.4 15.36 2 12.28 2 8.5 2 5.42 4.42 3 7.5 3c1.74 0 3.41.81 4.5 2.09C13.09 3.81 14.76 3 16.5 3 19.58 3 22 5.42 22 8.5c0 3.78-3.4 6.86-8.55 11.54L12 21.35z\"><\/path><\/svg>3<\/span><\/div><div class=\"view-post\">\n\t\t\t\t\t<a href=\"https:\/\/www.instagram.com\/p\/DScLfDYjLfh\/\" target=\"_blank\" rel=\"noopener\"><span class=\"dashicons dashicons-instagram\"><\/span>View on Instagram<\/a>\n\t\t\t\t\t<span class=\"delimiter\">|<\/span>\n\t\t\t\t\t<div class=\"wpz-insta-pagination\">7\/9<\/div>\n\t\t\t\t\t<\/div><\/div><\/div><\/div><div data-uid=\"18154966519417689\" class=\"swiper-slide wpz-insta-lightbox-item\"><div class=\"wpz-insta-lightbox\"><div class=\"image-wrapper\"><div class=\"swiper\" style=\"height: 100%;\"><div class=\"swiper-wrapper wpz-insta-album-images\"><div class=\"swiper-slide wpz-insta-album-image\" data-media-type=\"image\"><img class=\"wpzoom-swiper-image swiper-lazy\" data-src=\"https:\/\/scontent-mad2-1.cdninstagram.com\/v\/t39.30808-6\/601011190_122206090568346923_859753295689973405_n.jpg?stp=dst-jpg_e35_tt6&#038;_nc_cat=110&#038;ccb=7-5&#038;_nc_sid=18de74&#038;efg=eyJlZmdfdGFnIjoiQ0FST1VTRUxfSVRFTS5iZXN0X2ltYWdlX3VybGdlbi5DMyJ9&#038;_nc_ohc=GundmhlTTZEQ7kNvwGSSidO&#038;_nc_oc=AdobIQtT0zxcSUSxhzSukRoRnD7x_-CgichGPXfhky-L0pyEtFa5jx7MTXq3mdjpuHmvrXOvGhBf81SKO2tWmnP1&#038;_nc_zt=23&#038;_nc_ht=scontent-mad2-1.cdninstagram.com&#038;edm=AM6HXa8EAAAA&#038;_nc_gid=lOvxg_0kgdjyvLreQoiL7A&#038;oh=00_Af6bvT5Rzri28gJHxAlQq_HhQEf0Pm6zTwIVkEh1NgOqjQ&#038;oe=69FB2B81\" alt=\"A Universidade T\u00e9cnica de Angola  realizou, no dia 28 de Novembro, \u00e0s 15h, o lan\u00e7amento oficial do YETU\u2013IMPAR, a sua incubadora e centro online integrados no Projecto IMPAR \u2013 Inovar para Empoderar as Mulheres como Promotoras da Economia Social Subsariana, uma iniciativa cofinanciada pelo programa Erasmus+ da Uni\u00e3o Europeia.\n\nO YETU \u2013 IMPAR disponibilizar\u00e1 forma\u00e7\u00e3o online, sess\u00f5es de mentoria, capacita\u00e7\u00e3o digital, apoio t\u00e9cnico e estrat\u00e9gico na cria\u00e7\u00e3o de modelos de neg\u00f3cio, al\u00e9m de acesso a oportunidades de financiamento e networking, direcionadas principalmente a jovens mulheres angolanas.\n\nAo aderir a esta iniciativa, a UTANGA reafirma o seu papel activo na promo\u00e7\u00e3o da inova\u00e7\u00e3o e da economia social, contribuindo para o fortalecimento do ecossistema empreendedor nos pa\u00edses africanos de l\u00edngua oficial portuguesa.\n\n#ProjetoIMPAR #CBHE #EmpreendedorismoSocial #ErasmusPlus #Forma\u00e7\u00e3oIMPAR #JuntasSomosMaisFortes\"\/><div class=\"swiper-lazy-preloader swiper-lazy-preloader-white\"><\/div><\/div><div class=\"swiper-slide wpz-insta-album-image\" data-media-type=\"image\"><img class=\"wpzoom-swiper-image swiper-lazy\" data-src=\"https:\/\/scontent-mad1-1.cdninstagram.com\/v\/t39.30808-6\/601387823_122206090562346923_8873960736236318453_n.jpg?stp=dst-jpg_e35_tt6&#038;_nc_cat=107&#038;ccb=7-5&#038;_nc_sid=18de74&#038;efg=eyJlZmdfdGFnIjoiQ0FST1VTRUxfSVRFTS5iZXN0X2ltYWdlX3VybGdlbi5DMyJ9&#038;_nc_ohc=kN9KXe1ygJMQ7kNvwFLXraJ&#038;_nc_oc=AdrT0MO2tl51wpBJ0Tw1s1zZMoDTpuqRt8qxv6PAncsMQr2Ng-sww8Tqp1b_dkG4YFduC5AzbAYERTa8S7T9T8Zk&#038;_nc_zt=23&#038;_nc_ht=scontent-mad1-1.cdninstagram.com&#038;edm=AM6HXa8EAAAA&#038;_nc_gid=lOvxg_0kgdjyvLreQoiL7A&#038;oh=00_Af4xW895oqyI7PbXx4KUPJZVhIOzOlP9-rbqU-TOluEhNQ&#038;oe=69FB4162\" alt=\"A Universidade T\u00e9cnica de Angola  realizou, no dia 28 de Novembro, \u00e0s 15h, o lan\u00e7amento oficial do YETU\u2013IMPAR, a sua incubadora e centro online integrados no Projecto IMPAR \u2013 Inovar para Empoderar as Mulheres como Promotoras da Economia Social Subsariana, uma iniciativa cofinanciada pelo programa Erasmus+ da Uni\u00e3o Europeia.\n\nO YETU \u2013 IMPAR disponibilizar\u00e1 forma\u00e7\u00e3o online, sess\u00f5es de mentoria, capacita\u00e7\u00e3o digital, apoio t\u00e9cnico e estrat\u00e9gico na cria\u00e7\u00e3o de modelos de neg\u00f3cio, al\u00e9m de acesso a oportunidades de financiamento e networking, direcionadas principalmente a jovens mulheres angolanas.\n\nAo aderir a esta iniciativa, a UTANGA reafirma o seu papel activo na promo\u00e7\u00e3o da inova\u00e7\u00e3o e da economia social, contribuindo para o fortalecimento do ecossistema empreendedor nos pa\u00edses africanos de l\u00edngua oficial portuguesa.\n\n#ProjetoIMPAR #CBHE #EmpreendedorismoSocial #ErasmusPlus #Forma\u00e7\u00e3oIMPAR #JuntasSomosMaisFortes\"\/><div class=\"swiper-lazy-preloader swiper-lazy-preloader-white\"><\/div><\/div><div class=\"swiper-slide wpz-insta-album-image\" data-media-type=\"image\"><img class=\"wpzoom-swiper-image swiper-lazy\" data-src=\"https:\/\/scontent-mad2-1.cdninstagram.com\/v\/t39.30808-6\/601029926_122206090580346923_3699135843171668824_n.jpg?stp=dst-jpg_e35_tt6&#038;_nc_cat=110&#038;ccb=7-5&#038;_nc_sid=18de74&#038;efg=eyJlZmdfdGFnIjoiQ0FST1VTRUxfSVRFTS5iZXN0X2ltYWdlX3VybGdlbi5DMyJ9&#038;_nc_ohc=JPxz3lG7ejQQ7kNvwGttfBB&#038;_nc_oc=AdobS20gz7ZfAc8dtgcOCbSYppAOb59V04d4ejqubhbwANbXlgzoal5754CUl4MASrt_sMQSuxlrjNqsCrmuQz7A&#038;_nc_zt=23&#038;_nc_ht=scontent-mad2-1.cdninstagram.com&#038;edm=AM6HXa8EAAAA&#038;_nc_gid=lOvxg_0kgdjyvLreQoiL7A&#038;oh=00_Af4JS4IwKd5L6NTojrUM5KWC8uv-jFjgvi20mmb2m1aQMw&#038;oe=69FB3736\" alt=\"A Universidade T\u00e9cnica de Angola  realizou, no dia 28 de Novembro, \u00e0s 15h, o lan\u00e7amento oficial do YETU\u2013IMPAR, a sua incubadora e centro online integrados no Projecto IMPAR \u2013 Inovar para Empoderar as Mulheres como Promotoras da Economia Social Subsariana, uma iniciativa cofinanciada pelo programa Erasmus+ da Uni\u00e3o Europeia.\n\nO YETU \u2013 IMPAR disponibilizar\u00e1 forma\u00e7\u00e3o online, sess\u00f5es de mentoria, capacita\u00e7\u00e3o digital, apoio t\u00e9cnico e estrat\u00e9gico na cria\u00e7\u00e3o de modelos de neg\u00f3cio, al\u00e9m de acesso a oportunidades de financiamento e networking, direcionadas principalmente a jovens mulheres angolanas.\n\nAo aderir a esta iniciativa, a UTANGA reafirma o seu papel activo na promo\u00e7\u00e3o da inova\u00e7\u00e3o e da economia social, contribuindo para o fortalecimento do ecossistema empreendedor nos pa\u00edses africanos de l\u00edngua oficial portuguesa.\n\n#ProjetoIMPAR #CBHE #EmpreendedorismoSocial #ErasmusPlus #Forma\u00e7\u00e3oIMPAR #JuntasSomosMaisFortes\"\/><div class=\"swiper-lazy-preloader swiper-lazy-preloader-white\"><\/div><\/div><div class=\"swiper-slide wpz-insta-album-image\" data-media-type=\"image\"><img class=\"wpzoom-swiper-image swiper-lazy\" data-src=\"https:\/\/scontent-mad1-1.cdninstagram.com\/v\/t39.30808-6\/600961826_122206090556346923_8640553805712474903_n.jpg?stp=dst-jpg_e35_tt6&#038;_nc_cat=103&#038;ccb=7-5&#038;_nc_sid=18de74&#038;efg=eyJlZmdfdGFnIjoiQ0FST1VTRUxfSVRFTS5iZXN0X2ltYWdlX3VybGdlbi5DMyJ9&#038;_nc_ohc=iK8YsyTYWxIQ7kNvwEDEJ7Y&#038;_nc_oc=Ado_t8Rw1yR3os13OaUmkqMJrslrEDlGJxPKmNkpLEBNuvS4Yd2JwpnJlPLFUEnxtoft-35mS-SWcRpBH7ann63a&#038;_nc_zt=23&#038;_nc_ht=scontent-mad1-1.cdninstagram.com&#038;edm=AM6HXa8EAAAA&#038;_nc_gid=lOvxg_0kgdjyvLreQoiL7A&#038;oh=00_Af5RSF2yDkOtwqMBfcb0VoVJWsou-d52RXm83KvmKQWS8A&#038;oe=69FB463F\" alt=\"A Universidade T\u00e9cnica de Angola  realizou, no dia 28 de Novembro, \u00e0s 15h, o lan\u00e7amento oficial do YETU\u2013IMPAR, a sua incubadora e centro online integrados no Projecto IMPAR \u2013 Inovar para Empoderar as Mulheres como Promotoras da Economia Social Subsariana, uma iniciativa cofinanciada pelo programa Erasmus+ da Uni\u00e3o Europeia.\n\nO YETU \u2013 IMPAR disponibilizar\u00e1 forma\u00e7\u00e3o online, sess\u00f5es de mentoria, capacita\u00e7\u00e3o digital, apoio t\u00e9cnico e estrat\u00e9gico na cria\u00e7\u00e3o de modelos de neg\u00f3cio, al\u00e9m de acesso a oportunidades de financiamento e networking, direcionadas principalmente a jovens mulheres angolanas.\n\nAo aderir a esta iniciativa, a UTANGA reafirma o seu papel activo na promo\u00e7\u00e3o da inova\u00e7\u00e3o e da economia social, contribuindo para o fortalecimento do ecossistema empreendedor nos pa\u00edses africanos de l\u00edngua oficial portuguesa.\n\n#ProjetoIMPAR #CBHE #EmpreendedorismoSocial #ErasmusPlus #Forma\u00e7\u00e3oIMPAR #JuntasSomosMaisFortes\"\/><div class=\"swiper-lazy-preloader swiper-lazy-preloader-white\"><\/div><\/div><div class=\"swiper-slide wpz-insta-album-image\" data-media-type=\"image\"><img class=\"wpzoom-swiper-image swiper-lazy\" data-src=\"https:\/\/scontent-mad1-1.cdninstagram.com\/v\/t39.30808-6\/601005355_122206090574346923_1813862693075199396_n.jpg?stp=dst-jpg_e35_tt6&#038;_nc_cat=107&#038;ccb=7-5&#038;_nc_sid=18de74&#038;efg=eyJlZmdfdGFnIjoiQ0FST1VTRUxfSVRFTS5iZXN0X2ltYWdlX3VybGdlbi5DMyJ9&#038;_nc_ohc=xmJD-lTqUY4Q7kNvwFB5MBL&#038;_nc_oc=AdrSmywTi6-IYjWNruclL-VkMPGYH1FsDvunKa239ZyINAsVdcOx2UoSwQX-2IVF0Kc9mI8X8jnoGcpuIvWMd90G&#038;_nc_zt=23&#038;_nc_ht=scontent-mad1-1.cdninstagram.com&#038;edm=AM6HXa8EAAAA&#038;_nc_gid=lOvxg_0kgdjyvLreQoiL7A&#038;oh=00_Af7qSHCHQvHtllTY8sOANbmNmI7TFDO58Y3n4_axBiwt7Q&#038;oe=69FB4B78\" alt=\"A Universidade T\u00e9cnica de Angola  realizou, no dia 28 de Novembro, \u00e0s 15h, o lan\u00e7amento oficial do YETU\u2013IMPAR, a sua incubadora e centro online integrados no Projecto IMPAR \u2013 Inovar para Empoderar as Mulheres como Promotoras da Economia Social Subsariana, uma iniciativa cofinanciada pelo programa Erasmus+ da Uni\u00e3o Europeia.\n\nO YETU \u2013 IMPAR disponibilizar\u00e1 forma\u00e7\u00e3o online, sess\u00f5es de mentoria, capacita\u00e7\u00e3o digital, apoio t\u00e9cnico e estrat\u00e9gico na cria\u00e7\u00e3o de modelos de neg\u00f3cio, al\u00e9m de acesso a oportunidades de financiamento e networking, direcionadas principalmente a jovens mulheres angolanas.\n\nAo aderir a esta iniciativa, a UTANGA reafirma o seu papel activo na promo\u00e7\u00e3o da inova\u00e7\u00e3o e da economia social, contribuindo para o fortalecimento do ecossistema empreendedor nos pa\u00edses africanos de l\u00edngua oficial portuguesa.\n\n#ProjetoIMPAR #CBHE #EmpreendedorismoSocial #ErasmusPlus #Forma\u00e7\u00e3oIMPAR #JuntasSomosMaisFortes\"\/><div class=\"swiper-lazy-preloader swiper-lazy-preloader-white\"><\/div><\/div><\/div><div class=\"swiper-pagination\"><\/div><div class=\"swiper-button-prev\"><\/div><div class=\"swiper-button-next\"><\/div><\/div><\/div>\n\t\t\t\t\t<div class=\"details-wrapper\">\n\t\t\t\t\t<div class=\"wpz-insta-header\">\n\t\t\t\t\t\t<div class=\"wpz-insta-avatar\">\n\t\t\t\t\t\t\t<img loading=\"lazy\" decoding=\"async\" src=\"https:\/\/projetoimpar.eu\/wp-content\/uploads\/2026\/01\/484530993_1935949496944738_6835048432432409378_n-150x150.jpg\" alt=\"@impar.comunidade\" width=\"42\" height=\"42\"\/>\n\t\t\t\t\t\t<\/div>\n\t\t\t\t\t\t<div class=\"wpz-insta-buttons\">\n\t\t\t\t\t\t\t<div class=\"wpz-insta-username\">\n\t\t\t\t\t\t\t\t<a rel=\"noopener\" target=\"_blank\" href=\"https:\/\/instagram.com\/impar.comunidade\">@impar.comunidade<\/a>\n\t\t\t\t\t\t\t<\/div>\n\t\t\t\t\t\t\t<div>&bull;<\/div>\n\t\t\t\t\t\t\t<div class=\"wpz-insta-follow\">\n\t\t\t\t\t\t\t\t<a target=\"_blank\" rel=\"noopener\"\n\t\t\t\t\t\t\t\thref=\"https:\/\/instagram.com\/impar.comunidade?ref=badge\">\n\t\t\t\t\t\t\t\t\tFollow\n\t\t\t\t\t\t\t\t<\/a>\n\t\t\t\t\t\t\t<\/div>\n\t\t\t\t\t\t<\/div>\n\t\t\t\t\t<\/div><div class=\"wpz-insta-caption\">A Universidade T\u00e9cnica de Angola  realizou, no dia 28 de Novembro, \u00e0s 15h, o lan\u00e7amento oficial do YETU\u2013IMPAR, a sua incubadora e centro online integrados no Projecto IMPAR \u2013 Inovar para Empoderar as Mulheres como Promotoras da Economia Social Subsariana, uma iniciativa cofinanciada pelo programa Erasmus+ da Uni\u00e3o Europeia.\n\nO YETU \u2013 IMPAR disponibilizar\u00e1 forma\u00e7\u00e3o online, sess\u00f5es de mentoria, capacita\u00e7\u00e3o digital, apoio t\u00e9cnico e estrat\u00e9gico na cria\u00e7\u00e3o de modelos de neg\u00f3cio, al\u00e9m de acesso a oportunidades de financiamento e networking, direcionadas principalmente a jovens mulheres angolanas.\n\nAo aderir a esta iniciativa, a UTANGA reafirma o seu papel activo na promo\u00e7\u00e3o da inova\u00e7\u00e3o e da economia social, contribuindo para o fortalecimento do ecossistema empreendedor nos pa\u00edses africanos de l\u00edngua oficial portuguesa.\n\n#ProjetoIMPAR #CBHE #EmpreendedorismoSocial #ErasmusPlus #Forma\u00e7\u00e3oIMPAR #JuntasSomosMaisFortes<\/div><div class=\"wpz-insta-date\">5 months ago<\/div><div class=\"wpz-insta-counts\"><span class=\"wpz-insta-likes\"><svg width=\"18\" height=\"18\" xmlns=\"http:\/\/www.w3.org\/2000\/svg\" viewBox=\"0 0 25 25\" id=\"heart-outline\"><path fill=\"none\" stroke=\"#c0c7ca\" stroke-width=\"2\" d=\"M12 21.35l-1.45-1.32C5.4 15.36 2 12.28 2 8.5 2 5.42 4.42 3 7.5 3c1.74 0 3.41.81 4.5 2.09C13.09 3.81 14.76 3 16.5 3 19.58 3 22 5.42 22 8.5c0 3.78-3.4 6.86-8.55 11.54L12 21.35z\"><\/path><\/svg>7<\/span><span class=\"wpz-insta-comments\"><svg width=\"18\" height=\"18\" xmlns=\"http:\/\/www.w3.org\/2000\/svg\" viewBox=\"0 0 28 28\" id=\"comment\"><path fill=\"#c0c7ca\" d=\"M25.784 21.017A10.992 10.992 0 0 0 27 16c0-6.065-4.935-11-11-11S5 9.935 5 16s4.935 11 11 11c1.742 0 3.468-.419 5.018-1.215l4.74 1.185a.996.996 0 0 0 .949-.263 1 1 0 0 0 .263-.95l-1.186-4.74zm-2.033.11.874 3.498-3.498-.875a1.006 1.006 0 0 0-.731.098A8.99 8.99 0 0 1 16 25c-4.963 0-9-4.038-9-9s4.037-9 9-9 9 4.038 9 9a8.997 8.997 0 0 1-1.151 4.395.995.995 0 0 0-.098.732z\"><\/path><\/svg>4<\/span><\/div><div class=\"view-post\">\n\t\t\t\t\t<a href=\"https:\/\/www.instagram.com\/p\/DSYCJxaAQdw\/\" target=\"_blank\" rel=\"noopener\"><span class=\"dashicons dashicons-instagram\"><\/span>View on Instagram<\/a>\n\t\t\t\t\t<span class=\"delimiter\">|<\/span>\n\t\t\t\t\t<div class=\"wpz-insta-pagination\">8\/9<\/div>\n\t\t\t\t\t<\/div><\/div><\/div><\/div><div data-uid=\"18058888511311342\" class=\"swiper-slide wpz-insta-lightbox-item\"><div class=\"wpz-insta-lightbox\"><div class=\"image-wrapper\"><div class=\"swiper\" style=\"height: 100%;\"><div class=\"swiper-wrapper wpz-insta-album-images\"><div class=\"swiper-slide wpz-insta-album-image\" data-media-type=\"image\"><img class=\"wpzoom-swiper-image swiper-lazy\" data-src=\"https:\/\/scontent-mad1-1.cdninstagram.com\/v\/t39.30808-6\/600298925_122205942854346923_6517749621392449731_n.jpg?stp=dst-jpg_e35_tt6&#038;_nc_cat=101&#038;ccb=7-5&#038;_nc_sid=18de74&#038;efg=eyJlZmdfdGFnIjoiQ0FST1VTRUxfSVRFTS5iZXN0X2ltYWdlX3VybGdlbi5DMyJ9&#038;_nc_ohc=3So1rnDXBCYQ7kNvwHFh9OI&#038;_nc_oc=Ado8WwjB16J5FYPB_J8LdGQJWtCErmHU8a59_SzXpFO5JxAvg0MTDlqPT_JvtMf7GW3Vjs2jdyrqnq3DpziF-FDo&#038;_nc_zt=23&#038;_nc_ht=scontent-mad1-1.cdninstagram.com&#038;edm=AM6HXa8EAAAA&#038;_nc_gid=lOvxg_0kgdjyvLreQoiL7A&#038;oh=00_Af6RWO5Sz_BVLkVZeWtZDUqTp1cnC2rTvdgvPMrfWvkJBw&#038;oe=69FB5060\" alt=\"Universidade Independente de Angola UNIA  ir\u00e1 realizar, amanh\u00e3, \u00e0s 10h00 (hora local), a sess\u00e3o de apresenta\u00e7\u00e3o do Centro Online IMPAR para o Empreendedorismo Social e da Incubadora e Aceleradora Virtual de Empresas Sociais.\n\nO Centro Online IMPAR integra uma plataforma virtual que articula conte\u00fados de forma\u00e7\u00e3o com servi\u00e7os de incuba\u00e7\u00e3o e acelera\u00e7\u00e3o de empresas sociais.\n\nA iniciativa visa dar a conhecer esta plataforma e os mecanismos de apoio disponibilizados no \u00e2mbito do Projeto IMPAR.\n\n\ud83d\udd17 https:\/\/us06web.zoom.us\/j\/83187856136?pwd=bjAvf8KYbYUahQlabZKAmV8G5geuXM.1\n\n\ud83c\udf10 https:\/\/projetoimpar.eu\/coi\/\"\/><div class=\"swiper-lazy-preloader swiper-lazy-preloader-white\"><\/div><\/div><div class=\"swiper-slide wpz-insta-album-image\" data-media-type=\"image\"><img class=\"wpzoom-swiper-image swiper-lazy\" data-src=\"https:\/\/scontent-mad2-1.cdninstagram.com\/v\/t39.30808-6\/600300059_122205942902346923_8575677015999942437_n.jpg?stp=dst-jpg_e35_tt6&#038;_nc_cat=108&#038;ccb=7-5&#038;_nc_sid=18de74&#038;efg=eyJlZmdfdGFnIjoiQ0FST1VTRUxfSVRFTS5iZXN0X2ltYWdlX3VybGdlbi5DMyJ9&#038;_nc_ohc=yiymol9rFYYQ7kNvwH6xQGJ&#038;_nc_oc=AdpHFKz8Wo44ABZJIa6SPEHDTLqPjT7r1mJ04Roa9MMx1ly4RMO1vx9zkfSq_I2eaZfUGldXTrbeDZTnSnuCzz45&#038;_nc_zt=23&#038;_nc_ht=scontent-mad2-1.cdninstagram.com&#038;edm=AM6HXa8EAAAA&#038;_nc_gid=lOvxg_0kgdjyvLreQoiL7A&#038;oh=00_Af7xkZhUkqDMiYtMGG_LSPq2bCH1qnNZKTxrHzIrqC3TaQ&#038;oe=69FB250E\" alt=\"Universidade Independente de Angola UNIA  ir\u00e1 realizar, amanh\u00e3, \u00e0s 10h00 (hora local), a sess\u00e3o de apresenta\u00e7\u00e3o do Centro Online IMPAR para o Empreendedorismo Social e da Incubadora e Aceleradora Virtual de Empresas Sociais.\n\nO Centro Online IMPAR integra uma plataforma virtual que articula conte\u00fados de forma\u00e7\u00e3o com servi\u00e7os de incuba\u00e7\u00e3o e acelera\u00e7\u00e3o de empresas sociais.\n\nA iniciativa visa dar a conhecer esta plataforma e os mecanismos de apoio disponibilizados no \u00e2mbito do Projeto IMPAR.\n\n\ud83d\udd17 https:\/\/us06web.zoom.us\/j\/83187856136?pwd=bjAvf8KYbYUahQlabZKAmV8G5geuXM.1\n\n\ud83c\udf10 https:\/\/projetoimpar.eu\/coi\/\"\/><div class=\"swiper-lazy-preloader swiper-lazy-preloader-white\"><\/div><\/div><\/div><div class=\"swiper-pagination\"><\/div><div class=\"swiper-button-prev\"><\/div><div class=\"swiper-button-next\"><\/div><\/div><\/div>\n\t\t\t\t\t<div class=\"details-wrapper\">\n\t\t\t\t\t<div class=\"wpz-insta-header\">\n\t\t\t\t\t\t<div class=\"wpz-insta-avatar\">\n\t\t\t\t\t\t\t<img loading=\"lazy\" decoding=\"async\" src=\"https:\/\/projetoimpar.eu\/wp-content\/uploads\/2026\/01\/484530993_1935949496944738_6835048432432409378_n-150x150.jpg\" alt=\"@impar.comunidade\" width=\"42\" height=\"42\"\/>\n\t\t\t\t\t\t<\/div>\n\t\t\t\t\t\t<div class=\"wpz-insta-buttons\">\n\t\t\t\t\t\t\t<div class=\"wpz-insta-username\">\n\t\t\t\t\t\t\t\t<a rel=\"noopener\" target=\"_blank\" href=\"https:\/\/instagram.com\/impar.comunidade\">@impar.comunidade<\/a>\n\t\t\t\t\t\t\t<\/div>\n\t\t\t\t\t\t\t<div>&bull;<\/div>\n\t\t\t\t\t\t\t<div class=\"wpz-insta-follow\">\n\t\t\t\t\t\t\t\t<a target=\"_blank\" rel=\"noopener\"\n\t\t\t\t\t\t\t\thref=\"https:\/\/instagram.com\/impar.comunidade?ref=badge\">\n\t\t\t\t\t\t\t\t\tFollow\n\t\t\t\t\t\t\t\t<\/a>\n\t\t\t\t\t\t\t<\/div>\n\t\t\t\t\t\t<\/div>\n\t\t\t\t\t<\/div><div class=\"wpz-insta-caption\">Universidade Independente de Angola UNIA  ir\u00e1 realizar, amanh\u00e3, \u00e0s 10h00 (hora local), a sess\u00e3o de apresenta\u00e7\u00e3o do Centro Online IMPAR para o Empreendedorismo Social e da Incubadora e Aceleradora Virtual de Empresas Sociais.\n\nO Centro Online IMPAR integra uma plataforma virtual que articula conte\u00fados de forma\u00e7\u00e3o com servi\u00e7os de incuba\u00e7\u00e3o e acelera\u00e7\u00e3o de empresas sociais.\n\nA iniciativa visa dar a conhecer esta plataforma e os mecanismos de apoio disponibilizados no \u00e2mbito do Projeto IMPAR.\n\n\ud83d\udd17 https:\/\/us06web.zoom.us\/j\/83187856136?pwd=bjAvf8KYbYUahQlabZKAmV8G5geuXM.1\n\n\ud83c\udf10 https:\/\/projetoimpar.eu\/coi\/<\/div><div class=\"wpz-insta-date\">5 months ago<\/div><div class=\"wpz-insta-counts\"><span class=\"wpz-insta-likes\"><svg width=\"18\" height=\"18\" xmlns=\"http:\/\/www.w3.org\/2000\/svg\" viewBox=\"0 0 25 25\" id=\"heart-outline\"><path fill=\"none\" stroke=\"#c0c7ca\" stroke-width=\"2\" d=\"M12 21.35l-1.45-1.32C5.4 15.36 2 12.28 2 8.5 2 5.42 4.42 3 7.5 3c1.74 0 3.41.81 4.5 2.09C13.09 3.81 14.76 3 16.5 3 19.58 3 22 5.42 22 8.5c0 3.78-3.4 6.86-8.55 11.54L12 21.35z\"><\/path><\/svg>2<\/span><\/div><div class=\"view-post\">\n\t\t\t\t\t<a href=\"https:\/\/www.instagram.com\/p\/DSUS96rDAXx\/\" target=\"_blank\" rel=\"noopener\"><span class=\"dashicons dashicons-instagram\"><\/span>View on Instagram<\/a>\n\t\t\t\t\t<span class=\"delimiter\">|<\/span>\n\t\t\t\t\t<div class=\"wpz-insta-pagination\">9\/9<\/div>\n\t\t\t\t\t<\/div><\/div><\/div><\/div><\/div><div class=\"swiper-button-prev\"><\/div><div class=\"swiper-button-next\"><\/div><\/div><\/div><\/div><\/div>\n\t\t\t\t\t\t<\/div>\n\t\t\t\t<\/div>\n\t\t\t\t\t<\/div>\n\t\t<\/div>\n\t\t\t\t\t<\/div>\n\t\t<\/section>\n\t\t\t\t<section class=\"elementor-section elementor-top-section elementor-element elementor-element-b78d480 elementor-section-boxed elementor-section-height-default elementor-section-height-default wpr-particle-no wpr-jarallax-no wpr-parallax-no wpr-sticky-section-no wpr-equal-height-no\" data-id=\"b78d480\" data-element_type=\"section\" data-e-type=\"section\" id=\"contact\" data-settings=\"{&quot;background_background&quot;:&quot;classic&quot;}\">\n\t\t\t\t\t\t<div class=\"elementor-container elementor-column-gap-default\">\n\t\t\t\t\t<div class=\"elementor-column elementor-col-100 elementor-top-column elementor-element elementor-element-9887da5\" data-id=\"9887da5\" data-element_type=\"column\" data-e-type=\"column\">\n\t\t\t<div class=\"elementor-widget-wrap elementor-element-populated\">\n\t\t\t\t\t\t<div class=\"elementor-element elementor-element-899bf04 elementor-widget elementor-widget-heading\" data-id=\"899bf04\" data-element_type=\"widget\" data-e-type=\"widget\" data-widget_type=\"heading.default\">\n\t\t\t\t<div class=\"elementor-widget-container\">\n\t\t\t\t\t<h2 class=\"elementor-heading-title elementor-size-default\">CONTACTO<\/h2>\t\t\t\t<\/div>\n\t\t\t\t<\/div>\n\t\t\t\t<section class=\"elementor-section elementor-inner-section elementor-element elementor-element-f2de8c1 elementor-section-boxed elementor-section-height-default elementor-section-height-default wpr-particle-no wpr-jarallax-no wpr-parallax-no wpr-sticky-section-no wpr-equal-height-no\" data-id=\"f2de8c1\" data-element_type=\"section\" data-e-type=\"section\">\n\t\t\t\t\t\t<div class=\"elementor-container elementor-column-gap-no\">\n\t\t\t\t\t<div class=\"elementor-column elementor-col-50 elementor-inner-column elementor-element elementor-element-f6a5dcc\" data-id=\"f6a5dcc\" data-element_type=\"column\" data-e-type=\"column\">\n\t\t\t<div class=\"elementor-widget-wrap elementor-element-populated\">\n\t\t\t\t\t\t<div class=\"elementor-element elementor-element-e66aedc elementor-widget elementor-widget-heading\" data-id=\"e66aedc\" data-element_type=\"widget\" data-e-type=\"widget\" data-widget_type=\"heading.default\">\n\t\t\t\t<div class=\"elementor-widget-container\">\n\t\t\t\t\t<h3 class=\"elementor-heading-title elementor-size-default\">Aguardamos com expetativa o seu contacto.\n <br>Vamos conversar!<\/h3>\t\t\t\t<\/div>\n\t\t\t\t<\/div>\n\t\t\t\t<div class=\"elementor-element elementor-element-3b7ea65 elementor-widget-divider--view-line elementor-widget elementor-widget-divider\" data-id=\"3b7ea65\" data-element_type=\"widget\" data-e-type=\"widget\" data-widget_type=\"divider.default\">\n\t\t\t\t<div class=\"elementor-widget-container\">\n\t\t\t\t\t\t\t<div class=\"elementor-divider\">\n\t\t\t<span class=\"elementor-divider-separator\">\n\t\t\t\t\t\t<\/span>\n\t\t<\/div>\n\t\t\t\t\t\t<\/div>\n\t\t\t\t<\/div>\n\t\t\t\t\t<\/div>\n\t\t<\/div>\n\t\t\t\t<div class=\"elementor-column elementor-col-50 elementor-inner-column elementor-element elementor-element-858e077\" data-id=\"858e077\" data-element_type=\"column\" data-e-type=\"column\" data-settings=\"{&quot;background_background&quot;:&quot;classic&quot;}\">\n\t\t\t<div class=\"elementor-widget-wrap elementor-element-populated\">\n\t\t\t\t\t\t<div class=\"elementor-element elementor-element-2b54378 elementor-widget elementor-widget-shortcode\" data-id=\"2b54378\" data-element_type=\"widget\" data-e-type=\"widget\" data-widget_type=\"shortcode.default\">\n\t\t\t\t<div class=\"elementor-widget-container\">\n\t\t\t\t\t\t\t<div class=\"elementor-shortcode\"><noscript class=\"ninja-forms-noscript-message\">\n\tNotice: JavaScript is required for this content.<\/noscript>\n<div id=\"nf-form-1-cont\" class=\"nf-form-cont\" aria-live=\"polite\" aria-labelledby=\"nf-form-title-1\" aria-describedby=\"nf-form-errors-1\" role=\"form\">\n\n    <div class=\"nf-loading-spinner\"><\/div>\n\n<\/div>\n        <!-- That data is being printed as a workaround to page builders reordering the order of the scripts loaded-->\n        <script>var formDisplay=1;var nfForms=nfForms||[];var form=[];form.id='1';form.settings={\"objectType\":\"Form Setting\",\"editActive\":true,\"title\":\"Contactar a IMPAR\",\"key\":\"\",\"created_at\":\"2024-06-03 13:48:31\",\"default_label_pos\":\"above\",\"conditions\":[],\"show_title\":0,\"clear_complete\":\"1\",\"hide_complete\":\"1\",\"wrapper_class\":\"\",\"element_class\":\"\",\"add_submit\":\"1\",\"logged_in\":\"\",\"not_logged_in_msg\":\"\",\"sub_limit_number\":\"\",\"sub_limit_msg\":\"\",\"calculations\":[],\"formContentData\":[\"name\",\"email\",\"message\",\"submit\"],\"container_styles_background-color\":\"\",\"container_styles_border\":\"\",\"container_styles_border-style\":\"\",\"container_styles_border-color\":\"\",\"container_styles_color\":\"\",\"container_styles_height\":\"\",\"container_styles_width\":\"\",\"container_styles_font-size\":\"\",\"container_styles_margin\":\"\",\"container_styles_padding\":\"\",\"container_styles_display\":\"\",\"container_styles_float\":\"\",\"container_styles_show_advanced_css\":\"0\",\"container_styles_advanced\":\"\",\"title_styles_background-color\":\"\",\"title_styles_border\":\"\",\"title_styles_border-style\":\"\",\"title_styles_border-color\":\"\",\"title_styles_color\":\"\",\"title_styles_height\":\"\",\"title_styles_width\":\"\",\"title_styles_font-size\":\"\",\"title_styles_margin\":\"\",\"title_styles_padding\":\"\",\"title_styles_display\":\"\",\"title_styles_float\":\"\",\"title_styles_show_advanced_css\":\"0\",\"title_styles_advanced\":\"\",\"row_styles_background-color\":\"\",\"row_styles_border\":\"\",\"row_styles_border-style\":\"\",\"row_styles_border-color\":\"\",\"row_styles_color\":\"\",\"row_styles_height\":\"\",\"row_styles_width\":\"\",\"row_styles_font-size\":\"\",\"row_styles_margin\":\"\",\"row_styles_padding\":\"\",\"row_styles_display\":\"\",\"row_styles_show_advanced_css\":\"0\",\"row_styles_advanced\":\"\",\"row-odd_styles_background-color\":\"\",\"row-odd_styles_border\":\"\",\"row-odd_styles_border-style\":\"\",\"row-odd_styles_border-color\":\"\",\"row-odd_styles_color\":\"\",\"row-odd_styles_height\":\"\",\"row-odd_styles_width\":\"\",\"row-odd_styles_font-size\":\"\",\"row-odd_styles_margin\":\"\",\"row-odd_styles_padding\":\"\",\"row-odd_styles_display\":\"\",\"row-odd_styles_show_advanced_css\":\"0\",\"row-odd_styles_advanced\":\"\",\"success-msg_styles_background-color\":\"\",\"success-msg_styles_border\":\"\",\"success-msg_styles_border-style\":\"\",\"success-msg_styles_border-color\":\"\",\"success-msg_styles_color\":\"\",\"success-msg_styles_height\":\"\",\"success-msg_styles_width\":\"\",\"success-msg_styles_font-size\":\"\",\"success-msg_styles_margin\":\"\",\"success-msg_styles_padding\":\"\",\"success-msg_styles_display\":\"\",\"success-msg_styles_show_advanced_css\":\"0\",\"success-msg_styles_advanced\":\"\",\"error_msg_styles_background-color\":\"\",\"error_msg_styles_border\":\"\",\"error_msg_styles_border-style\":\"\",\"error_msg_styles_border-color\":\"\",\"error_msg_styles_color\":\"\",\"error_msg_styles_height\":\"\",\"error_msg_styles_width\":\"\",\"error_msg_styles_font-size\":\"\",\"error_msg_styles_margin\":\"\",\"error_msg_styles_padding\":\"\",\"error_msg_styles_display\":\"\",\"error_msg_styles_show_advanced_css\":\"0\",\"error_msg_styles_advanced\":\"\",\"allow_public_link\":0,\"embed_form\":\"\",\"form_title_heading_level\":\"3\",\"changeEmailErrorMsg\":\"Please enter a valid email address!\",\"changeDateErrorMsg\":\"Please enter a valid date!\",\"confirmFieldErrorMsg\":\"These fields must match!\",\"fieldNumberNumMinError\":\"Number Min Error\",\"fieldNumberNumMaxError\":\"Number Max Error\",\"fieldNumberIncrementBy\":\"Please increment by \",\"formErrorsCorrectErrors\":\"Please correct errors before submitting this form.\",\"validateRequiredField\":\"This is a required field.\",\"honeypotHoneypotError\":\"Honeypot Error\",\"fieldsMarkedRequired\":\"Fields marked with an <span class=\\\"ninja-forms-req-symbol\\\">*<\\\/span> are required\",\"currency\":\"\",\"unique_field_error\":\"A form with this value has already been submitted.\",\"drawerDisabled\":false,\"ninjaForms\":\"Ninja Forms\",\"fieldTextareaRTEInsertLink\":\"Insert Link\",\"fieldTextareaRTEInsertMedia\":\"Insert Media\",\"fieldTextareaRTESelectAFile\":\"Select a file\",\"tableInsertRowAbove\":\"Insert Row Above\",\"tableInsertRowBelow\":\"Insert Row Below\",\"tableInsertColumnLeft\":\"Insert Column Left\",\"tableInsertColumnRight\":\"Insert Column Right\",\"tableDeleteRow\":\"Delete Row\",\"tableDeleteColumn\":\"Delete Column\",\"tableDeleteTable\":\"Delete Table\",\"tableLegacyNotice\":\"This content has tables in the old editor format. Custom styles are preserved until converted. Editing will update to the new format.\",\"tableLegacyConvert\":\"Convert Now\",\"tableInsertTable\":\"Insert Table\",\"dismiss\":\"Dismiss\",\"insertLink\":\"Insert Link\",\"formHoneypot\":\"If you are a human seeing this field, please leave it empty.\",\"fileUploadOldCodeFileUploadInProgress\":\"File Upload in Progress.\",\"fileUploadOldCodeFileUpload\":\"FILE UPLOAD\",\"currencySymbol\":false,\"thousands_sep\":\",\",\"decimal_point\":\".\",\"siteLocale\":\"en_GB\",\"dateFormat\":\"m\\\/d\\\/Y\",\"startOfWeek\":\"1\",\"of\":\"of\",\"previousMonth\":\"Previous Month\",\"nextMonth\":\"Next Month\",\"months\":[\"January\",\"February\",\"March\",\"April\",\"May\",\"June\",\"July\",\"August\",\"September\",\"October\",\"November\",\"December\"],\"monthsShort\":[\"Jan\",\"Feb\",\"Mar\",\"Apr\",\"May\",\"Jun\",\"Jul\",\"Aug\",\"Sep\",\"Oct\",\"Nov\",\"Dec\"],\"weekdays\":[\"Sunday\",\"Monday\",\"Tuesday\",\"Wednesday\",\"Thursday\",\"Friday\",\"Saturday\"],\"weekdaysShort\":[\"Sun\",\"Mon\",\"Tue\",\"Wed\",\"Thu\",\"Fri\",\"Sat\"],\"weekdaysMin\":[\"Su\",\"Mo\",\"Tu\",\"We\",\"Th\",\"Fr\",\"Sa\"],\"recaptchaConsentMissing\":\"reCaptcha validation couldn&#039;t load.\",\"recaptchaMissingCookie\":\"reCaptcha v3 validation couldn&#039;t load the cookie needed to submit the form.\",\"recaptchaConsentEvent\":\"Accept reCaptcha cookies before sending the form.\",\"currency_symbol\":\"\",\"beforeForm\":\"\",\"beforeFields\":\"\",\"afterFields\":\"\",\"afterForm\":\"\"};form.fields=[{\"objectType\":\"Field\",\"objectDomain\":\"fields\",\"editActive\":false,\"order\":1,\"idAttribute\":\"id\",\"label\":\"Name\",\"key\":\"name\",\"type\":\"textbox\",\"created_at\":\"2024-06-03 13:48:31\",\"label_pos\":\"above\",\"required\":1,\"placeholder\":\"\",\"default\":\"\",\"wrapper_class\":\"\",\"element_class\":\"\",\"container_class\":\"\",\"input_limit\":\"\",\"input_limit_type\":\"characters\",\"input_limit_msg\":\"Character(s) left\",\"manual_key\":\"\",\"disable_input\":\"\",\"admin_label\":\"\",\"help_text\":\"\",\"desc_text\":\"\",\"disable_browser_autocomplete\":\"\",\"mask\":\"\",\"custom_mask\":\"\",\"wrap_styles_background-color\":\"\",\"wrap_styles_border\":\"\",\"wrap_styles_border-style\":\"\",\"wrap_styles_border-color\":\"\",\"wrap_styles_color\":\"\",\"wrap_styles_height\":\"\",\"wrap_styles_width\":\"\",\"wrap_styles_font-size\":\"\",\"wrap_styles_margin\":\"\",\"wrap_styles_padding\":\"\",\"wrap_styles_display\":\"\",\"wrap_styles_float\":\"\",\"wrap_styles_show_advanced_css\":0,\"wrap_styles_advanced\":\"\",\"label_styles_background-color\":\"\",\"label_styles_border\":\"\",\"label_styles_border-style\":\"\",\"label_styles_border-color\":\"\",\"label_styles_color\":\"\",\"label_styles_height\":\"\",\"label_styles_width\":\"\",\"label_styles_font-size\":\"\",\"label_styles_margin\":\"\",\"label_styles_padding\":\"\",\"label_styles_display\":\"\",\"label_styles_float\":\"\",\"label_styles_show_advanced_css\":0,\"label_styles_advanced\":\"\",\"element_styles_background-color\":\"\",\"element_styles_border\":\"\",\"element_styles_border-style\":\"\",\"element_styles_border-color\":\"\",\"element_styles_color\":\"\",\"element_styles_height\":\"\",\"element_styles_width\":\"\",\"element_styles_font-size\":\"\",\"element_styles_margin\":\"\",\"element_styles_padding\":\"\",\"element_styles_display\":\"\",\"element_styles_float\":\"\",\"element_styles_show_advanced_css\":0,\"element_styles_advanced\":\"\",\"cellcid\":\"c3277\",\"custom_name_attribute\":\"\",\"personally_identifiable\":\"\",\"value\":\"\",\"id\":1,\"beforeField\":\"\",\"afterField\":\"\",\"parentType\":\"textbox\",\"element_templates\":[\"textbox\",\"input\"],\"old_classname\":\"\",\"wrap_template\":\"wrap\"},{\"objectType\":\"Field\",\"objectDomain\":\"fields\",\"editActive\":false,\"order\":2,\"idAttribute\":\"id\",\"label\":\"Email\",\"key\":\"email\",\"type\":\"email\",\"created_at\":\"2024-06-03 13:48:31\",\"label_pos\":\"above\",\"required\":1,\"placeholder\":\"\",\"default\":\"\",\"wrapper_class\":\"\",\"element_class\":\"\",\"container_class\":\"\",\"admin_label\":\"\",\"help_text\":\"\",\"desc_text\":\"\",\"wrap_styles_background-color\":\"\",\"wrap_styles_border\":\"\",\"wrap_styles_border-style\":\"\",\"wrap_styles_border-color\":\"\",\"wrap_styles_color\":\"\",\"wrap_styles_height\":\"\",\"wrap_styles_width\":\"\",\"wrap_styles_font-size\":\"\",\"wrap_styles_margin\":\"\",\"wrap_styles_padding\":\"\",\"wrap_styles_display\":\"\",\"wrap_styles_float\":\"\",\"wrap_styles_show_advanced_css\":0,\"wrap_styles_advanced\":\"\",\"label_styles_background-color\":\"\",\"label_styles_border\":\"\",\"label_styles_border-style\":\"\",\"label_styles_border-color\":\"\",\"label_styles_color\":\"\",\"label_styles_height\":\"\",\"label_styles_width\":\"\",\"label_styles_font-size\":\"\",\"label_styles_margin\":\"\",\"label_styles_padding\":\"\",\"label_styles_display\":\"\",\"label_styles_float\":\"\",\"label_styles_show_advanced_css\":0,\"label_styles_advanced\":\"\",\"element_styles_background-color\":\"\",\"element_styles_border\":\"\",\"element_styles_border-style\":\"\",\"element_styles_border-color\":\"\",\"element_styles_color\":\"\",\"element_styles_height\":\"\",\"element_styles_width\":\"\",\"element_styles_font-size\":\"\",\"element_styles_margin\":\"\",\"element_styles_padding\":\"\",\"element_styles_display\":\"\",\"element_styles_float\":\"\",\"element_styles_show_advanced_css\":0,\"element_styles_advanced\":\"\",\"cellcid\":\"c3281\",\"custom_name_attribute\":\"email\",\"personally_identifiable\":1,\"value\":\"\",\"id\":2,\"beforeField\":\"\",\"afterField\":\"\",\"parentType\":\"email\",\"element_templates\":[\"email\",\"input\"],\"old_classname\":\"\",\"wrap_template\":\"wrap\"},{\"objectType\":\"Field\",\"objectDomain\":\"fields\",\"editActive\":false,\"order\":3,\"idAttribute\":\"id\",\"label\":\"Message\",\"key\":\"message\",\"type\":\"textarea\",\"created_at\":\"2024-06-03 13:48:31\",\"label_pos\":\"above\",\"required\":1,\"placeholder\":\"\",\"default\":\"\",\"wrapper_class\":\"\",\"element_class\":\"\",\"container_class\":\"\",\"input_limit\":\"\",\"input_limit_type\":\"characters\",\"input_limit_msg\":\"Character(s) left\",\"manual_key\":\"\",\"disable_input\":\"\",\"admin_label\":\"\",\"help_text\":\"\",\"desc_text\":\"\",\"disable_browser_autocomplete\":\"\",\"textarea_rte\":\"\",\"disable_rte_mobile\":\"\",\"textarea_media\":\"\",\"wrap_styles_background-color\":\"\",\"wrap_styles_border\":\"\",\"wrap_styles_border-style\":\"\",\"wrap_styles_border-color\":\"\",\"wrap_styles_color\":\"\",\"wrap_styles_height\":\"\",\"wrap_styles_width\":\"\",\"wrap_styles_font-size\":\"\",\"wrap_styles_margin\":\"\",\"wrap_styles_padding\":\"\",\"wrap_styles_display\":\"\",\"wrap_styles_float\":\"\",\"wrap_styles_show_advanced_css\":0,\"wrap_styles_advanced\":\"\",\"label_styles_background-color\":\"\",\"label_styles_border\":\"\",\"label_styles_border-style\":\"\",\"label_styles_border-color\":\"\",\"label_styles_color\":\"\",\"label_styles_height\":\"\",\"label_styles_width\":\"\",\"label_styles_font-size\":\"\",\"label_styles_margin\":\"\",\"label_styles_padding\":\"\",\"label_styles_display\":\"\",\"label_styles_float\":\"\",\"label_styles_show_advanced_css\":0,\"label_styles_advanced\":\"\",\"element_styles_background-color\":\"\",\"element_styles_border\":\"\",\"element_styles_border-style\":\"\",\"element_styles_border-color\":\"\",\"element_styles_color\":\"\",\"element_styles_height\":\"\",\"element_styles_width\":\"\",\"element_styles_font-size\":\"\",\"element_styles_margin\":\"\",\"element_styles_padding\":\"\",\"element_styles_display\":\"\",\"element_styles_float\":\"\",\"element_styles_show_advanced_css\":0,\"element_styles_advanced\":\"\",\"cellcid\":\"c3284\",\"value\":\"\",\"id\":3,\"beforeField\":\"\",\"afterField\":\"\",\"parentType\":\"textarea\",\"element_templates\":[\"textarea\",\"input\"],\"old_classname\":\"\",\"wrap_template\":\"wrap\"},{\"objectType\":\"Field\",\"objectDomain\":\"fields\",\"editActive\":false,\"order\":5,\"idAttribute\":\"id\",\"label\":\"Submit\",\"key\":\"submit\",\"type\":\"submit\",\"created_at\":\"2024-06-03 13:48:31\",\"processing_label\":\"Processing\",\"container_class\":\"\",\"element_class\":\"\",\"wrap_styles_background-color\":\"\",\"wrap_styles_border\":\"\",\"wrap_styles_border-style\":\"\",\"wrap_styles_border-color\":\"\",\"wrap_styles_color\":\"\",\"wrap_styles_height\":\"\",\"wrap_styles_width\":\"\",\"wrap_styles_font-size\":\"\",\"wrap_styles_margin\":\"\",\"wrap_styles_padding\":\"\",\"wrap_styles_display\":\"\",\"wrap_styles_float\":\"\",\"wrap_styles_show_advanced_css\":0,\"wrap_styles_advanced\":\"\",\"label_styles_background-color\":\"\",\"label_styles_border\":\"\",\"label_styles_border-style\":\"\",\"label_styles_border-color\":\"\",\"label_styles_color\":\"\",\"label_styles_height\":\"\",\"label_styles_width\":\"\",\"label_styles_font-size\":\"\",\"label_styles_margin\":\"\",\"label_styles_padding\":\"\",\"label_styles_display\":\"\",\"label_styles_float\":\"\",\"label_styles_show_advanced_css\":0,\"label_styles_advanced\":\"\",\"element_styles_background-color\":\"\",\"element_styles_border\":\"\",\"element_styles_border-style\":\"\",\"element_styles_border-color\":\"\",\"element_styles_color\":\"\",\"element_styles_height\":\"\",\"element_styles_width\":\"\",\"element_styles_font-size\":\"\",\"element_styles_margin\":\"\",\"element_styles_padding\":\"\",\"element_styles_display\":\"\",\"element_styles_float\":\"\",\"element_styles_show_advanced_css\":0,\"element_styles_advanced\":\"\",\"submit_element_hover_styles_background-color\":\"\",\"submit_element_hover_styles_border\":\"\",\"submit_element_hover_styles_border-style\":\"\",\"submit_element_hover_styles_border-color\":\"\",\"submit_element_hover_styles_color\":\"\",\"submit_element_hover_styles_height\":\"\",\"submit_element_hover_styles_width\":\"\",\"submit_element_hover_styles_font-size\":\"\",\"submit_element_hover_styles_margin\":\"\",\"submit_element_hover_styles_padding\":\"\",\"submit_element_hover_styles_display\":\"\",\"submit_element_hover_styles_float\":\"\",\"submit_element_hover_styles_show_advanced_css\":0,\"submit_element_hover_styles_advanced\":\"\",\"cellcid\":\"c3287\",\"admin_label\":\"\",\"id\":4,\"beforeField\":\"\",\"afterField\":\"\",\"value\":\"\",\"label_pos\":\"above\",\"parentType\":\"textbox\",\"element_templates\":[\"submit\",\"button\",\"input\"],\"old_classname\":\"\",\"wrap_template\":\"wrap-no-label\"}];nfForms.push(form);<\/script>\n         <\/div>\n\t\t\t\t\t\t<\/div>\n\t\t\t\t<\/div>\n\t\t\t\t\t<\/div>\n\t\t<\/div>\n\t\t\t\t\t<\/div>\n\t\t<\/section>\n\t\t\t\t\t<\/div>\n\t\t<\/div>\n\t\t\t\t\t<\/div>\n\t\t<\/section>\n\t\t\t\t<\/div>\n\t\t","protected":false},"excerpt":{"rendered":"<p>Empoderar as Mulheres como Promotoras da Economia Social Subsaariana Contexto Para muitas mulheres e jovens, o empreendedorismo \u00e9 a sa\u00edda. Efetivamente, quando confrontadas com maiores dificuldades de acesso ao mercado de trabalho e com poucas oportunidades profissionais, as mulheres e as jovens subsaarianas frequentemente escolhem tornar-se empreendedoras como forma de assegurar a sua subsist\u00eancia.\u00a0 Siga-nos Instagram Facebook Linkedin Objetivos 1\/\/ Promover o Empreendedorismo Social nos Pa\u00edses de L\u00edngua Oficial Portuguesa na \u00c1frica Subsaariana: Este objetivo visa aumentar a import\u00e2ncia da educa\u00e7\u00e3o para o empreendedorismo social, alinhando-se com a Agenda 2030. Pretende-se impulsionar o crescimento econ\u00f4mico e o emprego digno, enquanto se respeita o meio ambiente e se promove o desenvolvimento sustent\u00e1vel.\u00a0 2\/\/ Fortalecer o Papel das Universidades como Centros de Empreendedorismo Social Eco-Inclusivo: Este objetivo busca estabelecer as universidades como centros para o empreendedorismo social, especialmente para as mulheres, nos pa\u00edses subsaarianos de l\u00edngua oficial portuguesa. Isso ser\u00e1 facilitado pela cria\u00e7\u00e3o de um espa\u00e7o online para colabora\u00e7\u00e3o, interc\u00e2mbio de experi\u00eancias, debate de desafios e solu\u00e7\u00f5es relacionadas ao ecossistema de inova\u00e7\u00e3o social.\u00a0 3\/\/ Capacitar Docentes Universit\u00e1rios para Apoiar Jovens Mulheres no Empreendedorismo Social: \u00a0Este objetivo concentra-se em capacitar os docentes universit\u00e1rios com estrat\u00e9gias inovadoras e atualiza\u00e7\u00e3o de conhecimentos para formar, aconselhar e apoiar jovens mulheres que desejam explorar oportunidades de empreendedorismo social eco-inclusivo.\u00a0 4\/\/ Empoderar jovens mulheres nos pa\u00edses subsaarianos Empoderar jovens mulheres nos pa\u00edses subsaarianos de l\u00edngua oficial portuguesa, fornecendo-lhes um conjunto abrangente de compet\u00eancias interpessoais, de gest\u00e3o e de colabora\u00e7\u00e3o. Isso lhes permitir\u00e1 criar, gerir e expandir empresas sociais que promovam a sustentabilidade ambiental e o desenvolvimento inclusivo de suas comunidades\u00a0 Impacto esperado: Impacto Esperado do Objetivo 1 Impacto Esperado do Objetivo 2 Impacto Esperado do Objetivo 3 Impacto Esperado do Objetivo 4 Impacto Esperado do Objetivo 1 Acesso a refer\u00eancias de promo\u00e7\u00e3o do empreendedorismo a n\u00edvel europeu e compet\u00eancias para o empreendedorismo social eco-inclusivo.\u00a0 Desenvolvimento de novas estrat\u00e9gias para promover o empreendedorismo social e feminino.\u00a0 Refor\u00e7o dos conhecimentos te\u00f3ricos e experi\u00eancia pr\u00e1tica para formar, aconselhar e apoiar jovens empreendedoras.\u00a0 Valoriza\u00e7\u00e3o profissional e oportunidade de reconvers\u00e3o\/especializa\u00e7\u00e3o de professores, pesquisadores e t\u00e9cnicos.\u00a0 Melhoria das redes de contato e colabora\u00e7\u00e3o a n\u00edvel regional e internacional.\u00a0 Impacto Esperado do Objetivo 2 Oferta de novas oportunidades para o desenvolvimento e aplica\u00e7\u00e3o pr\u00e1tica das habilidades de empreendedorismo social.\u00a0 Intensifica\u00e7\u00e3o das a\u00e7\u00f5es para ajudar a moldar a vis\u00e3o empreendedora.\u00a0 Refor\u00e7o da transfer\u00eancia de pr\u00e1ticas, experi\u00eancias, conhecimento e processos de inova\u00e7\u00e3o em prol das comunidades locais.\u00a0 Consolida\u00e7\u00e3o das Universidades como centros promotores de empreendedorismo (social e feminino).\u00a0 Promo\u00e7\u00e3o do empreendedorismo social como carreira para estudantes e diplomadas.\u00a0 Aumento da colabora\u00e7\u00e3o com entidades do ecossistema da economia social e empreendedorismo.\u00a0 Refor\u00e7o da educa\u00e7\u00e3o para o empreendedorismo social e melhoria das condi\u00e7\u00f5es estruturais para o empreendedorismo social e feminino.\u00a0 Impacto Esperado do Objetivo 3 Acesso a refer\u00eancias de promo\u00e7\u00e3o do empreendedorismo a n\u00edvel europeu e compet\u00eancias para o empreendedorismo social eco-inclusivo.\u00a0 Desenvolvimento de novas estrat\u00e9gias para promover o empreendedorismo social e feminino.\u00a0 Refor\u00e7o dos conhecimentos te\u00f3ricos e experi\u00eancia pr\u00e1tica para formar, aconselhar e apoiar jovens empreendedoras.\u00a0 Atualiza\u00e7\u00e3o de conhecimentos relacionados com o empreendedorismo social e o ecossistema de inova\u00e7\u00e3o social.\u00a0 Valoriza\u00e7\u00e3o profissional e oportunidade de reconvers\u00e3o\/especializa\u00e7\u00e3o de professores, pesquisadores e t\u00e9cnicos.\u00a0 Melhoria das redes de contato e colabora\u00e7\u00e3o a n\u00edvel regional e internacional.\u00a0 Impacto Esperado do Objetivo 4 Fomento da mentalidade e inten\u00e7\u00e3o empreendedoras.\u00a0 Aumento da capacidade para identificar oportunidades de empreendedorismo social.\u00a0 Refor\u00e7o de habilidades como autoconfian\u00e7a, iniciativa, resolu\u00e7\u00e3o de problemas, motiva\u00e7\u00e3o e trabalho colaborativo. Desenvolvimento da criatividade, inova\u00e7\u00e3o, esp\u00edrito cr\u00edtico, autorregula\u00e7\u00e3o, adaptabilidade e flexibilidade.\u00a0 Aprofundamento da capacidade para mobilizar recursos, lidar com riscos, planejar e gerir projetos.\u00a0 Melhoria das compet\u00eancias de literacia digital, colabora\u00e7\u00e3o digital e etiqueta na internet.\u00a0 Aquisi\u00e7\u00e3o de novos conhecimentos e capacidade para decidir e agir de maneira respons\u00e1vel e com integridade ambiental.\u00a0 Aumento da capacidade para identificar, avaliar e explorar oportunidades de cria\u00e7\u00e3o de valor social.\u00a0 Refor\u00e7o da literacia econ\u00f4mica e financeira e das habilidades para selecionar modelos de neg\u00f3cio sustent\u00e1veis.\u00a0 Not\u00edcias e Eventos All Posts News and Events Primeiros resultados November 18, 2024\/ Primeiros resultados O presente documento apresenta em detalhe o Quadro de Refer\u00eancia IMPAR indicando os n\u00edveis inicial e interm\u00e9dio de&#8230; Ler mais&#8230; Centro Online de IMPAR June 7, 2024\/ O centro online do IMPARO j\u00e1 est\u00e1 dispon\u00edvel! Ler mais&#8230; CONTACTO Aguardamos com expetativa o seu contacto. Vamos conversar!<\/p>","protected":false},"author":8,"featured_media":0,"parent":0,"menu_order":0,"comment_status":"closed","ping_status":"closed","template":"elementor_header_footer","meta":{"site-sidebar-layout":"default","site-content-layout":"","ast-site-content-layout":"default","site-content-style":"default","site-sidebar-style":"default","ast-global-header-display":"","ast-banner-title-visibility":"","ast-main-header-display":"","ast-hfb-above-header-display":"","ast-hfb-below-header-display":"","ast-hfb-mobile-header-display":"","site-post-title":"","ast-breadcrumbs-content":"","ast-featured-img":"","footer-sml-layout":"","ast-disable-related-posts":"","theme-transparent-header-meta":"","adv-header-id-meta":"","stick-header-meta":"","header-above-stick-meta":"","header-main-stick-meta":"","header-below-stick-meta":"","astra-migrate-meta-layouts":"set","ast-page-background-enabled":"default","ast-page-background-meta":{"desktop":{"background-color":"","background-image":"","background-repeat":"repeat","background-position":"center center","background-size":"auto","background-attachment":"scroll","background-type":"","background-media":"","overlay-type":"","overlay-color":"","overlay-opacity":"","overlay-gradient":""},"tablet":{"background-color":"","background-image":"","background-repeat":"repeat","background-position":"center center","background-size":"auto","background-attachment":"scroll","background-type":"","background-media":"","overlay-type":"","overlay-color":"","overlay-opacity":"","overlay-gradient":""},"mobile":{"background-color":"","background-image":"","background-repeat":"repeat","background-position":"center center","background-size":"auto","background-attachment":"scroll","background-type":"","background-media":"","overlay-type":"","overlay-color":"","overlay-opacity":"","overlay-gradient":""}},"ast-content-background-meta":{"desktop":{"background-color":"var(--ast-global-color-5)","background-image":"","background-repeat":"repeat","background-position":"center center","background-size":"auto","background-attachment":"scroll","background-type":"","background-media":"","overlay-type":"","overlay-color":"","overlay-opacity":"","overlay-gradient":""},"tablet":{"background-color":"var(--ast-global-color-5)","background-image":"","background-repeat":"repeat","background-position":"center center","background-size":"auto","background-attachment":"scroll","background-type":"","background-media":"","overlay-type":"","overlay-color":"","overlay-opacity":"","overlay-gradient":""},"mobile":{"background-color":"var(--ast-global-color-5)","background-image":"","background-repeat":"repeat","background-position":"center center","background-size":"auto","background-attachment":"scroll","background-type":"","background-media":"","overlay-type":"","overlay-color":"","overlay-opacity":"","overlay-gradient":""}},"footnotes":""},"class_list":["post-802","page","type-page","status-publish","hentry"],"_links":{"self":[{"href":"https:\/\/projetoimpar.eu\/en\/wp-json\/wp\/v2\/pages\/802","targetHints":{"allow":["GET"]}}],"collection":[{"href":"https:\/\/projetoimpar.eu\/en\/wp-json\/wp\/v2\/pages"}],"about":[{"href":"https:\/\/projetoimpar.eu\/en\/wp-json\/wp\/v2\/types\/page"}],"author":[{"embeddable":true,"href":"https:\/\/projetoimpar.eu\/en\/wp-json\/wp\/v2\/users\/8"}],"replies":[{"embeddable":true,"href":"https:\/\/projetoimpar.eu\/en\/wp-json\/wp\/v2\/comments?post=802"}],"version-history":[{"count":975,"href":"https:\/\/projetoimpar.eu\/en\/wp-json\/wp\/v2\/pages\/802\/revisions"}],"predecessor-version":[{"id":5364,"href":"https:\/\/projetoimpar.eu\/en\/wp-json\/wp\/v2\/pages\/802\/revisions\/5364"}],"wp:attachment":[{"href":"https:\/\/projetoimpar.eu\/en\/wp-json\/wp\/v2\/media?parent=802"}],"curies":[{"name":"wp","href":"https:\/\/api.w.org\/{rel}","templated":true}]}}